{"id":1851,"date":"2023-11-27T18:21:32","date_gmt":"2023-11-27T17:21:32","guid":{"rendered":"http:\/\/imzxhvp.cluster028.hosting.ovh.net\/?page_id=1851"},"modified":"2025-01-03T18:43:28","modified_gmt":"2025-01-03T17:43:28","slug":"lactualite","status":"publish","type":"page","link":"https:\/\/emfv-claix.fr\/index.php\/lactualite\/","title":{"rendered":"L&rsquo;Actualit\u00e9 du moment"},"content":{"rendered":"<style>.wp-block-kadence-advancedheading.kt-adv-heading1851_1699cc-ce, .wp-block-kadence-advancedheading.kt-adv-heading1851_1699cc-ce[data-kb-block=\"kb-adv-heading1851_1699cc-ce\"]{font-style:normal;}.wp-block-kadence-advancedheading.kt-adv-heading1851_1699cc-ce mark.kt-highlight, .wp-block-kadence-advancedheading.kt-adv-heading1851_1699cc-ce[data-kb-block=\"kb-adv-heading1851_1699cc-ce\"] mark.kt-highlight{font-style:normal;color:#f76a0c;-webkit-box-decoration-break:clone;box-decoration-break:clone;padding-top:0px;padding-right:0px;padding-bottom:0px;padding-left:0px;}<\/style>\n<h6 class=\"kt-adv-heading1851_1699cc-ce wp-block-kadence-advancedheading\" data-kb-block=\"kb-adv-heading1851_1699cc-ce\">Articles sur la vie de l&rsquo;\u00e9cole<\/h6>\n\n\n<style>.kb-posts-id-1851_fd406f-a2 .loop-entry{background:transparent;box-shadow:none;}.kb-posts-id-1851_fd406f-a2 .loop-entry > .entry-content-wrap{padding:0px;}.kb-posts-id-1851_fd406f-a2 .loop-entry .post-thumbnail{margin-bottom:1em;}.kb-posts-id-1851_fd406f-a2 .kb-post-list-item{display:grid;}<\/style><ul class=\"wp-block-kadence-posts kb-posts kadence-posts-list kb-posts-id-1851_fd406f-a2 content-wrap grid-cols kb-posts-style-unboxed grid-sm-col-2 grid-lg-col-3 item-image-style-above\"><li class=\"kb-post-list-item\">\n\t<article class=\"entry content-bg loop-entry post-3356 post type-post status-publish format-standard has-post-thumbnail hentry category-actualites\">\n\t\t\t\t<a aria-hidden=\"true\" tabindex=\"-1\" role=\"presentation\" class=\"post-thumbnail kadence-thumbnail-ratio-9-16\" href=\"https:\/\/emfv-claix.fr\/index.php\/2026\/04\/09\/vente-de-brioches-pour-le-concours-dharmonies\/\" aria-label=\"Vente de brioches au profit de l&rsquo;Harmonie de Claix\">\n\t\t\t<div class=\"post-thumbnail-inner\">\n\t\t\t\t<img loading=\"lazy\" decoding=\"async\" width=\"604\" height=\"340\" src=\"https:\/\/emfv-claix.fr\/wp-content\/uploads\/2026\/04\/Image5.jpg\" class=\"attachment-medium_large size-medium_large wp-post-image\" alt=\"Vente de brioches au profit de l&rsquo;Harmonie de Claix\" srcset=\"https:\/\/emfv-claix.fr\/wp-content\/uploads\/2026\/04\/Image5.jpg 604w, https:\/\/emfv-claix.fr\/wp-content\/uploads\/2026\/04\/Image5-300x169.jpg 300w\" sizes=\"auto, (max-width: 604px) 100vw, 604px\" \/>\t\t\t<\/div>\n\t\t<\/a><!-- .post-thumbnail -->\n\t\t\t\t<div class=\"entry-content-wrap\">\n\t\t\t<header class=\"entry-header\">\n\t\t<div class=\"entry-taxonomies\">\n\t\t<span class=\"category-links term-links category-style-normal\">\n\t\t\t<a href=\"https:\/\/emfv-claix.fr\/index.php\/category\/actualites\/\" class=\"category-link-actualites\" rel=\"tag\">Actualit\u00e9s<\/a>\t\t<\/span>\n\t<\/div><!-- .entry-taxonomies -->\n\t<h2 class=\"entry-title\"><a href=\"https:\/\/emfv-claix.fr\/index.php\/2026\/04\/09\/vente-de-brioches-pour-le-concours-dharmonies\/\" rel=\"bookmark\">Vente de brioches au profit de l&rsquo;Harmonie de Claix<\/a><\/h2>\t<div class=\"entry-meta entry-meta-divider-dot\">\n\t\t\t\t<span class=\"posted-on\">\n\t\t\t\t<time class=\"entry-date published\" datetime=\"2026-04-09T14:43:46+02:00\">9 avril 2026<\/time><time class=\"updated\" datetime=\"2026-04-19T10:32:29+02:00\">19 avril 2026<\/time>\t\t\t<\/span>\n\t\t\t\t<\/div><!-- .entry-meta -->\n\t<\/header><!-- .entry-header -->\n\t<div class=\"entry-summary\">\n\t\t<p>Afin de financer notre d\u00e9placement au concours d\u2019harmonies qui se d\u00e9roulera \u00e0 M\u00e2con les 9 et 10 mai prochains, les musiciens de l\u2019Harmonie de Claix se mobilisent ! Ce projet est une belle aventure musicale et humaine, qui permettra \u00e0 notre ensemble de repr\u00e9senter fi\u00e8rement notre commune lors de cet \u00e9v\u00e9nement important. Mais un tel&#8230;<\/p>\n\t<\/div><!-- .entry-summary -->\n\t<footer class=\"entry-footer\">\n\t\t\t<div class=\"entry-actions\">\n\t\t\t<p class=\"more-link-wrap\">\n\t\t\t\t<a href=\"https:\/\/emfv-claix.fr\/index.php\/2026\/04\/09\/vente-de-brioches-pour-le-concours-dharmonies\/\" class=\"post-more-link\">\n\t\t\t\t\t(&#8230;)<span class=\"screen-reader-text\"> Vente de brioches au profit de l&rsquo;Harmonie de Claix<\/span><span class=\"kadence-svg-iconset svg-baseline\"><svg aria-hidden=\"true\" class=\"kadence-svg-icon kadence-arrow-right-alt-svg\" fill=\"currentColor\" version=\"1.1\" xmlns=\"http:\/\/www.w3.org\/2000\/svg\" width=\"27\" height=\"28\" viewBox=\"0 0 27 28\"><title>Continuer<\/title><path d=\"M27 13.953c0 0.141-0.063 0.281-0.156 0.375l-6 5.531c-0.156 0.141-0.359 0.172-0.547 0.094-0.172-0.078-0.297-0.25-0.297-0.453v-3.5h-19.5c-0.281 0-0.5-0.219-0.5-0.5v-3c0-0.281 0.219-0.5 0.5-0.5h19.5v-3.5c0-0.203 0.109-0.375 0.297-0.453s0.391-0.047 0.547 0.078l6 5.469c0.094 0.094 0.156 0.219 0.156 0.359v0z\"><\/path>\n\t\t\t<\/svg><\/span>\t\t\t\t<\/a>\n\t\t\t<\/p>\n\t\t<\/div><!-- .entry-actions -->\n\t\t<\/footer><!-- .entry-footer -->\t\t<\/div>\n\t<\/article>\n<\/li>\n<li class=\"kb-post-list-item\">\n\t<article class=\"entry content-bg loop-entry post-3342 post type-post status-publish format-standard has-post-thumbnail hentry category-actualites\">\n\t\t\t\t<a aria-hidden=\"true\" tabindex=\"-1\" role=\"presentation\" class=\"post-thumbnail kadence-thumbnail-ratio-9-16\" href=\"https:\/\/emfv-claix.fr\/index.php\/2026\/03\/09\/lorchestre-dharmonie-se-prepare-serieusement-pour-le-concours-national-a-macon\/\" aria-label=\"L&rsquo;Orchestre d&rsquo;Harmonie se pr\u00e9pare s\u00e9rieusement pour le concours national \u00e0 M\u00e2con !\">\n\t\t\t<div class=\"post-thumbnail-inner\">\n\t\t\t\t<img loading=\"lazy\" decoding=\"async\" width=\"768\" height=\"768\" src=\"https:\/\/emfv-claix.fr\/wp-content\/uploads\/2026\/02\/logomvasdo-768x768.jpg\" class=\"attachment-medium_large size-medium_large wp-post-image\" alt=\"L&rsquo;Orchestre d&rsquo;Harmonie se pr\u00e9pare s\u00e9rieusement pour le concours national \u00e0 M\u00e2con !\" srcset=\"https:\/\/emfv-claix.fr\/wp-content\/uploads\/2026\/02\/logomvasdo-768x768.jpg 768w, https:\/\/emfv-claix.fr\/wp-content\/uploads\/2026\/02\/logomvasdo-300x300.jpg 300w, https:\/\/emfv-claix.fr\/wp-content\/uploads\/2026\/02\/logomvasdo-1024x1024.jpg 1024w, https:\/\/emfv-claix.fr\/wp-content\/uploads\/2026\/02\/logomvasdo-150x150.jpg 150w, https:\/\/emfv-claix.fr\/wp-content\/uploads\/2026\/02\/logomvasdo-1536x1536.jpg 1536w, https:\/\/emfv-claix.fr\/wp-content\/uploads\/2026\/02\/logomvasdo.jpg 2048w\" sizes=\"auto, (max-width: 768px) 100vw, 768px\" \/>\t\t\t<\/div>\n\t\t<\/a><!-- .post-thumbnail -->\n\t\t\t\t<div class=\"entry-content-wrap\">\n\t\t\t<header class=\"entry-header\">\n\t\t<div class=\"entry-taxonomies\">\n\t\t<span class=\"category-links term-links category-style-normal\">\n\t\t\t<a href=\"https:\/\/emfv-claix.fr\/index.php\/category\/actualites\/\" class=\"category-link-actualites\" rel=\"tag\">Actualit\u00e9s<\/a>\t\t<\/span>\n\t<\/div><!-- .entry-taxonomies -->\n\t<h2 class=\"entry-title\"><a href=\"https:\/\/emfv-claix.fr\/index.php\/2026\/03\/09\/lorchestre-dharmonie-se-prepare-serieusement-pour-le-concours-national-a-macon\/\" rel=\"bookmark\">L&rsquo;Orchestre d&rsquo;Harmonie se pr\u00e9pare s\u00e9rieusement pour le concours national \u00e0 M\u00e2con !<\/a><\/h2>\t<div class=\"entry-meta entry-meta-divider-dot\">\n\t\t\t\t<span class=\"posted-on\">\n\t\t\t\t<time class=\"entry-date published\" datetime=\"2026-03-09T13:39:17+01:00\">9 mars 2026<\/time><time class=\"updated\" datetime=\"2026-04-01T19:14:14+02:00\">1 avril 2026<\/time>\t\t\t<\/span>\n\t\t\t\t<\/div><!-- .entry-meta -->\n\t<\/header><!-- .entry-header -->\n\t<div class=\"entry-summary\">\n\t\t<p>Ce week-end du 6 au 8 mars 2026, tout le monde s&rsquo;est retrouv\u00e9 pour travailler le programme qui sera d\u00e9fendu devant un jury les 9 Ce week-end du 6 au 8 mars 2026, tout le monde s&rsquo;est retrouv\u00e9 pour travailler le programme qui sera d\u00e9fendu devant un jury les 9 et 10 mai 2026. \u00a0&#8230;<\/p>\n\t<\/div><!-- .entry-summary -->\n\t<footer class=\"entry-footer\">\n\t\t\t<div class=\"entry-actions\">\n\t\t\t<p class=\"more-link-wrap\">\n\t\t\t\t<a href=\"https:\/\/emfv-claix.fr\/index.php\/2026\/03\/09\/lorchestre-dharmonie-se-prepare-serieusement-pour-le-concours-national-a-macon\/\" class=\"post-more-link\">\n\t\t\t\t\t(&#8230;)<span class=\"screen-reader-text\"> L&rsquo;Orchestre d&rsquo;Harmonie se pr\u00e9pare s\u00e9rieusement pour le concours national \u00e0 M\u00e2con !<\/span><span class=\"kadence-svg-iconset svg-baseline\"><svg aria-hidden=\"true\" class=\"kadence-svg-icon kadence-arrow-right-alt-svg\" fill=\"currentColor\" version=\"1.1\" xmlns=\"http:\/\/www.w3.org\/2000\/svg\" width=\"27\" height=\"28\" viewBox=\"0 0 27 28\"><title>Continuer<\/title><path d=\"M27 13.953c0 0.141-0.063 0.281-0.156 0.375l-6 5.531c-0.156 0.141-0.359 0.172-0.547 0.094-0.172-0.078-0.297-0.25-0.297-0.453v-3.5h-19.5c-0.281 0-0.5-0.219-0.5-0.5v-3c0-0.281 0.219-0.5 0.5-0.5h19.5v-3.5c0-0.203 0.109-0.375 0.297-0.453s0.391-0.047 0.547 0.078l6 5.469c0.094 0.094 0.156 0.219 0.156 0.359v0z\"><\/path>\n\t\t\t<\/svg><\/span>\t\t\t\t<\/a>\n\t\t\t<\/p>\n\t\t<\/div><!-- .entry-actions -->\n\t\t<\/footer><!-- .entry-footer -->\t\t<\/div>\n\t<\/article>\n<\/li>\n<li class=\"kb-post-list-item\">\n\t<article class=\"entry content-bg loop-entry post-3327 post type-post status-publish format-standard has-post-thumbnail hentry category-actualites\">\n\t\t\t\t<a aria-hidden=\"true\" tabindex=\"-1\" role=\"presentation\" class=\"post-thumbnail kadence-thumbnail-ratio-9-16\" href=\"https:\/\/emfv-claix.fr\/index.php\/2026\/03\/05\/le-festival-belles-musiques-revient-pour-une-5eme-edition-au-declic-a-claix\/\" aria-label=\"Le FESTIVAL BELLES MUSIQUES revient pour une 5\u00e8me \u00e9dition au D\u00e9clic \u00e0 Claix\">\n\t\t\t<div class=\"post-thumbnail-inner\">\n\t\t\t\t<img loading=\"lazy\" decoding=\"async\" width=\"768\" height=\"1088\" src=\"https:\/\/emfv-claix.fr\/wp-content\/uploads\/2026\/03\/Affiche-Programme-768x1088.jpg\" class=\"attachment-medium_large size-medium_large wp-post-image\" alt=\"Le FESTIVAL BELLES MUSIQUES revient pour une 5\u00e8me \u00e9dition au D\u00e9clic \u00e0 Claix\" srcset=\"https:\/\/emfv-claix.fr\/wp-content\/uploads\/2026\/03\/Affiche-Programme-768x1088.jpg 768w, https:\/\/emfv-claix.fr\/wp-content\/uploads\/2026\/03\/Affiche-Programme-212x300.jpg 212w, https:\/\/emfv-claix.fr\/wp-content\/uploads\/2026\/03\/Affiche-Programme-723x1024.jpg 723w, https:\/\/emfv-claix.fr\/wp-content\/uploads\/2026\/03\/Affiche-Programme.jpg 834w\" sizes=\"auto, (max-width: 768px) 100vw, 768px\" \/>\t\t\t<\/div>\n\t\t<\/a><!-- .post-thumbnail -->\n\t\t\t\t<div class=\"entry-content-wrap\">\n\t\t\t<header class=\"entry-header\">\n\t\t<div class=\"entry-taxonomies\">\n\t\t<span class=\"category-links term-links category-style-normal\">\n\t\t\t<a href=\"https:\/\/emfv-claix.fr\/index.php\/category\/actualites\/\" class=\"category-link-actualites\" rel=\"tag\">Actualit\u00e9s<\/a>\t\t<\/span>\n\t<\/div><!-- .entry-taxonomies -->\n\t<h2 class=\"entry-title\"><a href=\"https:\/\/emfv-claix.fr\/index.php\/2026\/03\/05\/le-festival-belles-musiques-revient-pour-une-5eme-edition-au-declic-a-claix\/\" rel=\"bookmark\">Le FESTIVAL BELLES MUSIQUES revient pour une 5\u00e8me \u00e9dition au D\u00e9clic \u00e0 Claix<\/a><\/h2>\t<div class=\"entry-meta entry-meta-divider-dot\">\n\t\t\t\t<span class=\"posted-on\">\n\t\t\t\t<time class=\"entry-date published\" datetime=\"2026-03-05T19:24:48+01:00\">5 mars 2026<\/time><time class=\"updated\" datetime=\"2026-03-05T19:28:16+01:00\">5 mars 2026<\/time>\t\t\t<\/span>\n\t\t\t\t<\/div><!-- .entry-meta -->\n\t<\/header><!-- .entry-header -->\n\t<div class=\"entry-summary\">\n\t\t<p>Du 23 au 26 avril, au programme : de la musique, de la beaut\u00e9, de la po\u00e9sie et des \u00e9motions \u00e0 savourer et \u00e0 partager \u00a0 Jeudi 23 avril \u00e0 20h : Concert symphonique d\u2019ouverture avec l\u2019orchestre du Festival dirig\u00e9 par Jean-Pascal HAMELIN, le clarinettiste Patrick MESSINA et le pianiste Jean-Baptiste FONLUPT R\u00e9pertoire : Chopin,&#8230;<\/p>\n\t<\/div><!-- .entry-summary -->\n\t<footer class=\"entry-footer\">\n\t\t\t<div class=\"entry-actions\">\n\t\t\t<p class=\"more-link-wrap\">\n\t\t\t\t<a href=\"https:\/\/emfv-claix.fr\/index.php\/2026\/03\/05\/le-festival-belles-musiques-revient-pour-une-5eme-edition-au-declic-a-claix\/\" class=\"post-more-link\">\n\t\t\t\t\t(&#8230;)<span class=\"screen-reader-text\"> Le FESTIVAL BELLES MUSIQUES revient pour une 5\u00e8me \u00e9dition au D\u00e9clic \u00e0 Claix<\/span><span class=\"kadence-svg-iconset svg-baseline\"><svg aria-hidden=\"true\" class=\"kadence-svg-icon kadence-arrow-right-alt-svg\" fill=\"currentColor\" version=\"1.1\" xmlns=\"http:\/\/www.w3.org\/2000\/svg\" width=\"27\" height=\"28\" viewBox=\"0 0 27 28\"><title>Continuer<\/title><path d=\"M27 13.953c0 0.141-0.063 0.281-0.156 0.375l-6 5.531c-0.156 0.141-0.359 0.172-0.547 0.094-0.172-0.078-0.297-0.25-0.297-0.453v-3.5h-19.5c-0.281 0-0.5-0.219-0.5-0.5v-3c0-0.281 0.219-0.5 0.5-0.5h19.5v-3.5c0-0.203 0.109-0.375 0.297-0.453s0.391-0.047 0.547 0.078l6 5.469c0.094 0.094 0.156 0.219 0.156 0.359v0z\"><\/path>\n\t\t\t<\/svg><\/span>\t\t\t\t<\/a>\n\t\t\t<\/p>\n\t\t<\/div><!-- .entry-actions -->\n\t\t<\/footer><!-- .entry-footer -->\t\t<\/div>\n\t<\/article>\n<\/li>\n<li class=\"kb-post-list-item\">\n\t<article class=\"entry content-bg loop-entry post-3322 post type-post status-publish format-standard has-post-thumbnail hentry category-actualites\">\n\t\t\t\t<a aria-hidden=\"true\" tabindex=\"-1\" role=\"presentation\" class=\"post-thumbnail kadence-thumbnail-ratio-9-16\" href=\"https:\/\/emfv-claix.fr\/index.php\/2026\/02\/15\/lharmonie-a-macon-les-9-et-10-mai-2026\/\" aria-label=\"L&rsquo;Harmonie \u00e0 M\u00e2con les 9 et 10 mai 2026!\">\n\t\t\t<div class=\"post-thumbnail-inner\">\n\t\t\t\t<img loading=\"lazy\" decoding=\"async\" width=\"768\" height=\"768\" src=\"https:\/\/emfv-claix.fr\/wp-content\/uploads\/2026\/02\/logomvasdo-768x768.jpg\" class=\"attachment-medium_large size-medium_large wp-post-image\" alt=\"L&rsquo;Harmonie \u00e0 M\u00e2con les 9 et 10 mai 2026!\" srcset=\"https:\/\/emfv-claix.fr\/wp-content\/uploads\/2026\/02\/logomvasdo-768x768.jpg 768w, https:\/\/emfv-claix.fr\/wp-content\/uploads\/2026\/02\/logomvasdo-300x300.jpg 300w, https:\/\/emfv-claix.fr\/wp-content\/uploads\/2026\/02\/logomvasdo-1024x1024.jpg 1024w, https:\/\/emfv-claix.fr\/wp-content\/uploads\/2026\/02\/logomvasdo-150x150.jpg 150w, https:\/\/emfv-claix.fr\/wp-content\/uploads\/2026\/02\/logomvasdo-1536x1536.jpg 1536w, https:\/\/emfv-claix.fr\/wp-content\/uploads\/2026\/02\/logomvasdo.jpg 2048w\" sizes=\"auto, (max-width: 768px) 100vw, 768px\" \/>\t\t\t<\/div>\n\t\t<\/a><!-- .post-thumbnail -->\n\t\t\t\t<div class=\"entry-content-wrap\">\n\t\t\t<header class=\"entry-header\">\n\t\t<div class=\"entry-taxonomies\">\n\t\t<span class=\"category-links term-links category-style-normal\">\n\t\t\t<a href=\"https:\/\/emfv-claix.fr\/index.php\/category\/actualites\/\" class=\"category-link-actualites\" rel=\"tag\">Actualit\u00e9s<\/a>\t\t<\/span>\n\t<\/div><!-- .entry-taxonomies -->\n\t<h2 class=\"entry-title\"><a href=\"https:\/\/emfv-claix.fr\/index.php\/2026\/02\/15\/lharmonie-a-macon-les-9-et-10-mai-2026\/\" rel=\"bookmark\">L&rsquo;Harmonie \u00e0 M\u00e2con les 9 et 10 mai 2026!<\/a><\/h2>\t<div class=\"entry-meta entry-meta-divider-dot\">\n\t\t\t\t<span class=\"posted-on\">\n\t\t\t\t<time class=\"entry-date published\" datetime=\"2026-02-15T15:46:03+01:00\">15 f\u00e9vrier 2026<\/time><time class=\"updated\" datetime=\"2026-02-15T15:46:40+01:00\">15 f\u00e9vrier 2026<\/time>\t\t\t<\/span>\n\t\t\t\t<\/div><!-- .entry-meta -->\n\t<\/header><!-- .entry-header -->\n\t<div class=\"entry-summary\">\n\t\t<p>L&rsquo;Orchestre d&rsquo;Harmonie de l&rsquo;EMFV va participer au concours national d&rsquo;harmonies de M\u00e2con les 9 et 10 mai 2026 ! Ce nouveau projet 2026 mobilise tout l&rsquo;orchestre pour se pr\u00e9parer \u00e0 cet \u00e9v\u00e9nement, organiser la logistique, r\u00e9p\u00e9ter notre programme libre et les morceaux impos\u00e9s du concours, avec l&rsquo;objectif de briller et repr\u00e9senter fi\u00e8rement notre \u00e9cole et&#8230;<\/p>\n\t<\/div><!-- .entry-summary -->\n\t<footer class=\"entry-footer\">\n\t\t\t<div class=\"entry-actions\">\n\t\t\t<p class=\"more-link-wrap\">\n\t\t\t\t<a href=\"https:\/\/emfv-claix.fr\/index.php\/2026\/02\/15\/lharmonie-a-macon-les-9-et-10-mai-2026\/\" class=\"post-more-link\">\n\t\t\t\t\t(&#8230;)<span class=\"screen-reader-text\"> L&rsquo;Harmonie \u00e0 M\u00e2con les 9 et 10 mai 2026!<\/span><span class=\"kadence-svg-iconset svg-baseline\"><svg aria-hidden=\"true\" class=\"kadence-svg-icon kadence-arrow-right-alt-svg\" fill=\"currentColor\" version=\"1.1\" xmlns=\"http:\/\/www.w3.org\/2000\/svg\" width=\"27\" height=\"28\" viewBox=\"0 0 27 28\"><title>Continuer<\/title><path d=\"M27 13.953c0 0.141-0.063 0.281-0.156 0.375l-6 5.531c-0.156 0.141-0.359 0.172-0.547 0.094-0.172-0.078-0.297-0.25-0.297-0.453v-3.5h-19.5c-0.281 0-0.5-0.219-0.5-0.5v-3c0-0.281 0.219-0.5 0.5-0.5h19.5v-3.5c0-0.203 0.109-0.375 0.297-0.453s0.391-0.047 0.547 0.078l6 5.469c0.094 0.094 0.156 0.219 0.156 0.359v0z\"><\/path>\n\t\t\t<\/svg><\/span>\t\t\t\t<\/a>\n\t\t\t<\/p>\n\t\t<\/div><!-- .entry-actions -->\n\t\t<\/footer><!-- .entry-footer -->\t\t<\/div>\n\t<\/article>\n<\/li>\n<li class=\"kb-post-list-item\">\n\t<article class=\"entry content-bg loop-entry post-3318 post type-post status-publish format-standard has-post-thumbnail hentry category-actualites\">\n\t\t\t\t<a aria-hidden=\"true\" tabindex=\"-1\" role=\"presentation\" class=\"post-thumbnail kadence-thumbnail-ratio-9-16\" href=\"https:\/\/emfv-claix.fr\/index.php\/2026\/01\/27\/3318\/\" aria-label=\"\">\n\t\t\t<div class=\"post-thumbnail-inner\">\n\t\t\t\t<img loading=\"lazy\" decoding=\"async\" width=\"768\" height=\"1086\" src=\"https:\/\/emfv-claix.fr\/wp-content\/uploads\/2026\/01\/Les-indiens-sont-a-louest-Prisme-numerique-768x1086.jpg\" class=\"attachment-medium_large size-medium_large wp-post-image\" alt=\"\" srcset=\"https:\/\/emfv-claix.fr\/wp-content\/uploads\/2026\/01\/Les-indiens-sont-a-louest-Prisme-numerique-768x1086.jpg 768w, https:\/\/emfv-claix.fr\/wp-content\/uploads\/2026\/01\/Les-indiens-sont-a-louest-Prisme-numerique-212x300.jpg 212w, https:\/\/emfv-claix.fr\/wp-content\/uploads\/2026\/01\/Les-indiens-sont-a-louest-Prisme-numerique-724x1024.jpg 724w, https:\/\/emfv-claix.fr\/wp-content\/uploads\/2026\/01\/Les-indiens-sont-a-louest-Prisme-numerique-1086x1536.jpg 1086w, https:\/\/emfv-claix.fr\/wp-content\/uploads\/2026\/01\/Les-indiens-sont-a-louest-Prisme-numerique-1448x2048.jpg 1448w, https:\/\/emfv-claix.fr\/wp-content\/uploads\/2026\/01\/Les-indiens-sont-a-louest-Prisme-numerique-scaled.jpg 1810w\" sizes=\"auto, (max-width: 768px) 100vw, 768px\" \/>\t\t\t<\/div>\n\t\t<\/a><!-- .post-thumbnail -->\n\t\t\t\t<div class=\"entry-content-wrap\">\n\t\t\t<header class=\"entry-header\">\n\t\t<div class=\"entry-taxonomies\">\n\t\t<span class=\"category-links term-links category-style-normal\">\n\t\t\t<a href=\"https:\/\/emfv-claix.fr\/index.php\/category\/actualites\/\" class=\"category-link-actualites\" rel=\"tag\">Actualit\u00e9s<\/a>\t\t<\/span>\n\t<\/div><!-- .entry-taxonomies -->\n\t\t<div class=\"entry-meta entry-meta-divider-dot\">\n\t\t\t\t<span class=\"posted-on\">\n\t\t\t\t<time class=\"entry-date published updated\" datetime=\"2026-01-27T18:56:54+01:00\">27 janvier 2026<\/time>\t\t\t<\/span>\n\t\t\t\t<\/div><!-- .entry-meta -->\n\t<\/header><!-- .entry-header -->\n\t<div class=\"entry-summary\">\n\t\t<p>Notre prochain concert s\u2019annonce&nbsp;! Le mardi 3 f\u00e9vrier \u00e0 19h au Prisme, le Claix Chamber Orchestra partagera la sc\u00e8ne du Prisme de Seyssins avec la Chorale du Coll\u00e8ge Marc Sangnier et les \u00e9l\u00e8ves de l&rsquo;\u00e9cole Condorcet de Seyssins. Au programme&nbsp;: \u00ab&nbsp;Les Indiens sont \u00e0 l\u2019Ouest&nbsp;\u00bb, conte musical compos\u00e9 par la chanteuse Juliette. Les jeunes choristes&#8230;<\/p>\n\t<\/div><!-- .entry-summary -->\n\t<footer class=\"entry-footer\">\n\t\t\t<div class=\"entry-actions\">\n\t\t\t<p class=\"more-link-wrap\">\n\t\t\t\t<a href=\"https:\/\/emfv-claix.fr\/index.php\/2026\/01\/27\/3318\/\" class=\"post-more-link\">\n\t\t\t\t\t(&#8230;)<span class=\"screen-reader-text\"> <\/span><span class=\"kadence-svg-iconset svg-baseline\"><svg aria-hidden=\"true\" class=\"kadence-svg-icon kadence-arrow-right-alt-svg\" fill=\"currentColor\" version=\"1.1\" xmlns=\"http:\/\/www.w3.org\/2000\/svg\" width=\"27\" height=\"28\" viewBox=\"0 0 27 28\"><title>Continuer<\/title><path d=\"M27 13.953c0 0.141-0.063 0.281-0.156 0.375l-6 5.531c-0.156 0.141-0.359 0.172-0.547 0.094-0.172-0.078-0.297-0.25-0.297-0.453v-3.5h-19.5c-0.281 0-0.5-0.219-0.5-0.5v-3c0-0.281 0.219-0.5 0.5-0.5h19.5v-3.5c0-0.203 0.109-0.375 0.297-0.453s0.391-0.047 0.547 0.078l6 5.469c0.094 0.094 0.156 0.219 0.156 0.359v0z\"><\/path>\n\t\t\t<\/svg><\/span>\t\t\t\t<\/a>\n\t\t\t<\/p>\n\t\t<\/div><!-- .entry-actions -->\n\t\t<\/footer><!-- .entry-footer -->\t\t<\/div>\n\t<\/article>\n<\/li>\n<li class=\"kb-post-list-item\">\n\t<article class=\"entry content-bg loop-entry post-3312 post type-post status-publish format-standard has-post-thumbnail hentry category-actualites\">\n\t\t\t\t<a aria-hidden=\"true\" tabindex=\"-1\" role=\"presentation\" class=\"post-thumbnail kadence-thumbnail-ratio-9-16\" href=\"https:\/\/emfv-claix.fr\/index.php\/2026\/01\/13\/bonne-annee-2026-et-bonne-rentree-musicale\/\" aria-label=\"Bonne Ann\u00e9e 2026 et bonne rentr\u00e9e musicale !\">\n\t\t\t<div class=\"post-thumbnail-inner\">\n\t\t\t\t<img loading=\"lazy\" decoding=\"async\" width=\"768\" height=\"409\" src=\"https:\/\/emfv-claix.fr\/wp-content\/uploads\/2024\/02\/vacances-paques-768x409.jpg\" class=\"attachment-medium_large size-medium_large wp-post-image\" alt=\"Bonne Ann\u00e9e 2026 et bonne rentr\u00e9e musicale !\" srcset=\"https:\/\/emfv-claix.fr\/wp-content\/uploads\/2024\/02\/vacances-paques-768x409.jpg 768w, https:\/\/emfv-claix.fr\/wp-content\/uploads\/2024\/02\/vacances-paques-300x160.jpg 300w, https:\/\/emfv-claix.fr\/wp-content\/uploads\/2024\/02\/vacances-paques.jpg 810w\" sizes=\"auto, (max-width: 768px) 100vw, 768px\" \/>\t\t\t<\/div>\n\t\t<\/a><!-- .post-thumbnail -->\n\t\t\t\t<div class=\"entry-content-wrap\">\n\t\t\t<header class=\"entry-header\">\n\t\t<div class=\"entry-taxonomies\">\n\t\t<span class=\"category-links term-links category-style-normal\">\n\t\t\t<a href=\"https:\/\/emfv-claix.fr\/index.php\/category\/actualites\/\" class=\"category-link-actualites\" rel=\"tag\">Actualit\u00e9s<\/a>\t\t<\/span>\n\t<\/div><!-- .entry-taxonomies -->\n\t<h2 class=\"entry-title\"><a href=\"https:\/\/emfv-claix.fr\/index.php\/2026\/01\/13\/bonne-annee-2026-et-bonne-rentree-musicale\/\" rel=\"bookmark\">Bonne Ann\u00e9e 2026 et bonne rentr\u00e9e musicale !<\/a><\/h2>\t<div class=\"entry-meta entry-meta-divider-dot\">\n\t\t\t\t<span class=\"posted-on\">\n\t\t\t\t<time class=\"entry-date published updated\" datetime=\"2026-01-13T18:52:21+01:00\">13 janvier 2026<\/time>\t\t\t<\/span>\n\t\t\t\t<\/div><!-- .entry-meta -->\n\t<\/header><!-- .entry-header -->\n\t<div class=\"entry-summary\">\n\t\t<p>Bonne Ann\u00e9e et Meilleurs Voeux \u00e0 tous pour cette nouvelle ann\u00e9e 2026 qui d\u00e9marre ! Et rien de mieux que de commencer en musique ! Et \u00e7a tombe bien : &#8211; le Seyssymphonique et le Belledone Trad Orchestra vous donnent rendez-vous le dimanche 18 janvier \u00e0 16h au D\u00e9clic pour un beau moment musical autour&#8230;<\/p>\n\t<\/div><!-- .entry-summary -->\n\t<footer class=\"entry-footer\">\n\t\t\t<div class=\"entry-actions\">\n\t\t\t<p class=\"more-link-wrap\">\n\t\t\t\t<a href=\"https:\/\/emfv-claix.fr\/index.php\/2026\/01\/13\/bonne-annee-2026-et-bonne-rentree-musicale\/\" class=\"post-more-link\">\n\t\t\t\t\t(&#8230;)<span class=\"screen-reader-text\"> Bonne Ann\u00e9e 2026 et bonne rentr\u00e9e musicale !<\/span><span class=\"kadence-svg-iconset svg-baseline\"><svg aria-hidden=\"true\" class=\"kadence-svg-icon kadence-arrow-right-alt-svg\" fill=\"currentColor\" version=\"1.1\" xmlns=\"http:\/\/www.w3.org\/2000\/svg\" width=\"27\" height=\"28\" viewBox=\"0 0 27 28\"><title>Continuer<\/title><path d=\"M27 13.953c0 0.141-0.063 0.281-0.156 0.375l-6 5.531c-0.156 0.141-0.359 0.172-0.547 0.094-0.172-0.078-0.297-0.25-0.297-0.453v-3.5h-19.5c-0.281 0-0.5-0.219-0.5-0.5v-3c0-0.281 0.219-0.5 0.5-0.5h19.5v-3.5c0-0.203 0.109-0.375 0.297-0.453s0.391-0.047 0.547 0.078l6 5.469c0.094 0.094 0.156 0.219 0.156 0.359v0z\"><\/path>\n\t\t\t<\/svg><\/span>\t\t\t\t<\/a>\n\t\t\t<\/p>\n\t\t<\/div><!-- .entry-actions -->\n\t\t<\/footer><!-- .entry-footer -->\t\t<\/div>\n\t<\/article>\n<\/li>\n<\/ul>\n\n<style>.wp-block-kadence-spacer.kt-block-spacer-1851_f6424c-b7 .kt-block-spacer{height:60px;}.wp-block-kadence-spacer.kt-block-spacer-1851_f6424c-b7 .kt-divider{border-top-width:1px;height:1px;border-top-color:#eee;width:80%;border-top-style:solid;}<\/style>\n<div class=\"wp-block-kadence-spacer aligncenter kt-block-spacer-1851_f6424c-b7\"><div class=\"kt-block-spacer kt-block-spacer-halign-center\"><hr class=\"kt-divider\"\/><\/div><\/div>\n\n\n<style>.wp-block-kadence-advancedheading.kt-adv-heading1851_cde821-72, .wp-block-kadence-advancedheading.kt-adv-heading1851_cde821-72[data-kb-block=\"kb-adv-heading1851_cde821-72\"]{font-style:normal;}.wp-block-kadence-advancedheading.kt-adv-heading1851_cde821-72 mark.kt-highlight, .wp-block-kadence-advancedheading.kt-adv-heading1851_cde821-72[data-kb-block=\"kb-adv-heading1851_cde821-72\"] mark.kt-highlight{font-style:normal;color:#f76a0c;-webkit-box-decoration-break:clone;box-decoration-break:clone;padding-top:0px;padding-right:0px;padding-bottom:0px;padding-left:0px;}<\/style>\n<h6 class=\"kt-adv-heading1851_cde821-72 wp-block-kadence-advancedheading\" data-kb-block=\"kb-adv-heading1851_cde821-72\">R\u00e9seaux Sociaux : Suivez nous sur Facebook<\/h6>\n\n\n<style>.kb-row-layout-id1851_929d04-55 > .kt-row-column-wrap{align-content:start;}:where(.kb-row-layout-id1851_929d04-55 > .kt-row-column-wrap) > .wp-block-kadence-column{justify-content:start;}.kb-row-layout-id1851_929d04-55 > .kt-row-column-wrap{column-gap:var(--global-kb-gap-md, 2rem);row-gap:var(--global-kb-gap-md, 2rem);padding-top:var(--global-kb-spacing-sm, 1.5rem);padding-bottom:var(--global-kb-spacing-sm, 1.5rem);grid-template-columns:minmax(0, 1fr);}.kb-row-layout-id1851_929d04-55 > .kt-row-layout-overlay{opacity:0.30;}@media all and (max-width: 1024px){.kb-row-layout-id1851_929d04-55 > .kt-row-column-wrap{grid-template-columns:minmax(0, 1fr);}}@media all and (max-width: 767px){.kb-row-layout-id1851_929d04-55 > .kt-row-column-wrap{grid-template-columns:minmax(0, 1fr);}}<\/style><div class=\"kb-row-layout-wrap kb-row-layout-id1851_929d04-55 alignnone wp-block-kadence-rowlayout\"><div class=\"kt-row-column-wrap kt-has-1-columns kt-row-layout-equal kt-tab-layout-inherit kt-mobile-layout-row kt-row-valign-top\">\n<style>.kadence-column1851_927e76-44 > .kt-inside-inner-col,.kadence-column1851_927e76-44 > .kt-inside-inner-col:before{border-top-left-radius:0px;border-top-right-radius:0px;border-bottom-right-radius:0px;border-bottom-left-radius:0px;}.kadence-column1851_927e76-44 > .kt-inside-inner-col{column-gap:var(--global-kb-gap-sm, 1rem);}.kadence-column1851_927e76-44 > .kt-inside-inner-col{flex-direction:column;}.kadence-column1851_927e76-44 > .kt-inside-inner-col > .aligncenter{width:100%;}.kadence-column1851_927e76-44 > .kt-inside-inner-col:before{opacity:0.3;}.kadence-column1851_927e76-44{position:relative;}@media all and (max-width: 1024px){.kadence-column1851_927e76-44 > .kt-inside-inner-col{flex-direction:column;justify-content:center;}}@media all and (max-width: 767px){.kadence-column1851_927e76-44 > .kt-inside-inner-col{flex-direction:column;justify-content:center;}}<\/style>\n<div class=\"wp-block-kadence-column kadence-column1851_927e76-44\"><div class=\"kt-inside-inner-col\"><style>.kb-row-layout-id1851_80ebca-0d > .kt-row-column-wrap{align-content:start;}:where(.kb-row-layout-id1851_80ebca-0d > .kt-row-column-wrap) > .wp-block-kadence-column{justify-content:start;}.kb-row-layout-id1851_80ebca-0d > .kt-row-column-wrap{column-gap:var(--global-kb-gap-md, 2rem);row-gap:var(--global-kb-gap-md, 2rem);padding-top:var(--global-kb-spacing-sm, 1.5rem);padding-bottom:var(--global-kb-spacing-sm, 1.5rem);grid-template-columns:minmax(0, 1fr);}.kb-row-layout-id1851_80ebca-0d > .kt-row-layout-overlay{opacity:0.30;}@media all and (max-width: 1024px){.kb-row-layout-id1851_80ebca-0d > .kt-row-column-wrap{grid-template-columns:minmax(0, 1fr);}}@media all and (max-width: 767px){.kb-row-layout-id1851_80ebca-0d > .kt-row-column-wrap{grid-template-columns:minmax(0, 1fr);}}<\/style><div class=\"kb-row-layout-wrap kb-row-layout-id1851_80ebca-0d alignnone wp-block-kadence-rowlayout\"><div class=\"kt-row-column-wrap kt-has-1-columns kt-row-layout-equal kt-tab-layout-inherit kt-mobile-layout-row kt-row-valign-top\">\n<style>.kadence-column1851_7ce053-12 > .kt-inside-inner-col,.kadence-column1851_7ce053-12 > .kt-inside-inner-col:before{border-top-left-radius:0px;border-top-right-radius:0px;border-bottom-right-radius:0px;border-bottom-left-radius:0px;}.kadence-column1851_7ce053-12 > .kt-inside-inner-col{column-gap:var(--global-kb-gap-sm, 1rem);}.kadence-column1851_7ce053-12 > .kt-inside-inner-col{flex-direction:column;}.kadence-column1851_7ce053-12 > .kt-inside-inner-col > .aligncenter{width:100%;}.kadence-column1851_7ce053-12 > .kt-inside-inner-col:before{opacity:0.3;}.kadence-column1851_7ce053-12{position:relative;}@media all and (max-width: 1024px){.kadence-column1851_7ce053-12 > .kt-inside-inner-col{flex-direction:column;justify-content:center;}}@media all and (max-width: 767px){.kadence-column1851_7ce053-12 > .kt-inside-inner-col{flex-direction:column;justify-content:center;}}<\/style>\n<div class=\"wp-block-kadence-column kadence-column1851_7ce053-12\"><div class=\"kt-inside-inner-col\"><div class=\"cff-wrapper\">\t<div id=\"cff-visual-header-187623871428432\" class=\"cff-visual-header cff-has-name cff-has-about cff-has-cover\">\n\t\t\t\t\t\t<div class=\"cff-header-hero\">\n\t\t\t<img decoding=\"async\" src=\"https:\/\/scontent-cdg6-1.xx.fbcdn.net\/v\/t39.30808-6\/476278075_2605244606333001_4398100636250156217_n.jpg?_nc_cat=105&#038;ccb=1-7&#038;_nc_sid=351699&#038;_nc_ohc=y3nFs1ApPCYQ7kNvwHhT4iS&#038;_nc_oc=Adq-vR1vDVosFzGxd6KdK0pObL3jfl4Rj-lqUtmdTTJP0RVPRNB4nhIXUkZOB89_l8Y&#038;_nc_zt=23&#038;_nc_ht=scontent-cdg6-1.xx&#038;edm=AJdBtusEAAAA&#038;_nc_gid=u8n5lwXKWjOaI12e2v3k8Q&#038;_nc_tpa=Q5bMBQFxtu_f5vtwqL267J2tw9hEJLY7wNA9jXrqO0ib13eutW-CGUwYNKsel_2InqHNii4fDlqMeQly_A&#038;oh=00_Af1q46t-4UPdYwkk2d5mXPF_j6nWHFN9U375ZXW7xj4aEA&#038;oe=69EF06F4\" alt=\"Couverture pour Espace Musical Fernand Veyret\" data-cover-url=\"https:\/\/scontent-cdg6-1.xx.fbcdn.net\/v\/t39.30808-6\/476278075_2605244606333001_4398100636250156217_n.jpg?_nc_cat=105&#038;ccb=1-7&#038;_nc_sid=351699&#038;_nc_ohc=y3nFs1ApPCYQ7kNvwHhT4iS&#038;_nc_oc=Adq-vR1vDVosFzGxd6KdK0pObL3jfl4Rj-lqUtmdTTJP0RVPRNB4nhIXUkZOB89_l8Y&#038;_nc_zt=23&#038;_nc_ht=scontent-cdg6-1.xx&#038;edm=AJdBtusEAAAA&#038;_nc_gid=u8n5lwXKWjOaI12e2v3k8Q&#038;_nc_tpa=Q5bMBQFxtu_f5vtwqL267J2tw9hEJLY7wNA9jXrqO0ib13eutW-CGUwYNKsel_2InqHNii4fDlqMeQly_A&#038;oh=00_Af1q46t-4UPdYwkk2d5mXPF_j6nWHFN9U375ZXW7xj4aEA&#038;oe=69EF06F4\">\n\t\t\t\t\t\t<div class=\"cff-likes-box\">\n\t\t\t\t<div class=\"cff-square-logo\"><svg aria-hidden=\"true\" focusable=\"false\" data-prefix=\"fab\" data-icon=\"facebook-square\" role=\"img\" xmlns=\"http:\/\/www.w3.org\/2000\/svg\" viewBox=\"0 0 448 512\" class=\"svg-inline--fa fa-facebook-square fa-w-14\"><path fill=\"currentColor\" d=\"M400 32H48A48 48 0 0 0 0 80v352a48 48 0 0 0 48 48h137.25V327.69h-63V256h63v-54.64c0-62.15 37-96.48 93.67-96.48 27.14 0 55.52 4.84 55.52 4.84v61h-31.27c-30.81 0-40.42 19.12-40.42 38.73V256h68.78l-11 71.69h-57.78V480H400a48 48 0 0 0 48-48V80a48 48 0 0 0-48-48z\" class=\"\"><\/path><\/svg><\/div>\n\t\t\t\t<div class=\"cff-likes-count\">\n\t\t\t\t\t575\t\t\t\t<\/div>\n\t\t\t<\/div>\n\t\t\t\t\t<\/div>\n\t\t\t\t<div class=\"cff-header-inner-wrap\">\n\t\t\t\t\t\t\t<div class=\"cff-header-img\">\n\t\t\t\t\t<a href=\"https:\/\/www.facebook.com\/187623871428432\" target=\"_blank\" rel=\"nofollow noopener\" title=\"Espace Musical Fernand Veyret\"><img decoding=\"async\" src=\"https:\/\/scontent-cdg6-1.xx.fbcdn.net\/v\/t39.30808-1\/308487870_576454000942049_7896671586135813693_n.jpg?stp=dst-jpg_s160x160_tt6&#038;_nc_cat=103&#038;ccb=1-7&#038;_nc_sid=08baa4&#038;_nc_ohc=amUIPbvoDd4Q7kNvwHFCwFk&#038;_nc_oc=Adqk5gPWaOWypJbDsVygWETjXbhLjnSdvZjFwriBn3RXMJyJEeZLfN2W-_vdwTtsxwo&#038;_nc_zt=24&#038;_nc_ht=scontent-cdg6-1.xx&#038;edm=AJdBtusEAAAA&#038;_nc_gid=u8n5lwXKWjOaI12e2v3k8Q&#038;_nc_tpa=Q5bMBQFJv7sMJIDMR0oG8ri5KRIGbcZ1gSPFZzPvgtl-F2PGrwL8XcJnUynCFm8bg3bQ-5k4k6_p_F2PUg&#038;oh=00_Af2RS_YDRJM2A5xYj3mqS5cCj6z530r0LdAPbNV5SsOMfQ&#038;oe=69EEE975\" alt=\"Espace Musical Fernand Veyret\" data-avatar=\"https:\/\/scontent-cdg6-1.xx.fbcdn.net\/v\/t39.30808-1\/308487870_576454000942049_7896671586135813693_n.jpg?stp=dst-jpg_s160x160_tt6&#038;_nc_cat=103&#038;ccb=1-7&#038;_nc_sid=08baa4&#038;_nc_ohc=amUIPbvoDd4Q7kNvwHFCwFk&#038;_nc_oc=Adqk5gPWaOWypJbDsVygWETjXbhLjnSdvZjFwriBn3RXMJyJEeZLfN2W-_vdwTtsxwo&#038;_nc_zt=24&#038;_nc_ht=scontent-cdg6-1.xx&#038;edm=AJdBtusEAAAA&#038;_nc_gid=u8n5lwXKWjOaI12e2v3k8Q&#038;_nc_tpa=Q5bMBQFJv7sMJIDMR0oG8ri5KRIGbcZ1gSPFZzPvgtl-F2PGrwL8XcJnUynCFm8bg3bQ-5k4k6_p_F2PUg&#038;oh=00_Af2RS_YDRJM2A5xYj3mqS5cCj6z530r0LdAPbNV5SsOMfQ&#038;oe=69EEE975\"><\/a>\n\t\t\t\t<\/div>\n\t\t\t\t\t\t<div class=\"cff-header-text\" >\n\n\t\t\t\t\t\t\t<a href=\"https:\/\/www.facebook.com\/187623871428432\" target=\"_blank\" rel=\"nofollow noopener\" title=\"Espace Musical Fernand Veyret\" class=\"cff-header-name\"><h3 style=\"font-size:inheritpx;\">Espace Musical Fernand Veyret<\/h3><\/a>\n\t\t\t\t\t\t\t\t\t\t\t\t\t<p class=\"cff-bio\">La page officielle de l&#039;Espace Musical Fernand Veyret de Claix.<br>\n<br>\n<br>\nCliquez ici pour en savoir plus !<\/p>\n\t\t\t\t\t\t<\/div>\n\t\t<\/div>\n\t<\/div>\n<div class=\"cff-wrapper-ctn  cff-wrapper-fixed-height\"  style=\"height:200px;\" ><div id=\"cff\"  class=\"cff cff-list-container cff-masonry masonry-2-tablet cff-masonry-js cff-fixed-height  cff-default-styles  cff-mob-cols-1\"   style=\"width:100%;\"   data-char=\"400\"  data-nummobile=\"2\" data-pag-num=\"4\" ><div class=\"cff-posts-wrap\"><div id=\"cff_187623871428432_1491887162732057\" class=\"cff-item cff-link-item author-espace-musical-fernand-veyret\"  style=\"border-bottom: 1px solid #ddd;\">\n\t<div class=\"cff-author\">\n\t<div class=\"cff-author-text\">\n\t\t\t\t\t<div class=\"cff-page-name cff-author-date\" >\n\t\t\t\t<a href=\"https:\/\/facebook.com\/187623871428432\" target=\"_blank\" rel=\"nofollow noopener\" >Espace Musical Fernand Veyret<\/a>\n\t\t\t\t<span class=\"cff-story\"> <\/span>\n\t\t\t<\/div>\n\t\t\t\n<p class=\"cff-date\" > 5 days ago <\/p>\n\t\t\t<\/div>\n\t<div class=\"cff-author-img \" data-avatar=\"https:\/\/scontent-cdg6-1.xx.fbcdn.net\/v\/t39.30808-1\/308487870_576454000942049_7896671586135813693_n.jpg?stp=cp0_dst-jpg_p50x50_tt6&#038;_nc_cat=103&#038;ccb=1-7&#038;_nc_sid=f907e8&#038;_nc_ohc=7vnM9xjllGcQ7kNvwGL1p_5&#038;_nc_oc=AdqqnW_3II35TyQgsIPLoo3HnIr2x8av--MJb0nBhpJbm-OgXNWG2kP66D9XC5XX3ms&#038;_nc_zt=24&#038;_nc_ht=scontent-cdg6-1.xx&#038;edm=AKIiGfEEAAAA&#038;_nc_gid=A-HVfV2JzNM5-wkjLrTD0g&#038;_nc_tpa=Q5bMBQEuQvVdVbALrjkir4S2aHfL8lMsR54R6q5V3Nb_lzlZN8_n-WacApp62eOE5xxZk6hjSW2Fm66FhA&#038;oh=00_Af3utJYxUS8r6VXG6rB0992ztj1lXjpQghdMAOooSXUIDg&#038;oe=69EEB135\">\n\t\t<a href=\"https:\/\/facebook.com\/187623871428432\" target=\"_blank\" rel=\"nofollow noopener\" ><img decoding=\"async\" src=\"https:\/\/scontent-cdg6-1.xx.fbcdn.net\/v\/t39.30808-1\/308487870_576454000942049_7896671586135813693_n.jpg?stp=cp0_dst-jpg_p50x50_tt6&#038;_nc_cat=103&#038;ccb=1-7&#038;_nc_sid=f907e8&#038;_nc_ohc=7vnM9xjllGcQ7kNvwGL1p_5&#038;_nc_oc=AdqqnW_3II35TyQgsIPLoo3HnIr2x8av--MJb0nBhpJbm-OgXNWG2kP66D9XC5XX3ms&#038;_nc_zt=24&#038;_nc_ht=scontent-cdg6-1.xx&#038;edm=AKIiGfEEAAAA&#038;_nc_gid=A-HVfV2JzNM5-wkjLrTD0g&#038;_nc_tpa=Q5bMBQEuQvVdVbALrjkir4S2aHfL8lMsR54R6q5V3Nb_lzlZN8_n-WacApp62eOE5xxZk6hjSW2Fm66FhA&#038;oh=00_Af3utJYxUS8r6VXG6rB0992ztj1lXjpQghdMAOooSXUIDg&#038;oe=69EEB135\" title=\"Espace Musical Fernand Veyret\" alt=\"Espace Musical Fernand Veyret\" width=40 height=40 onerror=\"this.style.display='none'\"><\/a>\n\t<\/div>\n<\/div>\n\n<div class=\"cff-post-text\" >\n\t<span class=\"cff-text\" data-color=\"\">\n\t\tLe Festival Belles Musiques d\u00e9bute jeudi par un concert qui affiche complet ! Il reste encore quelques places pour les magnifiques concerts de samedi et dimanche&#8230;ce serait dommage de passer \u00e0 c\u00f4t\u00e9 \ud83d\ude09\t\t\t<\/span>\n\t<span class=\"cff-expand\">&#8230; <a href=\"#\" style=\"color: #\"><span class=\"cff-more\">Voir plus<\/span><span class=\"cff-less\">Voir moins<\/span><\/a><\/span>\n\n<\/div>\n\n\n<div class=\"cff-shared-link \" >\n\t<div class=\"cff-text-link cff-no-image\">\n\t\t\t\t\t<p class=\"cff-link-title\" >\n\t\t\t\t<a href=\"https:\/\/facebook.com\/187623871428432\" target=\"_blank\"  rel=\"nofollow noopener noreferrer\" style=\"color:#;\">This content isn&rsquo;t available right now<\/a>\n\t\t\t<\/p>\n\t\t\n\t\t\n\t\t\t\t\t<span class=\"cff-post-desc\" >When this happens, it&rsquo;s usually because the owner only shared it with a small group of people, changed who can see it or it&rsquo;s been deleted.<\/span>\n\t\t\t\t\n\t<\/div>\n<\/div>\n\n\t<div class=\"cff-post-links\">\n\t\t\t\t\t<a class=\"cff-viewpost-facebook\" href=\"https:\/\/www.facebook.com\/187623871428432\/posts\/1491887162732057\" title=\"Voir sur Facebook\" target=\"_blank\" rel=\"nofollow noopener\" >Voir sur Facebook<\/a>\n\t\t\t\t\t\t\t<div class=\"cff-share-container\">\n\t\t\t\t\t\t\t\t\t<span class=\"cff-dot\" >&middot;<\/span>\n\t\t\t\t\t\t\t\t<a class=\"cff-share-link\" href=\"https:\/\/www.facebook.com\/sharer\/sharer.php?u=https%3A%2F%2Fwww.facebook.com%2F187623871428432%2Fposts%2F1491887162732057\" title=\"Partager\" >Partager<\/a>\n\t\t\t\t<p class=\"cff-share-tooltip\">\n\t\t\t\t\t\t\t\t\t\t\t<a href=\"https:\/\/www.facebook.com\/sharer\/sharer.php?u=https%3A%2F%2Fwww.facebook.com%2F187623871428432%2Fposts%2F1491887162732057\" target=\"_blank\" rel=\"noopener noreferrer\" class=\"cff-facebook-icon\">\n\t\t\t\t\t\t\t<span class=\"fa fab fa-facebook-square\" aria-hidden=\"true\"><\/span>\n\t\t\t\t\t\t\t<span class=\"cff-screenreader\">Partager sur Facebook<\/span>\n\t\t\t\t\t\t<\/a>\n\t\t\t\t\t\t\t\t\t\t\t<a href=\"https:\/\/twitter.com\/intent\/tweet?text=https%3A%2F%2Fwww.facebook.com%2F187623871428432%2Fposts%2F1491887162732057\" target=\"_blank\" rel=\"noopener noreferrer\" class=\"cff-twitter-icon\">\n\t\t\t\t\t\t\t<span class=\"fa fab fa-twitter\" aria-hidden=\"true\"><\/span>\n\t\t\t\t\t\t\t<span class=\"cff-screenreader\">Partager sur Twitter<\/span>\n\t\t\t\t\t\t<\/a>\n\t\t\t\t\t\t\t\t\t\t\t<a href=\"https:\/\/www.linkedin.com\/shareArticle?mini=true&#038;url=https%3A%2F%2Fwww.facebook.com%2F187623871428432%2Fposts%2F1491887162732057&#038;title=%09%09%09Le%20Festival%20Belles%20Musiques%20d%C3%A9bute%20jeudi%20par%20un%20concert%20qui%20affiche%20complet%20%21%20Il%20reste%20encore%20quelques%20places%20pour%20les%20magnifiques%20concerts%20de%20samedi%20et%20dimanche...ce%20serait%20dommage%20de%20passer%20%C3%A0%20c%C3%B4t%C3%A9%20%3B-%29%09%09%09%09\" target=\"_blank\" rel=\"noopener noreferrer\" class=\"cff-linkedin-icon\">\n\t\t\t\t\t\t\t<span class=\"fa fab fa-linkedin\" aria-hidden=\"true\"><\/span>\n\t\t\t\t\t\t\t<span class=\"cff-screenreader\">Partager sur LinkedIn<\/span>\n\t\t\t\t\t\t<\/a>\n\t\t\t\t\t\t\t\t\t\t\t<a href=\"mailto:?subject=Facebook&#038;body=https%3A%2F%2Fwww.facebook.com%2F187623871428432%2Fposts%2F1491887162732057%20-%20%0A%0A%09%0A%09%09Le%20Festival%20Belles%20Musiques%20d%C3%A9bute%20jeudi%20par%20un%20concert%20qui%20affiche%20complet%20%21%20Il%20reste%20encore%20quelques%20places%20pour%20les%20magnifiques%20concerts%20de%20samedi%20et%20dimanche...ce%20serait%20dommage%20de%20passer%20%C3%A0%20c%C3%B4t%C3%A9%20%3B-%29%09%09%09%0A%09\" target=\"_blank\" rel=\"noopener noreferrer\" class=\"cff-email-icon\">\n\t\t\t\t\t\t\t<span class=\"fa fab fa-envelope\" aria-hidden=\"true\"><\/span>\n\t\t\t\t\t\t\t<span class=\"cff-screenreader\">Partager par email<\/span>\n\t\t\t\t\t\t<\/a>\n\t\t\t\t\t\t\t\t\t<\/p>\n\t\t\t<\/div>\n\t\t\t<\/div>\n\t<\/div>\n\n\n\n<div id=\"cff_187623871428432_1485254440061996\" class=\"cff-item cff-link-item author-espace-musical-fernand-veyret\"  style=\"border-bottom: 1px solid #ddd;\">\n\t<div class=\"cff-author\">\n\t<div class=\"cff-author-text\">\n\t\t\t\t\t<div class=\"cff-page-name cff-author-date\" >\n\t\t\t\t<a href=\"https:\/\/facebook.com\/187623871428432\" target=\"_blank\" rel=\"nofollow noopener\" >Espace Musical Fernand Veyret<\/a>\n\t\t\t\t<span class=\"cff-story\"> <\/span>\n\t\t\t<\/div>\n\t\t\t\n<p class=\"cff-date\" > 2 weeks ago <\/p>\n\t\t\t<\/div>\n\t<div class=\"cff-author-img \" data-avatar=\"https:\/\/scontent-cdg6-1.xx.fbcdn.net\/v\/t39.30808-1\/308487870_576454000942049_7896671586135813693_n.jpg?stp=cp0_dst-jpg_p50x50_tt6&#038;_nc_cat=103&#038;ccb=1-7&#038;_nc_sid=f907e8&#038;_nc_ohc=7vnM9xjllGcQ7kNvwGL1p_5&#038;_nc_oc=AdqqnW_3II35TyQgsIPLoo3HnIr2x8av--MJb0nBhpJbm-OgXNWG2kP66D9XC5XX3ms&#038;_nc_zt=24&#038;_nc_ht=scontent-cdg6-1.xx&#038;edm=AKIiGfEEAAAA&#038;_nc_gid=A-HVfV2JzNM5-wkjLrTD0g&#038;_nc_tpa=Q5bMBQEuQvVdVbALrjkir4S2aHfL8lMsR54R6q5V3Nb_lzlZN8_n-WacApp62eOE5xxZk6hjSW2Fm66FhA&#038;oh=00_Af3utJYxUS8r6VXG6rB0992ztj1lXjpQghdMAOooSXUIDg&#038;oe=69EEB135\">\n\t\t<a href=\"https:\/\/facebook.com\/187623871428432\" target=\"_blank\" rel=\"nofollow noopener\" ><img decoding=\"async\" src=\"https:\/\/scontent-cdg6-1.xx.fbcdn.net\/v\/t39.30808-1\/308487870_576454000942049_7896671586135813693_n.jpg?stp=cp0_dst-jpg_p50x50_tt6&#038;_nc_cat=103&#038;ccb=1-7&#038;_nc_sid=f907e8&#038;_nc_ohc=7vnM9xjllGcQ7kNvwGL1p_5&#038;_nc_oc=AdqqnW_3II35TyQgsIPLoo3HnIr2x8av--MJb0nBhpJbm-OgXNWG2kP66D9XC5XX3ms&#038;_nc_zt=24&#038;_nc_ht=scontent-cdg6-1.xx&#038;edm=AKIiGfEEAAAA&#038;_nc_gid=A-HVfV2JzNM5-wkjLrTD0g&#038;_nc_tpa=Q5bMBQEuQvVdVbALrjkir4S2aHfL8lMsR54R6q5V3Nb_lzlZN8_n-WacApp62eOE5xxZk6hjSW2Fm66FhA&#038;oh=00_Af3utJYxUS8r6VXG6rB0992ztj1lXjpQghdMAOooSXUIDg&#038;oe=69EEB135\" title=\"Espace Musical Fernand Veyret\" alt=\"Espace Musical Fernand Veyret\" width=40 height=40 onerror=\"this.style.display='none'\"><\/a>\n\t<\/div>\n<\/div>\n\n<div class=\"cff-post-text\" >\n\t<span class=\"cff-text\" data-color=\"\">\n\t\tLe Festival Belles Musiques approche \u00e0 grand pas ! Pensez \u00e0 r\u00e9server vos places !<img class=\"cff-linebreak\" \/><img class=\"cff-linebreak\" \/><a href=\"https:\/\/www.vostickets.net\/billet\/FR\/catalogue-CLAIX.wb?REFID=5sQAAAAAAAAAAAAACwA\" rel='nofollow noopener noreferrer'>www.vostickets.net\/billet\/FR\/catalogue-CLAIX.wb?REFID=5sQAAAAAAAAAAAAACwA<\/a>\t\t\t<\/span>\n\t<span class=\"cff-expand\">&#8230; <a href=\"#\" style=\"color: #\"><span class=\"cff-more\">Voir plus<\/span><span class=\"cff-less\">Voir moins<\/span><\/a><\/span>\n\n<\/div>\n\n\n<div class=\"cff-shared-link \" >\n\t<div class=\"cff-text-link cff-no-image\">\n\t\t\t\t\t<p class=\"cff-link-title\" >\n\t\t\t\t<a href=\"https:\/\/facebook.com\/187623871428432\" target=\"_blank\"  rel=\"nofollow noopener noreferrer\" style=\"color:#;\">This content isn&rsquo;t available right now<\/a>\n\t\t\t<\/p>\n\t\t\n\t\t\n\t\t\t\t\t<span class=\"cff-post-desc\" >When this happens, it&rsquo;s usually because the owner only shared it with a small group of people, changed who can see it or it&rsquo;s been deleted.<\/span>\n\t\t\t\t\n\t<\/div>\n<\/div>\n\n\t<div class=\"cff-post-links\">\n\t\t\t\t\t<a class=\"cff-viewpost-facebook\" href=\"https:\/\/www.facebook.com\/187623871428432\/posts\/1485254440061996\" title=\"Voir sur Facebook\" target=\"_blank\" rel=\"nofollow noopener\" >Voir sur Facebook<\/a>\n\t\t\t\t\t\t\t<div class=\"cff-share-container\">\n\t\t\t\t\t\t\t\t\t<span class=\"cff-dot\" >&middot;<\/span>\n\t\t\t\t\t\t\t\t<a class=\"cff-share-link\" href=\"https:\/\/www.facebook.com\/sharer\/sharer.php?u=https%3A%2F%2Fwww.facebook.com%2F187623871428432%2Fposts%2F1485254440061996\" title=\"Partager\" >Partager<\/a>\n\t\t\t\t<p class=\"cff-share-tooltip\">\n\t\t\t\t\t\t\t\t\t\t\t<a href=\"https:\/\/www.facebook.com\/sharer\/sharer.php?u=https%3A%2F%2Fwww.facebook.com%2F187623871428432%2Fposts%2F1485254440061996\" target=\"_blank\" rel=\"noopener noreferrer\" class=\"cff-facebook-icon\">\n\t\t\t\t\t\t\t<span class=\"fa fab fa-facebook-square\" aria-hidden=\"true\"><\/span>\n\t\t\t\t\t\t\t<span class=\"cff-screenreader\">Partager sur Facebook<\/span>\n\t\t\t\t\t\t<\/a>\n\t\t\t\t\t\t\t\t\t\t\t<a href=\"https:\/\/twitter.com\/intent\/tweet?text=https%3A%2F%2Fwww.facebook.com%2F187623871428432%2Fposts%2F1485254440061996\" target=\"_blank\" rel=\"noopener noreferrer\" class=\"cff-twitter-icon\">\n\t\t\t\t\t\t\t<span class=\"fa fab fa-twitter\" aria-hidden=\"true\"><\/span>\n\t\t\t\t\t\t\t<span class=\"cff-screenreader\">Partager sur Twitter<\/span>\n\t\t\t\t\t\t<\/a>\n\t\t\t\t\t\t\t\t\t\t\t<a href=\"https:\/\/www.linkedin.com\/shareArticle?mini=true&#038;url=https%3A%2F%2Fwww.facebook.com%2F187623871428432%2Fposts%2F1485254440061996&#038;title=%09%09%09Le%20Festival%20Belles%20Musiques%20approche%20%C3%A0%20grand%20pas%20%21%20Pensez%20%C3%A0%20r%C3%A9server%20vos%20places%20%21www.vostickets.net%2Fbillet%2FFR%2Fcatalogue-CLAIX.wb%3FREFID%3D5sQAAAAAAAAAAAAACwA%09%09%09%09\" target=\"_blank\" rel=\"noopener noreferrer\" class=\"cff-linkedin-icon\">\n\t\t\t\t\t\t\t<span class=\"fa fab fa-linkedin\" aria-hidden=\"true\"><\/span>\n\t\t\t\t\t\t\t<span class=\"cff-screenreader\">Partager sur LinkedIn<\/span>\n\t\t\t\t\t\t<\/a>\n\t\t\t\t\t\t\t\t\t\t\t<a href=\"mailto:?subject=Facebook&#038;body=https%3A%2F%2Fwww.facebook.com%2F187623871428432%2Fposts%2F1485254440061996%20-%20%0A%0A%09%0A%09%09Le%20Festival%20Belles%20Musiques%20approche%20%C3%A0%20grand%20pas%20%21%20Pensez%20%C3%A0%20r%C3%A9server%20vos%20places%20%21www.vostickets.net%2Fbillet%2FFR%2Fcatalogue-CLAIX.wb%3FREFID%3D5sQAAAAAAAAAAAAACwA%09%09%09%0A%09\" target=\"_blank\" rel=\"noopener noreferrer\" class=\"cff-email-icon\">\n\t\t\t\t\t\t\t<span class=\"fa fab fa-envelope\" aria-hidden=\"true\"><\/span>\n\t\t\t\t\t\t\t<span class=\"cff-screenreader\">Partager par email<\/span>\n\t\t\t\t\t\t<\/a>\n\t\t\t\t\t\t\t\t\t<\/p>\n\t\t\t<\/div>\n\t\t\t<\/div>\n\t<\/div>\n\n\n\n<div id=\"cff_187623871428432_1482150533705720\" class=\"cff-item cff-photo-post author-espace-musical-fernand-veyret\"  style=\"border-bottom: 1px solid #ddd;\">\n\t<div class=\"cff-author\">\n\t<div class=\"cff-author-text\">\n\t\t\t\t\t<div class=\"cff-page-name cff-author-date\" >\n\t\t\t\t<a href=\"https:\/\/facebook.com\/187623871428432\" target=\"_blank\" rel=\"nofollow noopener\" >Espace Musical Fernand Veyret<\/a>\n\t\t\t\t<span class=\"cff-story\"> <\/span>\n\t\t\t<\/div>\n\t\t\t\n<p class=\"cff-date\" > 2 weeks ago <\/p>\n\t\t\t<\/div>\n\t<div class=\"cff-author-img \" data-avatar=\"https:\/\/scontent-cdg6-1.xx.fbcdn.net\/v\/t39.30808-1\/308487870_576454000942049_7896671586135813693_n.jpg?stp=cp0_dst-jpg_p50x50_tt6&#038;_nc_cat=103&#038;ccb=1-7&#038;_nc_sid=f907e8&#038;_nc_ohc=7vnM9xjllGcQ7kNvwGL1p_5&#038;_nc_oc=AdqqnW_3II35TyQgsIPLoo3HnIr2x8av--MJb0nBhpJbm-OgXNWG2kP66D9XC5XX3ms&#038;_nc_zt=24&#038;_nc_ht=scontent-cdg6-1.xx&#038;edm=AKIiGfEEAAAA&#038;_nc_gid=A-HVfV2JzNM5-wkjLrTD0g&#038;_nc_tpa=Q5bMBQEuQvVdVbALrjkir4S2aHfL8lMsR54R6q5V3Nb_lzlZN8_n-WacApp62eOE5xxZk6hjSW2Fm66FhA&#038;oh=00_Af3utJYxUS8r6VXG6rB0992ztj1lXjpQghdMAOooSXUIDg&#038;oe=69EEB135\">\n\t\t<a href=\"https:\/\/facebook.com\/187623871428432\" target=\"_blank\" rel=\"nofollow noopener\" ><img decoding=\"async\" src=\"https:\/\/scontent-cdg6-1.xx.fbcdn.net\/v\/t39.30808-1\/308487870_576454000942049_7896671586135813693_n.jpg?stp=cp0_dst-jpg_p50x50_tt6&#038;_nc_cat=103&#038;ccb=1-7&#038;_nc_sid=f907e8&#038;_nc_ohc=7vnM9xjllGcQ7kNvwGL1p_5&#038;_nc_oc=AdqqnW_3II35TyQgsIPLoo3HnIr2x8av--MJb0nBhpJbm-OgXNWG2kP66D9XC5XX3ms&#038;_nc_zt=24&#038;_nc_ht=scontent-cdg6-1.xx&#038;edm=AKIiGfEEAAAA&#038;_nc_gid=A-HVfV2JzNM5-wkjLrTD0g&#038;_nc_tpa=Q5bMBQEuQvVdVbALrjkir4S2aHfL8lMsR54R6q5V3Nb_lzlZN8_n-WacApp62eOE5xxZk6hjSW2Fm66FhA&#038;oh=00_Af3utJYxUS8r6VXG6rB0992ztj1lXjpQghdMAOooSXUIDg&#038;oe=69EEB135\" title=\"Espace Musical Fernand Veyret\" alt=\"Espace Musical Fernand Veyret\" width=40 height=40 onerror=\"this.style.display='none'\"><\/a>\n\t<\/div>\n<\/div>\n\n<div class=\"cff-post-text\" >\n\t<span class=\"cff-text\" data-color=\"\">\n\t\t\ud83d\ude0b Vente de brioches \ud83d\ude0b<img class=\"cff-linebreak\" \/><a href=\"https:\/\/www.helloasso.com\/associations\/espace-musical-fernand-veyret-emfv\/boutiques\/vente-de-brioches-harmonie\" rel='nofollow noopener noreferrer'>www.helloasso.com\/associations\/espace-musical-fernand-veyret-emfv\/boutiques\/vente-de-brioches-har&#8230;<\/a><img class=\"cff-linebreak\" \/><img class=\"cff-linebreak\" \/>Afin de financer notre d\u00e9placement au concours d\u2019harmonies qui se d\u00e9roulera \u00e0 M\u00e2con les 9 et 10 mai prochains, les musiciens de l\u2019Harmonie de Claix se mobilisent et organisent une vente de brioches ! <img class=\"cff-linebreak\" \/><img class=\"cff-linebreak\" \/>\ud83d\udc49Pr\u00e9commande sur Helloasso &#8211; retrait sur place au march\u00e9 de Claix le 25 avril ou le 2 mai 2026\ud83d\udc48<img class=\"cff-linebreak\" \/><img class=\"cff-linebreak\" \/>Ce projet est une belle aventure musicale et humaine, qui permettra \u00e0 notre ensemble de repr\u00e9senter fi\u00e8rement notre commune lors de cet \u00e9v\u00e9nement important. Mais un tel d\u00e9placement repr\u00e9sente aussi un co\u00fbt significatif (transport, h\u00e9bergement, logistique\u2026).<img class=\"cff-linebreak\" \/><img class=\"cff-linebreak\" \/>C\u2019est pourquoi nous organisons cette vente de brioches : un moment gourmand et convivial, mais surtout une fa\u00e7on simple et solidaire de nous soutenir dans cette belle exp\u00e9rience.<img class=\"cff-linebreak\" \/><img class=\"cff-linebreak\" \/>Un grand merci pour votre soutien et votre g\u00e9n\u00e9rosit\u00e9.\t\t\t<\/span>\n\t<span class=\"cff-expand\">&#8230; <a href=\"#\" style=\"color: #\"><span class=\"cff-more\">Voir plus<\/span><span class=\"cff-less\">Voir moins<\/span><\/a><\/span>\n\n<\/div>\n\n<p class=\"cff-media-link\">\n\t<a href=\"https:\/\/www.facebook.com\/photo.php?fbid=1482146893706084&#038;set=a.576453960942053&#038;type=3\" target=\"_blank\" style=\"color: #\">\n\t\t<span style=\"padding-right: 5px;\" class=\"fa fas fa-picture-o fa-image\"><\/span>Photo\t<\/a>\n<\/p>\n\t\t<div class=\"cff-post-links\">\n\t\t\t\t\t<a class=\"cff-viewpost-facebook\" href=\"https:\/\/www.facebook.com\/photo.php?fbid=1482146893706084&#038;set=a.576453960942053&#038;type=3\" title=\"Voir sur Facebook\" target=\"_blank\" rel=\"nofollow noopener\" >Voir sur Facebook<\/a>\n\t\t\t\t\t\t\t<div class=\"cff-share-container\">\n\t\t\t\t\t\t\t\t\t<span class=\"cff-dot\" >&middot;<\/span>\n\t\t\t\t\t\t\t\t<a class=\"cff-share-link\" href=\"https:\/\/www.facebook.com\/sharer\/sharer.php?u=https%3A%2F%2Fwww.facebook.com%2Fphoto.php%3Ffbid%3D1482146893706084%26amp%3Bset%3Da.576453960942053%26amp%3Btype%3D3\" title=\"Partager\" >Partager<\/a>\n\t\t\t\t<p class=\"cff-share-tooltip\">\n\t\t\t\t\t\t\t\t\t\t\t<a href=\"https:\/\/www.facebook.com\/sharer\/sharer.php?u=https%3A%2F%2Fwww.facebook.com%2Fphoto.php%3Ffbid%3D1482146893706084%26amp%3Bset%3Da.576453960942053%26amp%3Btype%3D3\" target=\"_blank\" rel=\"noopener noreferrer\" class=\"cff-facebook-icon\">\n\t\t\t\t\t\t\t<span class=\"fa fab fa-facebook-square\" aria-hidden=\"true\"><\/span>\n\t\t\t\t\t\t\t<span class=\"cff-screenreader\">Partager sur Facebook<\/span>\n\t\t\t\t\t\t<\/a>\n\t\t\t\t\t\t\t\t\t\t\t<a href=\"https:\/\/twitter.com\/intent\/tweet?text=https%3A%2F%2Fwww.facebook.com%2Fphoto.php%3Ffbid%3D1482146893706084%26amp%3Bset%3Da.576453960942053%26amp%3Btype%3D3\" target=\"_blank\" rel=\"noopener noreferrer\" class=\"cff-twitter-icon\">\n\t\t\t\t\t\t\t<span class=\"fa fab fa-twitter\" aria-hidden=\"true\"><\/span>\n\t\t\t\t\t\t\t<span class=\"cff-screenreader\">Partager sur Twitter<\/span>\n\t\t\t\t\t\t<\/a>\n\t\t\t\t\t\t\t\t\t\t\t<a href=\"https:\/\/www.linkedin.com\/shareArticle?mini=true&#038;url=https%3A%2F%2Fwww.facebook.com%2Fphoto.php%3Ffbid%3D1482146893706084%26amp%3Bset%3Da.576453960942053%26amp%3Btype%3D3&#038;title=%09%09%09%F0%9F%98%8B%20Vente%20de%20brioches%20%F0%9F%98%8Bwww.helloasso.com%2Fassociations%2Fespace-musical-fernand-veyret-emfv%2Fboutiques%2Fvente-de-brioches-har...Afin%20de%20financer%20notre%20d%C3%A9placement%20au%20concours%20d%E2%80%99harmonies%20qui%20se%20d%C3%A9roulera%20%C3%A0%20M%C3%A2con%20les%209%20et%2010%20mai%20prochains%2C%20les%20musiciens%20de%20l%E2%80%99Harmonie%20de%20Claix%20se%20mobilisent%20et%20organisent%20une%20vente%20de%20brioches%20%21%20%F0%9F%91%89Pr%C3%A9commande%20sur%20Helloasso%20-%20retrait%20sur%20place%20au%20march%C3%A9%20de%20Claix%20le%2025%20avril%20ou%20le%202%20mai%202026%F0%9F%91%88Ce%20projet%20est%20une%20belle%20aventure%20musicale%20et%20humaine%2C%20qui%20permettra%20%C3%A0%20notre%20ensemble%20de%20repr%C3%A9senter%20fi%C3%A8rement%20notre%20commune%20lors%20de%20cet%20%C3%A9v%C3%A9nement%20important.%20Mais%20un%20tel%20d%C3%A9placement%20repr%C3%A9sente%20aussi%20un%20co%C3%BBt%20significatif%20%28transport%2C%20h%C3%A9bergement%2C%20logistique%E2%80%A6%29.C%E2%80%99est%20pourquoi%20nous%20organisons%20cette%20vente%20de%20brioches%20%3A%20un%20moment%20gourmand%20et%20convivial%2C%20mais%20surtout%20une%20fa%C3%A7on%20simple%20et%20solidaire%20de%20nous%20soutenir%20dans%20cette%20belle%20exp%C3%A9rience.Un%20grand%20merci%20pour%20votre%20soutien%20et%20votre%20g%C3%A9n%C3%A9rosit%C3%A9.%09%09%09%09\" target=\"_blank\" rel=\"noopener noreferrer\" class=\"cff-linkedin-icon\">\n\t\t\t\t\t\t\t<span class=\"fa fab fa-linkedin\" aria-hidden=\"true\"><\/span>\n\t\t\t\t\t\t\t<span class=\"cff-screenreader\">Partager sur LinkedIn<\/span>\n\t\t\t\t\t\t<\/a>\n\t\t\t\t\t\t\t\t\t\t\t<a href=\"mailto:?subject=Facebook&#038;body=https%3A%2F%2Fwww.facebook.com%2Fphoto.php%3Ffbid%3D1482146893706084%26amp%3Bset%3Da.576453960942053%26amp%3Btype%3D3%20-%20%0A%0A%09%0A%09%09%F0%9F%98%8B%20Vente%20de%20brioches%20%F0%9F%98%8Bwww.helloasso.com%2Fassociations%2Fespace-musical-fernand-veyret-emfv%2Fboutiques%2Fvente-de-brioches-har...Afin%20de%20financer%20notre%20d%C3%A9placement%20au%20concours%20d%E2%80%99harmonies%20qui%20se%20d%C3%A9roulera%20%C3%A0%20M%C3%A2con%20les%209%20et%2010%20mai%20prochains%2C%20les%20musiciens%20de%20l%E2%80%99Harmonie%20de%20Claix%20se%20mobilisent%20et%20organisent%20une%20vente%20de%20brioches%20%21%20%F0%9F%91%89Pr%C3%A9commande%20sur%20Helloasso%20-%20retrait%20sur%20place%20au%20march%C3%A9%20de%20Claix%20le%2025%20avril%20ou%20le%202%20mai%202026%F0%9F%91%88Ce%20projet%20est%20une%20belle%20aventure%20musicale%20et%20humaine%2C%20qui%20permettra%20%C3%A0%20notre%20ensemble%20de%20repr%C3%A9senter%20fi%C3%A8rement%20notre%20commune%20lors%20de%20cet%20%C3%A9v%C3%A9nement%20important.%20Mais%20un%20tel%20d%C3%A9placement%20repr%C3%A9sente%20aussi%20un%20co%C3%BBt%20significatif%20%28transport%2C%20h%C3%A9bergement%2C%20logistique%E2%80%A6%29.C%E2%80%99est%20pourquoi%20nous%20organisons%20cette%20vente%20de%20brioches%20%3A%20un%20moment%20gourmand%20et%20convivial%2C%20mais%20surtout%20une%20fa%C3%A7on%20simple%20et%20solidaire%20de%20nous%20soutenir%20dans%20cette%20belle%20exp%C3%A9rience.Un%20grand%20merci%20pour%20votre%20soutien%20et%20votre%20g%C3%A9n%C3%A9rosit%C3%A9.%09%09%09%0A%09\" target=\"_blank\" rel=\"noopener noreferrer\" class=\"cff-email-icon\">\n\t\t\t\t\t\t\t<span class=\"fa fab fa-envelope\" aria-hidden=\"true\"><\/span>\n\t\t\t\t\t\t\t<span class=\"cff-screenreader\">Partager par email<\/span>\n\t\t\t\t\t\t<\/a>\n\t\t\t\t\t\t\t\t\t<\/p>\n\t\t\t<\/div>\n\t\t\t<\/div>\n\t<\/div>\n\n\n\n<div id=\"cff_187623871428432_1476730224247751\" class=\"cff-item cff-status-post author-espace-musical-fernand-veyret\"  style=\"border-bottom: 1px solid #ddd;\">\n\t<div class=\"cff-author\">\n\t<div class=\"cff-author-text\">\n\t\t\t\t\t<div class=\"cff-page-name cff-author-date\" >\n\t\t\t\t<a href=\"https:\/\/facebook.com\/187623871428432\" target=\"_blank\" rel=\"nofollow noopener\" >Espace Musical Fernand Veyret<\/a>\n\t\t\t\t<span class=\"cff-story\"> <\/span>\n\t\t\t<\/div>\n\t\t\t\n<p class=\"cff-date\" > 3 weeks ago <\/p>\n\t\t\t<\/div>\n\t<div class=\"cff-author-img \" data-avatar=\"https:\/\/scontent-cdg6-1.xx.fbcdn.net\/v\/t39.30808-1\/308487870_576454000942049_7896671586135813693_n.jpg?stp=cp0_dst-jpg_p50x50_tt6&#038;_nc_cat=103&#038;ccb=1-7&#038;_nc_sid=f907e8&#038;_nc_ohc=7vnM9xjllGcQ7kNvwGL1p_5&#038;_nc_oc=AdqqnW_3II35TyQgsIPLoo3HnIr2x8av--MJb0nBhpJbm-OgXNWG2kP66D9XC5XX3ms&#038;_nc_zt=24&#038;_nc_ht=scontent-cdg6-1.xx&#038;edm=AKIiGfEEAAAA&#038;_nc_gid=A-HVfV2JzNM5-wkjLrTD0g&#038;_nc_tpa=Q5bMBQEuQvVdVbALrjkir4S2aHfL8lMsR54R6q5V3Nb_lzlZN8_n-WacApp62eOE5xxZk6hjSW2Fm66FhA&#038;oh=00_Af3utJYxUS8r6VXG6rB0992ztj1lXjpQghdMAOooSXUIDg&#038;oe=69EEB135\">\n\t\t<a href=\"https:\/\/facebook.com\/187623871428432\" target=\"_blank\" rel=\"nofollow noopener\" ><img decoding=\"async\" src=\"https:\/\/scontent-cdg6-1.xx.fbcdn.net\/v\/t39.30808-1\/308487870_576454000942049_7896671586135813693_n.jpg?stp=cp0_dst-jpg_p50x50_tt6&#038;_nc_cat=103&#038;ccb=1-7&#038;_nc_sid=f907e8&#038;_nc_ohc=7vnM9xjllGcQ7kNvwGL1p_5&#038;_nc_oc=AdqqnW_3II35TyQgsIPLoo3HnIr2x8av--MJb0nBhpJbm-OgXNWG2kP66D9XC5XX3ms&#038;_nc_zt=24&#038;_nc_ht=scontent-cdg6-1.xx&#038;edm=AKIiGfEEAAAA&#038;_nc_gid=A-HVfV2JzNM5-wkjLrTD0g&#038;_nc_tpa=Q5bMBQEuQvVdVbALrjkir4S2aHfL8lMsR54R6q5V3Nb_lzlZN8_n-WacApp62eOE5xxZk6hjSW2Fm66FhA&#038;oh=00_Af3utJYxUS8r6VXG6rB0992ztj1lXjpQghdMAOooSXUIDg&#038;oe=69EEB135\" title=\"Espace Musical Fernand Veyret\" alt=\"Espace Musical Fernand Veyret\" width=40 height=40 onerror=\"this.style.display='none'\"><\/a>\n\t<\/div>\n<\/div>\n\n<div class=\"cff-post-text\" >\n\t<span class=\"cff-text\" data-color=\"\">\n\t\tLe Festival Belles Musiques, il n\u2019y pas qu\u2019\u00e0 Claix que l\u2019on en parle !<img class=\"cff-linebreak\" \/><img class=\"cff-linebreak\" \/><a href=\"https:\/\/radiorks.com\/news\/actualites-locales\/claix-le-festival-belles-musiques-revient-pour-une-5e-edition-dediee-a-la-musique-classique-757\" rel='nofollow noopener noreferrer'>radiorks.com\/news\/actualites-locales\/claix-le-festival-belles-musiques-revient-pour-une-5e-editio&#8230;<\/a>\t\t\t<\/span>\n\t<span class=\"cff-expand\">&#8230; <a href=\"#\" style=\"color: #\"><span class=\"cff-more\">Voir plus<\/span><span class=\"cff-less\">Voir moins<\/span><\/a><\/span>\n\n<\/div>\n\n\t<div class=\"cff-post-links\">\n\t\t\t\t\t<a class=\"cff-viewpost-facebook\" href=\"https:\/\/facebook.com\/187623871428432\" title=\"Voir sur Facebook\" target=\"_blank\" rel=\"nofollow noopener\" >Voir sur Facebook<\/a>\n\t\t\t\t\t\t\t<div class=\"cff-share-container\">\n\t\t\t\t\t\t\t\t\t<span class=\"cff-dot\" >&middot;<\/span>\n\t\t\t\t\t\t\t\t<a class=\"cff-share-link\" href=\"https:\/\/www.facebook.com\/sharer\/sharer.php?u=https%3A%2F%2Ffacebook.com%2F187623871428432\" title=\"Partager\" >Partager<\/a>\n\t\t\t\t<p class=\"cff-share-tooltip\">\n\t\t\t\t\t\t\t\t\t\t\t<a href=\"https:\/\/www.facebook.com\/sharer\/sharer.php?u=https%3A%2F%2Ffacebook.com%2F187623871428432\" target=\"_blank\" rel=\"noopener noreferrer\" class=\"cff-facebook-icon\">\n\t\t\t\t\t\t\t<span class=\"fa fab fa-facebook-square\" aria-hidden=\"true\"><\/span>\n\t\t\t\t\t\t\t<span class=\"cff-screenreader\">Partager sur Facebook<\/span>\n\t\t\t\t\t\t<\/a>\n\t\t\t\t\t\t\t\t\t\t\t<a href=\"https:\/\/twitter.com\/intent\/tweet?text=https%3A%2F%2Ffacebook.com%2F187623871428432\" target=\"_blank\" rel=\"noopener noreferrer\" class=\"cff-twitter-icon\">\n\t\t\t\t\t\t\t<span class=\"fa fab fa-twitter\" aria-hidden=\"true\"><\/span>\n\t\t\t\t\t\t\t<span class=\"cff-screenreader\">Partager sur Twitter<\/span>\n\t\t\t\t\t\t<\/a>\n\t\t\t\t\t\t\t\t\t\t\t<a href=\"https:\/\/www.linkedin.com\/shareArticle?mini=true&#038;url=https%3A%2F%2Ffacebook.com%2F187623871428432&#038;title=%09%09%09Le%20Festival%20Belles%20Musiques%2C%20il%20n%E2%80%99y%20pas%20qu%E2%80%99%C3%A0%20Claix%20que%20l%E2%80%99on%20en%20parle%20%21radiorks.com%2Fnews%2Factualites-locales%2Fclaix-le-festival-belles-musiques-revient-pour-une-5e-editio...%09%09%09%09\" target=\"_blank\" rel=\"noopener noreferrer\" class=\"cff-linkedin-icon\">\n\t\t\t\t\t\t\t<span class=\"fa fab fa-linkedin\" aria-hidden=\"true\"><\/span>\n\t\t\t\t\t\t\t<span class=\"cff-screenreader\">Partager sur LinkedIn<\/span>\n\t\t\t\t\t\t<\/a>\n\t\t\t\t\t\t\t\t\t\t\t<a href=\"mailto:?subject=Facebook&#038;body=https%3A%2F%2Ffacebook.com%2F187623871428432%20-%20%0A%0A%09%0A%09%09Le%20Festival%20Belles%20Musiques%2C%20il%20n%E2%80%99y%20pas%20qu%E2%80%99%C3%A0%20Claix%20que%20l%E2%80%99on%20en%20parle%20%21radiorks.com%2Fnews%2Factualites-locales%2Fclaix-le-festival-belles-musiques-revient-pour-une-5e-editio...%09%09%09%0A%09\" target=\"_blank\" rel=\"noopener noreferrer\" class=\"cff-email-icon\">\n\t\t\t\t\t\t\t<span class=\"fa fab fa-envelope\" aria-hidden=\"true\"><\/span>\n\t\t\t\t\t\t\t<span class=\"cff-screenreader\">Partager par email<\/span>\n\t\t\t\t\t\t<\/a>\n\t\t\t\t\t\t\t\t\t<\/p>\n\t\t\t<\/div>\n\t\t\t<\/div>\n\t<\/div>\n\n\n\n<\/div><input class=\"cff-pag-url\" type=\"hidden\" data-locatornonce=\"7e3f9906c8\" data-cff-shortcode=\"{&quot;feed&quot;: &quot;1&quot;}\" data-post-id=\"1851\" data-feed-id=\"187623871428432\"><\/div><\/div><div class=\"cff-clear\"><\/div><\/div>\n\n<style>.wp-block-kadence-advancedheading.kt-adv-heading1851_2fa701-4f, .wp-block-kadence-advancedheading.kt-adv-heading1851_2fa701-4f[data-kb-block=\"kb-adv-heading1851_2fa701-4f\"]{font-style:normal;}.wp-block-kadence-advancedheading.kt-adv-heading1851_2fa701-4f mark.kt-highlight, .wp-block-kadence-advancedheading.kt-adv-heading1851_2fa701-4f[data-kb-block=\"kb-adv-heading1851_2fa701-4f\"] mark.kt-highlight{font-style:normal;color:#f76a0c;-webkit-box-decoration-break:clone;box-decoration-break:clone;padding-top:0px;padding-right:0px;padding-bottom:0px;padding-left:0px;}<\/style>\n<h6 class=\"kt-adv-heading1851_2fa701-4f wp-block-kadence-advancedheading\" data-kb-block=\"kb-adv-heading1851_2fa701-4f\">et sur Instagram !<\/h6>\n\n\n\n<div id=\"sb_instagram\"  class=\"sbi sbi_mob_col_1 sbi_tab_col_4 sbi_col_4 sbi_width_resp\" style=\"padding-bottom: 10px;\"\t data-feedid=\"*1\"  data-res=\"auto\" data-cols=\"4\" data-colsmobile=\"1\" data-colstablet=\"4\" data-num=\"10\" data-nummobile=\"10\" data-item-padding=\"5\"\t data-shortcode-atts=\"{}\"  data-postid=\"1851\" data-locatornonce=\"eef180f83f\" data-imageaspectratio=\"1:1\" data-sbi-flags=\"favorLocal\">\n\t<div class=\"sb_instagram_header  sbi_medium\"   >\n\t<a class=\"sbi_header_link\" target=\"_blank\"\n\t   rel=\"nofollow noopener\" href=\"https:\/\/www.instagram.com\/espacemusicalfernandveyret\/\" title=\"@espacemusicalfernandveyret\">\n\t\t<div class=\"sbi_header_text\">\n\t\t\t<div class=\"sbi_header_img\"  data-avatar-url=\"https:\/\/scontent-cdg6-1.cdninstagram.com\/v\/t51.2885-19\/394300178_692711729197769_313272069666328145_n.jpg?stp=dst-jpg_s206x206_tt6&amp;_nc_cat=106&amp;ccb=7-5&amp;_nc_sid=bf7eb4&amp;efg=eyJ2ZW5jb2RlX3RhZyI6InByb2ZpbGVfcGljLnd3dy4xMDgwLkMzIn0%3D&amp;_nc_ohc=k3GtJnVl_UEQ7kNvwEjt75X&amp;_nc_oc=AdpCkS2IqIaWjNqCpJ2GrA38MneRsW1fgUqdgpyhaAqAUNbfd3c88USljP4RJDVBR_k&amp;_nc_zt=24&amp;_nc_ht=scontent-cdg6-1.cdninstagram.com&amp;edm=AP4hL3IEAAAA&amp;_nc_tpa=Q5bMBQELZxSiydkI65iVEuRhXxqPVzn71C0gtEA1efUPDR9wgKGsj20422r_KVfzJSeztpp9EqYPw73CTA&amp;oh=00_Af0YJeo7T4Mr9UNH9e5pPPTLh-lqhouNWBpy7hcnDih7Tw&amp;oe=69F3BCDC\">\n\t\t\t\t\t\t\t\t\t<div class=\"sbi_header_img_hover\"  ><svg class=\"sbi_new_logo fa-instagram fa-w-14\" aria-hidden=\"true\" data-fa-processed=\"\" aria-label=\"Instagram\" data-prefix=\"fab\" data-icon=\"instagram\" role=\"img\" viewBox=\"0 0 448 512\">\n                    <path fill=\"currentColor\" d=\"M224.1 141c-63.6 0-114.9 51.3-114.9 114.9s51.3 114.9 114.9 114.9S339 319.5 339 255.9 287.7 141 224.1 141zm0 189.6c-41.1 0-74.7-33.5-74.7-74.7s33.5-74.7 74.7-74.7 74.7 33.5 74.7 74.7-33.6 74.7-74.7 74.7zm146.4-194.3c0 14.9-12 26.8-26.8 26.8-14.9 0-26.8-12-26.8-26.8s12-26.8 26.8-26.8 26.8 12 26.8 26.8zm76.1 27.2c-1.7-35.9-9.9-67.7-36.2-93.9-26.2-26.2-58-34.4-93.9-36.2-37-2.1-147.9-2.1-184.9 0-35.8 1.7-67.6 9.9-93.9 36.1s-34.4 58-36.2 93.9c-2.1 37-2.1 147.9 0 184.9 1.7 35.9 9.9 67.7 36.2 93.9s58 34.4 93.9 36.2c37 2.1 147.9 2.1 184.9 0 35.9-1.7 67.7-9.9 93.9-36.2 26.2-26.2 34.4-58 36.2-93.9 2.1-37 2.1-147.8 0-184.8zM398.8 388c-7.8 19.6-22.9 34.7-42.6 42.6-29.5 11.7-99.5 9-132.1 9s-102.7 2.6-132.1-9c-19.6-7.8-34.7-22.9-42.6-42.6-11.7-29.5-9-99.5-9-132.1s-2.6-102.7 9-132.1c7.8-19.6 22.9-34.7 42.6-42.6 29.5-11.7 99.5-9 132.1-9s102.7-2.6 132.1 9c19.6 7.8 34.7 22.9 42.6 42.6 11.7 29.5 9 99.5 9 132.1s2.7 102.7-9 132.1z\"><\/path>\n                <\/svg><\/div>\n\t\t\t\t\t<img loading=\"lazy\" decoding=\"async\"  src=\"https:\/\/emfv-claix.fr\/wp-content\/uploads\/sb-instagram-feed-images\/espacemusicalfernandveyret.webp\" alt=\"\" width=\"50\" height=\"50\">\n\t\t\t\t\n\t\t\t\t\t\t\t<\/div>\n\n\t\t\t<div class=\"sbi_feedtheme_header_text\">\n\t\t\t\t<h3>espacemusicalfernandveyret<\/h3>\n\t\t\t\t\t\t\t\t\t<p class=\"sbi_bio\">\u00c9cole de musique associative cr\u00e9\u00e9e en 1993<\/p>\n\t\t\t\t\t\t\t<\/div>\n\t\t<\/div>\n\t<\/a>\n<\/div>\n\n\t<div id=\"sbi_images\"  style=\"gap: 10px;\">\n\t\t<div class=\"sbi_item sbi_type_carousel sbi_new sbi_transition\"\n\tid=\"sbi_18147818572485791\" data-date=\"1776698428\">\n\t<div class=\"sbi_photo_wrap\">\n\t\t<a class=\"sbi_photo\" href=\"https:\/\/www.instagram.com\/p\/DXW7jssDOCP\/\" target=\"_blank\" rel=\"noopener nofollow\"\n\t\t\tdata-full-res=\"https:\/\/scontent-cdg6-1.cdninstagram.com\/v\/t51.82787-15\/670482528_17962099788073862_7059034548228758288_n.jpg?stp=dst-jpg_e35_tt6&#038;_nc_cat=103&#038;ccb=7-5&#038;_nc_sid=18de74&#038;efg=eyJlZmdfdGFnIjoiQ0FST1VTRUxfSVRFTS5iZXN0X2ltYWdlX3VybGdlbi5DMyJ9&#038;_nc_ohc=lxZjyFQpQAMQ7kNvwEo15i_&#038;_nc_oc=AdrWd4sHfuWk-BmTPUdoIRApPqGmSp2DrUcP_ZmncLvMGWVwN2bUFv1HA9tUDQfLGkw&#038;_nc_zt=23&#038;_nc_ht=scontent-cdg6-1.cdninstagram.com&#038;edm=ANo9K5cEAAAA&#038;_nc_gid=b0-e-9rSPtLd47nM1JRNxw&#038;_nc_tpa=Q5bMBQG6-GR8dzNIMjTDG16B_t4CCSE2CvvZF-fy1pQjzLDV4KLaFs59WfdWRKgLSnVkjY7Zqeu2HCHltA&#038;oh=00_Af1_mdzYZsroUAi01MmzXpANcWoRkoi-kUZViNVG0vTrgg&#038;oe=69F3C2FF\"\n\t\t\tdata-img-src-set=\"{&quot;d&quot;:&quot;https:\\\/\\\/scontent-cdg6-1.cdninstagram.com\\\/v\\\/t51.82787-15\\\/670482528_17962099788073862_7059034548228758288_n.jpg?stp=dst-jpg_e35_tt6&amp;_nc_cat=103&amp;ccb=7-5&amp;_nc_sid=18de74&amp;efg=eyJlZmdfdGFnIjoiQ0FST1VTRUxfSVRFTS5iZXN0X2ltYWdlX3VybGdlbi5DMyJ9&amp;_nc_ohc=lxZjyFQpQAMQ7kNvwEo15i_&amp;_nc_oc=AdrWd4sHfuWk-BmTPUdoIRApPqGmSp2DrUcP_ZmncLvMGWVwN2bUFv1HA9tUDQfLGkw&amp;_nc_zt=23&amp;_nc_ht=scontent-cdg6-1.cdninstagram.com&amp;edm=ANo9K5cEAAAA&amp;_nc_gid=b0-e-9rSPtLd47nM1JRNxw&amp;_nc_tpa=Q5bMBQG6-GR8dzNIMjTDG16B_t4CCSE2CvvZF-fy1pQjzLDV4KLaFs59WfdWRKgLSnVkjY7Zqeu2HCHltA&amp;oh=00_Af1_mdzYZsroUAi01MmzXpANcWoRkoi-kUZViNVG0vTrgg&amp;oe=69F3C2FF&quot;,&quot;150&quot;:&quot;https:\\\/\\\/scontent-cdg6-1.cdninstagram.com\\\/v\\\/t51.82787-15\\\/670482528_17962099788073862_7059034548228758288_n.jpg?stp=dst-jpg_e35_tt6&amp;_nc_cat=103&amp;ccb=7-5&amp;_nc_sid=18de74&amp;efg=eyJlZmdfdGFnIjoiQ0FST1VTRUxfSVRFTS5iZXN0X2ltYWdlX3VybGdlbi5DMyJ9&amp;_nc_ohc=lxZjyFQpQAMQ7kNvwEo15i_&amp;_nc_oc=AdrWd4sHfuWk-BmTPUdoIRApPqGmSp2DrUcP_ZmncLvMGWVwN2bUFv1HA9tUDQfLGkw&amp;_nc_zt=23&amp;_nc_ht=scontent-cdg6-1.cdninstagram.com&amp;edm=ANo9K5cEAAAA&amp;_nc_gid=b0-e-9rSPtLd47nM1JRNxw&amp;_nc_tpa=Q5bMBQG6-GR8dzNIMjTDG16B_t4CCSE2CvvZF-fy1pQjzLDV4KLaFs59WfdWRKgLSnVkjY7Zqeu2HCHltA&amp;oh=00_Af1_mdzYZsroUAi01MmzXpANcWoRkoi-kUZViNVG0vTrgg&amp;oe=69F3C2FF&quot;,&quot;320&quot;:&quot;https:\\\/\\\/scontent-cdg6-1.cdninstagram.com\\\/v\\\/t51.82787-15\\\/670482528_17962099788073862_7059034548228758288_n.jpg?stp=dst-jpg_e35_tt6&amp;_nc_cat=103&amp;ccb=7-5&amp;_nc_sid=18de74&amp;efg=eyJlZmdfdGFnIjoiQ0FST1VTRUxfSVRFTS5iZXN0X2ltYWdlX3VybGdlbi5DMyJ9&amp;_nc_ohc=lxZjyFQpQAMQ7kNvwEo15i_&amp;_nc_oc=AdrWd4sHfuWk-BmTPUdoIRApPqGmSp2DrUcP_ZmncLvMGWVwN2bUFv1HA9tUDQfLGkw&amp;_nc_zt=23&amp;_nc_ht=scontent-cdg6-1.cdninstagram.com&amp;edm=ANo9K5cEAAAA&amp;_nc_gid=b0-e-9rSPtLd47nM1JRNxw&amp;_nc_tpa=Q5bMBQG6-GR8dzNIMjTDG16B_t4CCSE2CvvZF-fy1pQjzLDV4KLaFs59WfdWRKgLSnVkjY7Zqeu2HCHltA&amp;oh=00_Af1_mdzYZsroUAi01MmzXpANcWoRkoi-kUZViNVG0vTrgg&amp;oe=69F3C2FF&quot;,&quot;640&quot;:&quot;https:\\\/\\\/scontent-cdg6-1.cdninstagram.com\\\/v\\\/t51.82787-15\\\/670482528_17962099788073862_7059034548228758288_n.jpg?stp=dst-jpg_e35_tt6&amp;_nc_cat=103&amp;ccb=7-5&amp;_nc_sid=18de74&amp;efg=eyJlZmdfdGFnIjoiQ0FST1VTRUxfSVRFTS5iZXN0X2ltYWdlX3VybGdlbi5DMyJ9&amp;_nc_ohc=lxZjyFQpQAMQ7kNvwEo15i_&amp;_nc_oc=AdrWd4sHfuWk-BmTPUdoIRApPqGmSp2DrUcP_ZmncLvMGWVwN2bUFv1HA9tUDQfLGkw&amp;_nc_zt=23&amp;_nc_ht=scontent-cdg6-1.cdninstagram.com&amp;edm=ANo9K5cEAAAA&amp;_nc_gid=b0-e-9rSPtLd47nM1JRNxw&amp;_nc_tpa=Q5bMBQG6-GR8dzNIMjTDG16B_t4CCSE2CvvZF-fy1pQjzLDV4KLaFs59WfdWRKgLSnVkjY7Zqeu2HCHltA&amp;oh=00_Af1_mdzYZsroUAi01MmzXpANcWoRkoi-kUZViNVG0vTrgg&amp;oe=69F3C2FF&quot;}\">\n\t\t\t<span class=\"sbi-screenreader\">\ud83e\ude77 Projet FM 2026 &#8211; Le Soldat Rose \ud83e\udd0d\n\nToutes les cl<\/span>\n\t\t\t<svg class=\"svg-inline--fa fa-clone fa-w-16 sbi_lightbox_carousel_icon\" aria-hidden=\"true\" aria-label=\"Clone\" data-fa-pro\u0192cessed=\"\" data-prefix=\"far\" data-icon=\"clone\" role=\"img\" xmlns=\"http:\/\/www.w3.org\/2000\/svg\" viewBox=\"0 0 512 512\">\n                    <path fill=\"currentColor\" d=\"M464 0H144c-26.51 0-48 21.49-48 48v48H48c-26.51 0-48 21.49-48 48v320c0 26.51 21.49 48 48 48h320c26.51 0 48-21.49 48-48v-48h48c26.51 0 48-21.49 48-48V48c0-26.51-21.49-48-48-48zM362 464H54a6 6 0 0 1-6-6V150a6 6 0 0 1 6-6h42v224c0 26.51 21.49 48 48 48h224v42a6 6 0 0 1-6 6zm96-96H150a6 6 0 0 1-6-6V54a6 6 0 0 1 6-6h308a6 6 0 0 1 6 6v308a6 6 0 0 1-6 6z\"><\/path>\n                <\/svg>\t\t\t\t\t\t<img decoding=\"async\" src=\"https:\/\/emfv-claix.fr\/wp-content\/plugins\/instagram-feed\/img\/placeholder.png\" alt=\"\ud83e\ude77 Projet FM 2026 - Le Soldat Rose \ud83e\udd0d\n\nToutes les classes de FM de l&#039;EMFV, de la deuxi\u00e8me \u00e0 la derni\u00e8re ann\u00e9e, ont travaill\u00e9 depuis le mois de janvier sur plusieurs chansons du Soldat Rose.\nEntrecoup\u00e9es de textes r\u00e9cit\u00e9s par les \u00e9l\u00e8ves, les chansons ont donn\u00e9 vie \u00e0 Bettyquette, \u00e0 la Panth\u00e8re noire en peluche, au Petit Chimiste, au Conducteur de train, et tant d&#039;autres.\nPour l&#039;occasion, les \u00e9l\u00e8ves pianistes et guitariste des classes de Le\u00efla, C\u00e9cile, Mina et Aliocha se sont essay\u00e9.e.s \u00e0 l&#039;accompagnement et deux \u00e9l\u00e8ves de Marc sont venues interpr\u00e9ter les r\u00f4les du Soldat Rose et de Made in Asia.\n\nComme quoi le solf\u00e8ge c&#039;est bien plus que lire des notes dans son coin !\n\nMerci aux professeur.e.s de FM : Samar, Mina, Le\u00efla, Florian et Laura \ud83d\udc95 et bien s\u00fbr aux \u00e9l\u00e8ves qui ont \u00e9t\u00e9 formidables \ud83e\udd29\n\n\u00c0 l&#039;ann\u00e9e prochaine pour le 2 ?\" aria-hidden=\"true\">\n\t\t<\/a>\n\t<\/div>\n<\/div><div class=\"sbi_item sbi_type_carousel sbi_new sbi_transition\"\n\tid=\"sbi_17857810986591375\" data-date=\"1767606476\">\n\t<div class=\"sbi_photo_wrap\">\n\t\t<a class=\"sbi_photo\" href=\"https:\/\/www.instagram.com\/p\/DTH-CM5jFOd\/\" target=\"_blank\" rel=\"noopener nofollow\"\n\t\t\tdata-full-res=\"https:\/\/scontent-cdg4-2.cdninstagram.com\/v\/t51.82787-15\/612114599_17949170067073862_919499325953955733_n.jpg?stp=dst-jpg_e35_tt6&#038;_nc_cat=100&#038;ccb=7-5&#038;_nc_sid=18de74&#038;efg=eyJlZmdfdGFnIjoiQ0FST1VTRUxfSVRFTS5iZXN0X2ltYWdlX3VybGdlbi5DMyJ9&#038;_nc_ohc=K7VcYU1xbz4Q7kNvwHyL0mc&#038;_nc_oc=AdqUzjQTqayBmwPiLRXxNOo4VTcePMHhKVJziSnjclhZG_4nU16Vo0ZV-OH4gbtzqdY&#038;_nc_zt=23&#038;_nc_ht=scontent-cdg4-2.cdninstagram.com&#038;edm=ANo9K5cEAAAA&#038;_nc_gid=b0-e-9rSPtLd47nM1JRNxw&#038;_nc_tpa=Q5bMBQFYwur9k4hto6Z5-Tr-oaSs4hzx81H-uemsLCGeRJiac3EXjMl68yXrACii02sTJoNkH9apBhRTLg&#038;oh=00_Af2F0auIWTJ1ex4ybSE7noQeHgVf0udZepBXSCIGAfkBwQ&#038;oe=69F3B807\"\n\t\t\tdata-img-src-set=\"{&quot;d&quot;:&quot;https:\\\/\\\/scontent-cdg4-2.cdninstagram.com\\\/v\\\/t51.82787-15\\\/612114599_17949170067073862_919499325953955733_n.jpg?stp=dst-jpg_e35_tt6&amp;_nc_cat=100&amp;ccb=7-5&amp;_nc_sid=18de74&amp;efg=eyJlZmdfdGFnIjoiQ0FST1VTRUxfSVRFTS5iZXN0X2ltYWdlX3VybGdlbi5DMyJ9&amp;_nc_ohc=K7VcYU1xbz4Q7kNvwHyL0mc&amp;_nc_oc=AdqUzjQTqayBmwPiLRXxNOo4VTcePMHhKVJziSnjclhZG_4nU16Vo0ZV-OH4gbtzqdY&amp;_nc_zt=23&amp;_nc_ht=scontent-cdg4-2.cdninstagram.com&amp;edm=ANo9K5cEAAAA&amp;_nc_gid=b0-e-9rSPtLd47nM1JRNxw&amp;_nc_tpa=Q5bMBQFYwur9k4hto6Z5-Tr-oaSs4hzx81H-uemsLCGeRJiac3EXjMl68yXrACii02sTJoNkH9apBhRTLg&amp;oh=00_Af2F0auIWTJ1ex4ybSE7noQeHgVf0udZepBXSCIGAfkBwQ&amp;oe=69F3B807&quot;,&quot;150&quot;:&quot;https:\\\/\\\/scontent-cdg4-2.cdninstagram.com\\\/v\\\/t51.82787-15\\\/612114599_17949170067073862_919499325953955733_n.jpg?stp=dst-jpg_e35_tt6&amp;_nc_cat=100&amp;ccb=7-5&amp;_nc_sid=18de74&amp;efg=eyJlZmdfdGFnIjoiQ0FST1VTRUxfSVRFTS5iZXN0X2ltYWdlX3VybGdlbi5DMyJ9&amp;_nc_ohc=K7VcYU1xbz4Q7kNvwHyL0mc&amp;_nc_oc=AdqUzjQTqayBmwPiLRXxNOo4VTcePMHhKVJziSnjclhZG_4nU16Vo0ZV-OH4gbtzqdY&amp;_nc_zt=23&amp;_nc_ht=scontent-cdg4-2.cdninstagram.com&amp;edm=ANo9K5cEAAAA&amp;_nc_gid=b0-e-9rSPtLd47nM1JRNxw&amp;_nc_tpa=Q5bMBQFYwur9k4hto6Z5-Tr-oaSs4hzx81H-uemsLCGeRJiac3EXjMl68yXrACii02sTJoNkH9apBhRTLg&amp;oh=00_Af2F0auIWTJ1ex4ybSE7noQeHgVf0udZepBXSCIGAfkBwQ&amp;oe=69F3B807&quot;,&quot;320&quot;:&quot;https:\\\/\\\/scontent-cdg4-2.cdninstagram.com\\\/v\\\/t51.82787-15\\\/612114599_17949170067073862_919499325953955733_n.jpg?stp=dst-jpg_e35_tt6&amp;_nc_cat=100&amp;ccb=7-5&amp;_nc_sid=18de74&amp;efg=eyJlZmdfdGFnIjoiQ0FST1VTRUxfSVRFTS5iZXN0X2ltYWdlX3VybGdlbi5DMyJ9&amp;_nc_ohc=K7VcYU1xbz4Q7kNvwHyL0mc&amp;_nc_oc=AdqUzjQTqayBmwPiLRXxNOo4VTcePMHhKVJziSnjclhZG_4nU16Vo0ZV-OH4gbtzqdY&amp;_nc_zt=23&amp;_nc_ht=scontent-cdg4-2.cdninstagram.com&amp;edm=ANo9K5cEAAAA&amp;_nc_gid=b0-e-9rSPtLd47nM1JRNxw&amp;_nc_tpa=Q5bMBQFYwur9k4hto6Z5-Tr-oaSs4hzx81H-uemsLCGeRJiac3EXjMl68yXrACii02sTJoNkH9apBhRTLg&amp;oh=00_Af2F0auIWTJ1ex4ybSE7noQeHgVf0udZepBXSCIGAfkBwQ&amp;oe=69F3B807&quot;,&quot;640&quot;:&quot;https:\\\/\\\/scontent-cdg4-2.cdninstagram.com\\\/v\\\/t51.82787-15\\\/612114599_17949170067073862_919499325953955733_n.jpg?stp=dst-jpg_e35_tt6&amp;_nc_cat=100&amp;ccb=7-5&amp;_nc_sid=18de74&amp;efg=eyJlZmdfdGFnIjoiQ0FST1VTRUxfSVRFTS5iZXN0X2ltYWdlX3VybGdlbi5DMyJ9&amp;_nc_ohc=K7VcYU1xbz4Q7kNvwHyL0mc&amp;_nc_oc=AdqUzjQTqayBmwPiLRXxNOo4VTcePMHhKVJziSnjclhZG_4nU16Vo0ZV-OH4gbtzqdY&amp;_nc_zt=23&amp;_nc_ht=scontent-cdg4-2.cdninstagram.com&amp;edm=ANo9K5cEAAAA&amp;_nc_gid=b0-e-9rSPtLd47nM1JRNxw&amp;_nc_tpa=Q5bMBQFYwur9k4hto6Z5-Tr-oaSs4hzx81H-uemsLCGeRJiac3EXjMl68yXrACii02sTJoNkH9apBhRTLg&amp;oh=00_Af2F0auIWTJ1ex4ybSE7noQeHgVf0udZepBXSCIGAfkBwQ&amp;oe=69F3B807&quot;}\">\n\t\t\t<span class=\"sbi-screenreader\">Alors que l\u2019on s\u2019appr\u00eate \u00e0 attaquer une nouvelle a<\/span>\n\t\t\t<svg class=\"svg-inline--fa fa-clone fa-w-16 sbi_lightbox_carousel_icon\" aria-hidden=\"true\" aria-label=\"Clone\" data-fa-pro\u0192cessed=\"\" data-prefix=\"far\" data-icon=\"clone\" role=\"img\" xmlns=\"http:\/\/www.w3.org\/2000\/svg\" viewBox=\"0 0 512 512\">\n                    <path fill=\"currentColor\" d=\"M464 0H144c-26.51 0-48 21.49-48 48v48H48c-26.51 0-48 21.49-48 48v320c0 26.51 21.49 48 48 48h320c26.51 0 48-21.49 48-48v-48h48c26.51 0 48-21.49 48-48V48c0-26.51-21.49-48-48-48zM362 464H54a6 6 0 0 1-6-6V150a6 6 0 0 1 6-6h42v224c0 26.51 21.49 48 48 48h224v42a6 6 0 0 1-6 6zm96-96H150a6 6 0 0 1-6-6V54a6 6 0 0 1 6-6h308a6 6 0 0 1 6 6v308a6 6 0 0 1-6 6z\"><\/path>\n                <\/svg>\t\t\t\t\t\t<img decoding=\"async\" src=\"https:\/\/emfv-claix.fr\/wp-content\/plugins\/instagram-feed\/img\/placeholder.png\" alt=\"Alors que l\u2019on s\u2019appr\u00eate \u00e0 attaquer une nouvelle ann\u00e9e, revenons sur la XXI\u00e8me Quinzaine Musicale qui s\u2019est achev\u00e9e le vendredi 19\/12 apr\u00e8s 3 semaines intenses \ud83c\udfb5\u2728\n\nUn gigantesque merci :\n\u2022 aux enseignant.e.s pour leur implication \ud83e\ude77\n\u2022 \u00e0 @minajoy.bs pour les affiches (entre autre) \u2764\ufe0f\n\u2022 aux b\u00e9n\u00e9voles qui nous aident avec le sourire \ud83e\ude75\n\u2022 \u00e0 la direction et au CA pour l\u2019organisation \ud83d\udc9a\n\u2022 aux \u00e9l\u00e8ves pour leur motivation \ud83d\udc9b\n\u2022 \u00e0 Christelle pour la r\u00e9gie sur la majorit\u00e9 des concerts \ud83d\udc9c\n\u2022 au @declicclaix &amp; @villedeclaix \ud83e\udde1\n\nJ\u2019esp\u00e8re que vous vous \u00eates bien repos\u00e9.e.s ces deux derni\u00e8res semaines parce qu\u2019il va se passer plein de choses d\u2019ici la fin de l\u2019ann\u00e9e \ud83e\udea9\" aria-hidden=\"true\">\n\t\t<\/a>\n\t<\/div>\n<\/div><div class=\"sbi_item sbi_type_carousel sbi_new sbi_transition\"\n\tid=\"sbi_17853883062547888\" data-date=\"1765915194\">\n\t<div class=\"sbi_photo_wrap\">\n\t\t<a class=\"sbi_photo\" href=\"https:\/\/www.instagram.com\/p\/DSVkK6QjBLC\/\" target=\"_blank\" rel=\"noopener nofollow\"\n\t\t\tdata-full-res=\"https:\/\/scontent-cdg6-1.cdninstagram.com\/v\/t51.82787-15\/601775972_17946983946073862_4879666269862821241_n.jpg?stp=dst-jpg_e35_tt6&#038;_nc_cat=103&#038;ccb=7-5&#038;_nc_sid=18de74&#038;efg=eyJlZmdfdGFnIjoiQ0FST1VTRUxfSVRFTS5iZXN0X2ltYWdlX3VybGdlbi5DMyJ9&#038;_nc_ohc=OSc6wtrGr5AQ7kNvwF6zP-T&#038;_nc_oc=AdpK1NLXk5alm2QneXeAD3Yc7t2mavTunpfJK6uxxqGh7UCXQIVoTsrqUYoxNtTXXJA&#038;_nc_zt=23&#038;_nc_ht=scontent-cdg6-1.cdninstagram.com&#038;edm=ANo9K5cEAAAA&#038;_nc_gid=b0-e-9rSPtLd47nM1JRNxw&#038;_nc_tpa=Q5bMBQHjQZ-FEo0PcWAMJsuj63OWYvAStTo8xxlV0CBwGV7TmVbBopnQ7xZkiAg4Q3044yEKmLkfduhpzA&#038;oh=00_Af2jo4ykQlPrpoR-o0bwqJFeq8XHci0ZE9sX_fIh1i9hUQ&#038;oe=69F3AB0B\"\n\t\t\tdata-img-src-set=\"{&quot;d&quot;:&quot;https:\\\/\\\/scontent-cdg6-1.cdninstagram.com\\\/v\\\/t51.82787-15\\\/601775972_17946983946073862_4879666269862821241_n.jpg?stp=dst-jpg_e35_tt6&amp;_nc_cat=103&amp;ccb=7-5&amp;_nc_sid=18de74&amp;efg=eyJlZmdfdGFnIjoiQ0FST1VTRUxfSVRFTS5iZXN0X2ltYWdlX3VybGdlbi5DMyJ9&amp;_nc_ohc=OSc6wtrGr5AQ7kNvwF6zP-T&amp;_nc_oc=AdpK1NLXk5alm2QneXeAD3Yc7t2mavTunpfJK6uxxqGh7UCXQIVoTsrqUYoxNtTXXJA&amp;_nc_zt=23&amp;_nc_ht=scontent-cdg6-1.cdninstagram.com&amp;edm=ANo9K5cEAAAA&amp;_nc_gid=b0-e-9rSPtLd47nM1JRNxw&amp;_nc_tpa=Q5bMBQHjQZ-FEo0PcWAMJsuj63OWYvAStTo8xxlV0CBwGV7TmVbBopnQ7xZkiAg4Q3044yEKmLkfduhpzA&amp;oh=00_Af2jo4ykQlPrpoR-o0bwqJFeq8XHci0ZE9sX_fIh1i9hUQ&amp;oe=69F3AB0B&quot;,&quot;150&quot;:&quot;https:\\\/\\\/scontent-cdg6-1.cdninstagram.com\\\/v\\\/t51.82787-15\\\/601775972_17946983946073862_4879666269862821241_n.jpg?stp=dst-jpg_e35_tt6&amp;_nc_cat=103&amp;ccb=7-5&amp;_nc_sid=18de74&amp;efg=eyJlZmdfdGFnIjoiQ0FST1VTRUxfSVRFTS5iZXN0X2ltYWdlX3VybGdlbi5DMyJ9&amp;_nc_ohc=OSc6wtrGr5AQ7kNvwF6zP-T&amp;_nc_oc=AdpK1NLXk5alm2QneXeAD3Yc7t2mavTunpfJK6uxxqGh7UCXQIVoTsrqUYoxNtTXXJA&amp;_nc_zt=23&amp;_nc_ht=scontent-cdg6-1.cdninstagram.com&amp;edm=ANo9K5cEAAAA&amp;_nc_gid=b0-e-9rSPtLd47nM1JRNxw&amp;_nc_tpa=Q5bMBQHjQZ-FEo0PcWAMJsuj63OWYvAStTo8xxlV0CBwGV7TmVbBopnQ7xZkiAg4Q3044yEKmLkfduhpzA&amp;oh=00_Af2jo4ykQlPrpoR-o0bwqJFeq8XHci0ZE9sX_fIh1i9hUQ&amp;oe=69F3AB0B&quot;,&quot;320&quot;:&quot;https:\\\/\\\/scontent-cdg6-1.cdninstagram.com\\\/v\\\/t51.82787-15\\\/601775972_17946983946073862_4879666269862821241_n.jpg?stp=dst-jpg_e35_tt6&amp;_nc_cat=103&amp;ccb=7-5&amp;_nc_sid=18de74&amp;efg=eyJlZmdfdGFnIjoiQ0FST1VTRUxfSVRFTS5iZXN0X2ltYWdlX3VybGdlbi5DMyJ9&amp;_nc_ohc=OSc6wtrGr5AQ7kNvwF6zP-T&amp;_nc_oc=AdpK1NLXk5alm2QneXeAD3Yc7t2mavTunpfJK6uxxqGh7UCXQIVoTsrqUYoxNtTXXJA&amp;_nc_zt=23&amp;_nc_ht=scontent-cdg6-1.cdninstagram.com&amp;edm=ANo9K5cEAAAA&amp;_nc_gid=b0-e-9rSPtLd47nM1JRNxw&amp;_nc_tpa=Q5bMBQHjQZ-FEo0PcWAMJsuj63OWYvAStTo8xxlV0CBwGV7TmVbBopnQ7xZkiAg4Q3044yEKmLkfduhpzA&amp;oh=00_Af2jo4ykQlPrpoR-o0bwqJFeq8XHci0ZE9sX_fIh1i9hUQ&amp;oe=69F3AB0B&quot;,&quot;640&quot;:&quot;https:\\\/\\\/scontent-cdg6-1.cdninstagram.com\\\/v\\\/t51.82787-15\\\/601775972_17946983946073862_4879666269862821241_n.jpg?stp=dst-jpg_e35_tt6&amp;_nc_cat=103&amp;ccb=7-5&amp;_nc_sid=18de74&amp;efg=eyJlZmdfdGFnIjoiQ0FST1VTRUxfSVRFTS5iZXN0X2ltYWdlX3VybGdlbi5DMyJ9&amp;_nc_ohc=OSc6wtrGr5AQ7kNvwF6zP-T&amp;_nc_oc=AdpK1NLXk5alm2QneXeAD3Yc7t2mavTunpfJK6uxxqGh7UCXQIVoTsrqUYoxNtTXXJA&amp;_nc_zt=23&amp;_nc_ht=scontent-cdg6-1.cdninstagram.com&amp;edm=ANo9K5cEAAAA&amp;_nc_gid=b0-e-9rSPtLd47nM1JRNxw&amp;_nc_tpa=Q5bMBQHjQZ-FEo0PcWAMJsuj63OWYvAStTo8xxlV0CBwGV7TmVbBopnQ7xZkiAg4Q3044yEKmLkfduhpzA&amp;oh=00_Af2jo4ykQlPrpoR-o0bwqJFeq8XHci0ZE9sX_fIh1i9hUQ&amp;oe=69F3AB0B&quot;}\">\n\t\t\t<span class=\"sbi-screenreader\">Encore une belle \u00e9dition du Karaoclaix !!\n\u00c7a m\u00e9rit<\/span>\n\t\t\t<svg class=\"svg-inline--fa fa-clone fa-w-16 sbi_lightbox_carousel_icon\" aria-hidden=\"true\" aria-label=\"Clone\" data-fa-pro\u0192cessed=\"\" data-prefix=\"far\" data-icon=\"clone\" role=\"img\" xmlns=\"http:\/\/www.w3.org\/2000\/svg\" viewBox=\"0 0 512 512\">\n                    <path fill=\"currentColor\" d=\"M464 0H144c-26.51 0-48 21.49-48 48v48H48c-26.51 0-48 21.49-48 48v320c0 26.51 21.49 48 48 48h320c26.51 0 48-21.49 48-48v-48h48c26.51 0 48-21.49 48-48V48c0-26.51-21.49-48-48-48zM362 464H54a6 6 0 0 1-6-6V150a6 6 0 0 1 6-6h42v224c0 26.51 21.49 48 48 48h224v42a6 6 0 0 1-6 6zm96-96H150a6 6 0 0 1-6-6V54a6 6 0 0 1 6-6h308a6 6 0 0 1 6 6v308a6 6 0 0 1-6 6z\"><\/path>\n                <\/svg>\t\t\t\t\t\t<img decoding=\"async\" src=\"https:\/\/emfv-claix.fr\/wp-content\/plugins\/instagram-feed\/img\/placeholder.png\" alt=\"Encore une belle \u00e9dition du Karaoclaix !!\n\u00c7a m\u00e9ritait bien un post \u00e0 part, surtout que cette ann\u00e9e nous avons eu l\u2019immense chance d\u2019avoir @leopaul.mtjx en tant que photographe \ud83e\udd29 N\u2019h\u00e9sitez pas \u00e0 aller suivre son compte !\nUn immense merci \u00e0 Mina, Le\u00efla, \u00c9meline, No\u00e9mie, Laurent, Benoit et Florian pour avoir anim\u00e9 cette soir\u00e9e \ud83e\ude77\nUn gigantesque merci \u00e9galement \u00e0 Christelle aux lumi\u00e8res et Cl\u00e9ment au son \ud83d\udc9c\nEt bien s\u00fbr \u00e0 vous, notre public ador\u00e9, qui chante de plus en plus fort d\u2019ann\u00e9e en ann\u00e9e \ud83e\udd70 Une mention sp\u00e9ciale aux enfants qui \u00e9taient particuli\u00e8rement d\u00e9chain\u00e9s ce soir-l\u00e0 !!\nOn a h\u00e2te de l\u2019an prochain \u2764\ufe0f\u200d\ud83d\udd25\" aria-hidden=\"true\">\n\t\t<\/a>\n\t<\/div>\n<\/div><div class=\"sbi_item sbi_type_video sbi_new sbi_transition\"\n\tid=\"sbi_18084374816047161\" data-date=\"1764527883\">\n\t<div class=\"sbi_photo_wrap\">\n\t\t<a class=\"sbi_photo\" href=\"https:\/\/www.instagram.com\/reel\/DRsNNlODLkK\/\" target=\"_blank\" rel=\"noopener nofollow\"\n\t\t\tdata-full-res=\"https:\/\/scontent-cdg4-2.cdninstagram.com\/v\/t51.71878-15\/586869579_823294287186190_3029375310090327876_n.jpg?stp=dst-jpg_e35_tt6&#038;_nc_cat=101&#038;ccb=7-5&#038;_nc_sid=18de74&#038;efg=eyJlZmdfdGFnIjoiQ0xJUFMuYmVzdF9pbWFnZV91cmxnZW4uQzMifQ%3D%3D&#038;_nc_ohc=0p_lVKShiRgQ7kNvwHIoua9&#038;_nc_oc=AdoaoC4vq_iO4zT_FFnmBgrqM5VWMaHXyfnILsm3IC17NOkUJn4neKsPl4JkFcaWmF8&#038;_nc_zt=23&#038;_nc_ht=scontent-cdg4-2.cdninstagram.com&#038;edm=ANo9K5cEAAAA&#038;_nc_gid=b0-e-9rSPtLd47nM1JRNxw&#038;_nc_tpa=Q5bMBQFWRf6Vq09LQ9YicwdPgImIef6QlrAAXsusDZ2MPkgRL2-sbKjEP1PI3tJVgzlcboDYv8mpWpGMlg&#038;oh=00_Af1tuhLf_g08CnslCqclAYXUFWaEC1bp4va57eChr2l0YA&#038;oe=69F392E5\"\n\t\t\tdata-img-src-set=\"{&quot;d&quot;:&quot;https:\\\/\\\/scontent-cdg4-2.cdninstagram.com\\\/v\\\/t51.71878-15\\\/586869579_823294287186190_3029375310090327876_n.jpg?stp=dst-jpg_e35_tt6&amp;_nc_cat=101&amp;ccb=7-5&amp;_nc_sid=18de74&amp;efg=eyJlZmdfdGFnIjoiQ0xJUFMuYmVzdF9pbWFnZV91cmxnZW4uQzMifQ%3D%3D&amp;_nc_ohc=0p_lVKShiRgQ7kNvwHIoua9&amp;_nc_oc=AdoaoC4vq_iO4zT_FFnmBgrqM5VWMaHXyfnILsm3IC17NOkUJn4neKsPl4JkFcaWmF8&amp;_nc_zt=23&amp;_nc_ht=scontent-cdg4-2.cdninstagram.com&amp;edm=ANo9K5cEAAAA&amp;_nc_gid=b0-e-9rSPtLd47nM1JRNxw&amp;_nc_tpa=Q5bMBQFWRf6Vq09LQ9YicwdPgImIef6QlrAAXsusDZ2MPkgRL2-sbKjEP1PI3tJVgzlcboDYv8mpWpGMlg&amp;oh=00_Af1tuhLf_g08CnslCqclAYXUFWaEC1bp4va57eChr2l0YA&amp;oe=69F392E5&quot;,&quot;150&quot;:&quot;https:\\\/\\\/scontent-cdg4-2.cdninstagram.com\\\/v\\\/t51.71878-15\\\/586869579_823294287186190_3029375310090327876_n.jpg?stp=dst-jpg_e35_tt6&amp;_nc_cat=101&amp;ccb=7-5&amp;_nc_sid=18de74&amp;efg=eyJlZmdfdGFnIjoiQ0xJUFMuYmVzdF9pbWFnZV91cmxnZW4uQzMifQ%3D%3D&amp;_nc_ohc=0p_lVKShiRgQ7kNvwHIoua9&amp;_nc_oc=AdoaoC4vq_iO4zT_FFnmBgrqM5VWMaHXyfnILsm3IC17NOkUJn4neKsPl4JkFcaWmF8&amp;_nc_zt=23&amp;_nc_ht=scontent-cdg4-2.cdninstagram.com&amp;edm=ANo9K5cEAAAA&amp;_nc_gid=b0-e-9rSPtLd47nM1JRNxw&amp;_nc_tpa=Q5bMBQFWRf6Vq09LQ9YicwdPgImIef6QlrAAXsusDZ2MPkgRL2-sbKjEP1PI3tJVgzlcboDYv8mpWpGMlg&amp;oh=00_Af1tuhLf_g08CnslCqclAYXUFWaEC1bp4va57eChr2l0YA&amp;oe=69F392E5&quot;,&quot;320&quot;:&quot;https:\\\/\\\/scontent-cdg4-2.cdninstagram.com\\\/v\\\/t51.71878-15\\\/586869579_823294287186190_3029375310090327876_n.jpg?stp=dst-jpg_e35_tt6&amp;_nc_cat=101&amp;ccb=7-5&amp;_nc_sid=18de74&amp;efg=eyJlZmdfdGFnIjoiQ0xJUFMuYmVzdF9pbWFnZV91cmxnZW4uQzMifQ%3D%3D&amp;_nc_ohc=0p_lVKShiRgQ7kNvwHIoua9&amp;_nc_oc=AdoaoC4vq_iO4zT_FFnmBgrqM5VWMaHXyfnILsm3IC17NOkUJn4neKsPl4JkFcaWmF8&amp;_nc_zt=23&amp;_nc_ht=scontent-cdg4-2.cdninstagram.com&amp;edm=ANo9K5cEAAAA&amp;_nc_gid=b0-e-9rSPtLd47nM1JRNxw&amp;_nc_tpa=Q5bMBQFWRf6Vq09LQ9YicwdPgImIef6QlrAAXsusDZ2MPkgRL2-sbKjEP1PI3tJVgzlcboDYv8mpWpGMlg&amp;oh=00_Af1tuhLf_g08CnslCqclAYXUFWaEC1bp4va57eChr2l0YA&amp;oe=69F392E5&quot;,&quot;640&quot;:&quot;https:\\\/\\\/scontent-cdg4-2.cdninstagram.com\\\/v\\\/t51.71878-15\\\/586869579_823294287186190_3029375310090327876_n.jpg?stp=dst-jpg_e35_tt6&amp;_nc_cat=101&amp;ccb=7-5&amp;_nc_sid=18de74&amp;efg=eyJlZmdfdGFnIjoiQ0xJUFMuYmVzdF9pbWFnZV91cmxnZW4uQzMifQ%3D%3D&amp;_nc_ohc=0p_lVKShiRgQ7kNvwHIoua9&amp;_nc_oc=AdoaoC4vq_iO4zT_FFnmBgrqM5VWMaHXyfnILsm3IC17NOkUJn4neKsPl4JkFcaWmF8&amp;_nc_zt=23&amp;_nc_ht=scontent-cdg4-2.cdninstagram.com&amp;edm=ANo9K5cEAAAA&amp;_nc_gid=b0-e-9rSPtLd47nM1JRNxw&amp;_nc_tpa=Q5bMBQFWRf6Vq09LQ9YicwdPgImIef6QlrAAXsusDZ2MPkgRL2-sbKjEP1PI3tJVgzlcboDYv8mpWpGMlg&amp;oh=00_Af1tuhLf_g08CnslCqclAYXUFWaEC1bp4va57eChr2l0YA&amp;oe=69F392E5&quot;}\">\n\t\t\t<span class=\"sbi-screenreader\">Le dimanche 14\/12, lors des concerts de 16h et 18h<\/span>\n\t\t\t\t\t\t<svg style=\"color: rgba(255,255,255,1)\" class=\"svg-inline--fa fa-play fa-w-14 sbi_playbtn\" aria-label=\"Play\" aria-hidden=\"true\" data-fa-processed=\"\" data-prefix=\"fa\" data-icon=\"play\" role=\"presentation\" xmlns=\"http:\/\/www.w3.org\/2000\/svg\" viewBox=\"0 0 448 512\"><path fill=\"currentColor\" d=\"M424.4 214.7L72.4 6.6C43.8-10.3 0 6.1 0 47.9V464c0 37.5 40.7 60.1 72.4 41.3l352-208c31.4-18.5 31.5-64.1 0-82.6z\"><\/path><\/svg>\t\t\t<img decoding=\"async\" src=\"https:\/\/emfv-claix.fr\/wp-content\/plugins\/instagram-feed\/img\/placeholder.png\" alt=\"Le dimanche 14\/12, lors des concerts de 16h et 18h30 au @declicclaix vous aurez le grand plaisir d\u2019entendre un Concertino pour piano compos\u00e9 par Victor Dieny, ancien \u00e9l\u00e8ve et prof de piano \u00e0 l\u2019EMFV et aujourd\u2019hui \u00e9tudiant au CNSMD de Paris !\nPour l\u2019occasion, il nous explique comment lui est venu l\u2019inspiration de cette \u0153uvre, ses inspirations musicales et o\u00f9 se dirige sa carri\u00e8re.\nMerci @victor.dieny pour ton temps et tes r\u00e9ponses !!\" aria-hidden=\"true\">\n\t\t<\/a>\n\t<\/div>\n<\/div><div class=\"sbi_item sbi_type_video sbi_new sbi_transition\"\n\tid=\"sbi_18028549820750192\" data-date=\"1763637375\">\n\t<div class=\"sbi_photo_wrap\">\n\t\t<a class=\"sbi_photo\" href=\"https:\/\/www.instagram.com\/reel\/DRRqigpjMWi\/\" target=\"_blank\" rel=\"noopener nofollow\"\n\t\t\tdata-full-res=\"https:\/\/scontent-cdg4-1.cdninstagram.com\/v\/t51.82787-15\/584092216_17944156035073862_7933616209979302001_n.jpg?stp=dst-jpg_e35_tt6&#038;_nc_cat=104&#038;ccb=7-5&#038;_nc_sid=18de74&#038;efg=eyJlZmdfdGFnIjoiQ0xJUFMuYmVzdF9pbWFnZV91cmxnZW4uQzMifQ%3D%3D&#038;_nc_ohc=CPlZAOr_-a0Q7kNvwFpjLFR&#038;_nc_oc=AdoFMgNy37A3bvkHOMuo3AzquDYhnFclBhWzmZjkyJ23LfaDjtcRyqN1zIHo7s8WR4E&#038;_nc_zt=23&#038;_nc_ht=scontent-cdg4-1.cdninstagram.com&#038;edm=ANo9K5cEAAAA&#038;_nc_gid=b0-e-9rSPtLd47nM1JRNxw&#038;_nc_tpa=Q5bMBQGtF7j1EuTptj-ZYeUCjrzDgFHpKQAoKhUSU5augRHRcS4QFreL8-w9f7iKPV1RKqOpA_lxpnr68Q&#038;oh=00_Af0ACaFKl8TsgVoaLgm2ISfthemfK8sOdUZ4hs09iKogag&#038;oe=69F3C0E8\"\n\t\t\tdata-img-src-set=\"{&quot;d&quot;:&quot;https:\\\/\\\/scontent-cdg4-1.cdninstagram.com\\\/v\\\/t51.82787-15\\\/584092216_17944156035073862_7933616209979302001_n.jpg?stp=dst-jpg_e35_tt6&amp;_nc_cat=104&amp;ccb=7-5&amp;_nc_sid=18de74&amp;efg=eyJlZmdfdGFnIjoiQ0xJUFMuYmVzdF9pbWFnZV91cmxnZW4uQzMifQ%3D%3D&amp;_nc_ohc=CPlZAOr_-a0Q7kNvwFpjLFR&amp;_nc_oc=AdoFMgNy37A3bvkHOMuo3AzquDYhnFclBhWzmZjkyJ23LfaDjtcRyqN1zIHo7s8WR4E&amp;_nc_zt=23&amp;_nc_ht=scontent-cdg4-1.cdninstagram.com&amp;edm=ANo9K5cEAAAA&amp;_nc_gid=b0-e-9rSPtLd47nM1JRNxw&amp;_nc_tpa=Q5bMBQGtF7j1EuTptj-ZYeUCjrzDgFHpKQAoKhUSU5augRHRcS4QFreL8-w9f7iKPV1RKqOpA_lxpnr68Q&amp;oh=00_Af0ACaFKl8TsgVoaLgm2ISfthemfK8sOdUZ4hs09iKogag&amp;oe=69F3C0E8&quot;,&quot;150&quot;:&quot;https:\\\/\\\/scontent-cdg4-1.cdninstagram.com\\\/v\\\/t51.82787-15\\\/584092216_17944156035073862_7933616209979302001_n.jpg?stp=dst-jpg_e35_tt6&amp;_nc_cat=104&amp;ccb=7-5&amp;_nc_sid=18de74&amp;efg=eyJlZmdfdGFnIjoiQ0xJUFMuYmVzdF9pbWFnZV91cmxnZW4uQzMifQ%3D%3D&amp;_nc_ohc=CPlZAOr_-a0Q7kNvwFpjLFR&amp;_nc_oc=AdoFMgNy37A3bvkHOMuo3AzquDYhnFclBhWzmZjkyJ23LfaDjtcRyqN1zIHo7s8WR4E&amp;_nc_zt=23&amp;_nc_ht=scontent-cdg4-1.cdninstagram.com&amp;edm=ANo9K5cEAAAA&amp;_nc_gid=b0-e-9rSPtLd47nM1JRNxw&amp;_nc_tpa=Q5bMBQGtF7j1EuTptj-ZYeUCjrzDgFHpKQAoKhUSU5augRHRcS4QFreL8-w9f7iKPV1RKqOpA_lxpnr68Q&amp;oh=00_Af0ACaFKl8TsgVoaLgm2ISfthemfK8sOdUZ4hs09iKogag&amp;oe=69F3C0E8&quot;,&quot;320&quot;:&quot;https:\\\/\\\/scontent-cdg4-1.cdninstagram.com\\\/v\\\/t51.82787-15\\\/584092216_17944156035073862_7933616209979302001_n.jpg?stp=dst-jpg_e35_tt6&amp;_nc_cat=104&amp;ccb=7-5&amp;_nc_sid=18de74&amp;efg=eyJlZmdfdGFnIjoiQ0xJUFMuYmVzdF9pbWFnZV91cmxnZW4uQzMifQ%3D%3D&amp;_nc_ohc=CPlZAOr_-a0Q7kNvwFpjLFR&amp;_nc_oc=AdoFMgNy37A3bvkHOMuo3AzquDYhnFclBhWzmZjkyJ23LfaDjtcRyqN1zIHo7s8WR4E&amp;_nc_zt=23&amp;_nc_ht=scontent-cdg4-1.cdninstagram.com&amp;edm=ANo9K5cEAAAA&amp;_nc_gid=b0-e-9rSPtLd47nM1JRNxw&amp;_nc_tpa=Q5bMBQGtF7j1EuTptj-ZYeUCjrzDgFHpKQAoKhUSU5augRHRcS4QFreL8-w9f7iKPV1RKqOpA_lxpnr68Q&amp;oh=00_Af0ACaFKl8TsgVoaLgm2ISfthemfK8sOdUZ4hs09iKogag&amp;oe=69F3C0E8&quot;,&quot;640&quot;:&quot;https:\\\/\\\/scontent-cdg4-1.cdninstagram.com\\\/v\\\/t51.82787-15\\\/584092216_17944156035073862_7933616209979302001_n.jpg?stp=dst-jpg_e35_tt6&amp;_nc_cat=104&amp;ccb=7-5&amp;_nc_sid=18de74&amp;efg=eyJlZmdfdGFnIjoiQ0xJUFMuYmVzdF9pbWFnZV91cmxnZW4uQzMifQ%3D%3D&amp;_nc_ohc=CPlZAOr_-a0Q7kNvwFpjLFR&amp;_nc_oc=AdoFMgNy37A3bvkHOMuo3AzquDYhnFclBhWzmZjkyJ23LfaDjtcRyqN1zIHo7s8WR4E&amp;_nc_zt=23&amp;_nc_ht=scontent-cdg4-1.cdninstagram.com&amp;edm=ANo9K5cEAAAA&amp;_nc_gid=b0-e-9rSPtLd47nM1JRNxw&amp;_nc_tpa=Q5bMBQGtF7j1EuTptj-ZYeUCjrzDgFHpKQAoKhUSU5augRHRcS4QFreL8-w9f7iKPV1RKqOpA_lxpnr68Q&amp;oh=00_Af0ACaFKl8TsgVoaLgm2ISfthemfK8sOdUZ4hs09iKogag&amp;oe=69F3C0E8&quot;}\">\n\t\t\t<span class=\"sbi-screenreader\">Cette ann\u00e9e, on a laiss\u00e9 le soin \u00e0 Benoit de pr\u00e9pa<\/span>\n\t\t\t\t\t\t<svg style=\"color: rgba(255,255,255,1)\" class=\"svg-inline--fa fa-play fa-w-14 sbi_playbtn\" aria-label=\"Play\" aria-hidden=\"true\" data-fa-processed=\"\" data-prefix=\"fa\" data-icon=\"play\" role=\"presentation\" xmlns=\"http:\/\/www.w3.org\/2000\/svg\" viewBox=\"0 0 448 512\"><path fill=\"currentColor\" d=\"M424.4 214.7L72.4 6.6C43.8-10.3 0 6.1 0 47.9V464c0 37.5 40.7 60.1 72.4 41.3l352-208c31.4-18.5 31.5-64.1 0-82.6z\"><\/path><\/svg>\t\t\t<img decoding=\"async\" src=\"https:\/\/emfv-claix.fr\/wp-content\/plugins\/instagram-feed\/img\/placeholder.png\" alt=\"Cette ann\u00e9e, on a laiss\u00e9 le soin \u00e0 Benoit de pr\u00e9parer la set list mais on l\u2019a vite regrett\u00e9\u2026\nOn se retrouve avec plein de dessins et pas beaucoup de temps pour retrouver les morceaux et les apprendre !!!\n\nEst-ce que cette ann\u00e9e encore on peut compter sur vous pour nous aider \u00e0 retrouver les titres des chansons ?\n\n\u00c0 demain pour la premi\u00e8re !\nNe nous laissez pas tomber \ud83d\ude2d\ud83d\ude4f\ud83c\udffb \n\nPS : aucun directeur n\u2019a \u00e9t\u00e9 maltrait\u00e9 durant le tournage de cette vid\u00e9o.\" aria-hidden=\"true\">\n\t\t<\/a>\n\t<\/div>\n<\/div><div class=\"sbi_item sbi_type_carousel sbi_new sbi_transition\"\n\tid=\"sbi_17888540559384989\" data-date=\"1763134959\">\n\t<div class=\"sbi_photo_wrap\">\n\t\t<a class=\"sbi_photo\" href=\"https:\/\/www.instagram.com\/p\/DRCtSxljP6a\/\" target=\"_blank\" rel=\"noopener nofollow\"\n\t\t\tdata-full-res=\"https:\/\/scontent-cdg4-2.cdninstagram.com\/v\/t51.82787-15\/581223070_17943583842073862_135630194656638961_n.jpg?stp=dst-jpg_e35_tt6&#038;_nc_cat=109&#038;ccb=7-5&#038;_nc_sid=18de74&#038;efg=eyJlZmdfdGFnIjoiQ0FST1VTRUxfSVRFTS5iZXN0X2ltYWdlX3VybGdlbi5DMyJ9&#038;_nc_ohc=p9tHKvU4ALEQ7kNvwHS7J9D&#038;_nc_oc=AdpIp_q8UeW-t0tnEaRTDUglGfxsjCa8sOdyRVRjNdWOnQJ1mt7TKFSE8giDYq0QlKs&#038;_nc_zt=23&#038;_nc_ht=scontent-cdg4-2.cdninstagram.com&#038;edm=ANo9K5cEAAAA&#038;_nc_gid=b0-e-9rSPtLd47nM1JRNxw&#038;_nc_tpa=Q5bMBQFruKBUwkYG5csUGGD1WLJ2sMwBaWyMtvtOdhduuAFcodIb0oMKkooww7o3i4YmDg6Ku5kMDSc-Jg&#038;oh=00_Af3DUV6OrO-UXpUXlR4tUIhd3gvZG8y3sNoZrPFccqi54w&#038;oe=69F3C331\"\n\t\t\tdata-img-src-set=\"{&quot;d&quot;:&quot;https:\\\/\\\/scontent-cdg4-2.cdninstagram.com\\\/v\\\/t51.82787-15\\\/581223070_17943583842073862_135630194656638961_n.jpg?stp=dst-jpg_e35_tt6&amp;_nc_cat=109&amp;ccb=7-5&amp;_nc_sid=18de74&amp;efg=eyJlZmdfdGFnIjoiQ0FST1VTRUxfSVRFTS5iZXN0X2ltYWdlX3VybGdlbi5DMyJ9&amp;_nc_ohc=p9tHKvU4ALEQ7kNvwHS7J9D&amp;_nc_oc=AdpIp_q8UeW-t0tnEaRTDUglGfxsjCa8sOdyRVRjNdWOnQJ1mt7TKFSE8giDYq0QlKs&amp;_nc_zt=23&amp;_nc_ht=scontent-cdg4-2.cdninstagram.com&amp;edm=ANo9K5cEAAAA&amp;_nc_gid=b0-e-9rSPtLd47nM1JRNxw&amp;_nc_tpa=Q5bMBQFruKBUwkYG5csUGGD1WLJ2sMwBaWyMtvtOdhduuAFcodIb0oMKkooww7o3i4YmDg6Ku5kMDSc-Jg&amp;oh=00_Af3DUV6OrO-UXpUXlR4tUIhd3gvZG8y3sNoZrPFccqi54w&amp;oe=69F3C331&quot;,&quot;150&quot;:&quot;https:\\\/\\\/scontent-cdg4-2.cdninstagram.com\\\/v\\\/t51.82787-15\\\/581223070_17943583842073862_135630194656638961_n.jpg?stp=dst-jpg_e35_tt6&amp;_nc_cat=109&amp;ccb=7-5&amp;_nc_sid=18de74&amp;efg=eyJlZmdfdGFnIjoiQ0FST1VTRUxfSVRFTS5iZXN0X2ltYWdlX3VybGdlbi5DMyJ9&amp;_nc_ohc=p9tHKvU4ALEQ7kNvwHS7J9D&amp;_nc_oc=AdpIp_q8UeW-t0tnEaRTDUglGfxsjCa8sOdyRVRjNdWOnQJ1mt7TKFSE8giDYq0QlKs&amp;_nc_zt=23&amp;_nc_ht=scontent-cdg4-2.cdninstagram.com&amp;edm=ANo9K5cEAAAA&amp;_nc_gid=b0-e-9rSPtLd47nM1JRNxw&amp;_nc_tpa=Q5bMBQFruKBUwkYG5csUGGD1WLJ2sMwBaWyMtvtOdhduuAFcodIb0oMKkooww7o3i4YmDg6Ku5kMDSc-Jg&amp;oh=00_Af3DUV6OrO-UXpUXlR4tUIhd3gvZG8y3sNoZrPFccqi54w&amp;oe=69F3C331&quot;,&quot;320&quot;:&quot;https:\\\/\\\/scontent-cdg4-2.cdninstagram.com\\\/v\\\/t51.82787-15\\\/581223070_17943583842073862_135630194656638961_n.jpg?stp=dst-jpg_e35_tt6&amp;_nc_cat=109&amp;ccb=7-5&amp;_nc_sid=18de74&amp;efg=eyJlZmdfdGFnIjoiQ0FST1VTRUxfSVRFTS5iZXN0X2ltYWdlX3VybGdlbi5DMyJ9&amp;_nc_ohc=p9tHKvU4ALEQ7kNvwHS7J9D&amp;_nc_oc=AdpIp_q8UeW-t0tnEaRTDUglGfxsjCa8sOdyRVRjNdWOnQJ1mt7TKFSE8giDYq0QlKs&amp;_nc_zt=23&amp;_nc_ht=scontent-cdg4-2.cdninstagram.com&amp;edm=ANo9K5cEAAAA&amp;_nc_gid=b0-e-9rSPtLd47nM1JRNxw&amp;_nc_tpa=Q5bMBQFruKBUwkYG5csUGGD1WLJ2sMwBaWyMtvtOdhduuAFcodIb0oMKkooww7o3i4YmDg6Ku5kMDSc-Jg&amp;oh=00_Af3DUV6OrO-UXpUXlR4tUIhd3gvZG8y3sNoZrPFccqi54w&amp;oe=69F3C331&quot;,&quot;640&quot;:&quot;https:\\\/\\\/scontent-cdg4-2.cdninstagram.com\\\/v\\\/t51.82787-15\\\/581223070_17943583842073862_135630194656638961_n.jpg?stp=dst-jpg_e35_tt6&amp;_nc_cat=109&amp;ccb=7-5&amp;_nc_sid=18de74&amp;efg=eyJlZmdfdGFnIjoiQ0FST1VTRUxfSVRFTS5iZXN0X2ltYWdlX3VybGdlbi5DMyJ9&amp;_nc_ohc=p9tHKvU4ALEQ7kNvwHS7J9D&amp;_nc_oc=AdpIp_q8UeW-t0tnEaRTDUglGfxsjCa8sOdyRVRjNdWOnQJ1mt7TKFSE8giDYq0QlKs&amp;_nc_zt=23&amp;_nc_ht=scontent-cdg4-2.cdninstagram.com&amp;edm=ANo9K5cEAAAA&amp;_nc_gid=b0-e-9rSPtLd47nM1JRNxw&amp;_nc_tpa=Q5bMBQFruKBUwkYG5csUGGD1WLJ2sMwBaWyMtvtOdhduuAFcodIb0oMKkooww7o3i4YmDg6Ku5kMDSc-Jg&amp;oh=00_Af3DUV6OrO-UXpUXlR4tUIhd3gvZG8y3sNoZrPFccqi54w&amp;oe=69F3C331&quot;}\">\n\t\t\t<span class=\"sbi-screenreader\">Le programme tant attendu de la XXI\u00e8me Quinzaine M<\/span>\n\t\t\t<svg class=\"svg-inline--fa fa-clone fa-w-16 sbi_lightbox_carousel_icon\" aria-hidden=\"true\" aria-label=\"Clone\" data-fa-pro\u0192cessed=\"\" data-prefix=\"far\" data-icon=\"clone\" role=\"img\" xmlns=\"http:\/\/www.w3.org\/2000\/svg\" viewBox=\"0 0 512 512\">\n                    <path fill=\"currentColor\" d=\"M464 0H144c-26.51 0-48 21.49-48 48v48H48c-26.51 0-48 21.49-48 48v320c0 26.51 21.49 48 48 48h320c26.51 0 48-21.49 48-48v-48h48c26.51 0 48-21.49 48-48V48c0-26.51-21.49-48-48-48zM362 464H54a6 6 0 0 1-6-6V150a6 6 0 0 1 6-6h42v224c0 26.51 21.49 48 48 48h224v42a6 6 0 0 1-6 6zm96-96H150a6 6 0 0 1-6-6V54a6 6 0 0 1 6-6h308a6 6 0 0 1 6 6v308a6 6 0 0 1-6 6z\"><\/path>\n                <\/svg>\t\t\t\t\t\t<img decoding=\"async\" src=\"https:\/\/emfv-claix.fr\/wp-content\/plugins\/instagram-feed\/img\/placeholder.png\" alt=\"Le programme tant attendu de la XXI\u00e8me Quinzaine Musicale \ud83e\udd29\nPour quel(s) concert(s) avez-vous le plus h\u00e2te ??\" aria-hidden=\"true\">\n\t\t<\/a>\n\t<\/div>\n<\/div><div class=\"sbi_item sbi_type_carousel sbi_new sbi_transition\"\n\tid=\"sbi_17988329036688664\" data-date=\"1752607008\">\n\t<div class=\"sbi_photo_wrap\">\n\t\t<a class=\"sbi_photo\" href=\"https:\/\/www.instagram.com\/p\/DMI80fXNIsu\/\" target=\"_blank\" rel=\"noopener nofollow\"\n\t\t\tdata-full-res=\"https:\/\/scontent-cdg4-1.cdninstagram.com\/v\/t51.82787-15\/519669890_17930004168073862_354440980388795250_n.jpg?stp=dst-jpg_e35_tt6&#038;_nc_cat=108&#038;ccb=7-5&#038;_nc_sid=18de74&#038;efg=eyJlZmdfdGFnIjoiQ0FST1VTRUxfSVRFTS5iZXN0X2ltYWdlX3VybGdlbi5DMyJ9&#038;_nc_ohc=UWzym9KOz78Q7kNvwHFr8Qo&#038;_nc_oc=Ado0kw0udzbP9To5noumspkh6gU4BzAVBN30r3T8I0TuLKCm-jusa0QZvMfJkQQ7lpo&#038;_nc_zt=23&#038;_nc_ht=scontent-cdg4-1.cdninstagram.com&#038;edm=ANo9K5cEAAAA&#038;_nc_gid=b0-e-9rSPtLd47nM1JRNxw&#038;_nc_tpa=Q5bMBQFEvSxZmj86MTGwBATMLKCo8ie711jG3LrRybbJMn9Ek6P9qb_8-xZimJLO_5fsVN7JV_p_oXWj1A&#038;oh=00_Af2VnzzOuhWBedK3frXL59_dK_vk81N67q58r8R_f4kdxA&#038;oe=69F3A977\"\n\t\t\tdata-img-src-set=\"{&quot;d&quot;:&quot;https:\\\/\\\/scontent-cdg4-1.cdninstagram.com\\\/v\\\/t51.82787-15\\\/519669890_17930004168073862_354440980388795250_n.jpg?stp=dst-jpg_e35_tt6&amp;_nc_cat=108&amp;ccb=7-5&amp;_nc_sid=18de74&amp;efg=eyJlZmdfdGFnIjoiQ0FST1VTRUxfSVRFTS5iZXN0X2ltYWdlX3VybGdlbi5DMyJ9&amp;_nc_ohc=UWzym9KOz78Q7kNvwHFr8Qo&amp;_nc_oc=Ado0kw0udzbP9To5noumspkh6gU4BzAVBN30r3T8I0TuLKCm-jusa0QZvMfJkQQ7lpo&amp;_nc_zt=23&amp;_nc_ht=scontent-cdg4-1.cdninstagram.com&amp;edm=ANo9K5cEAAAA&amp;_nc_gid=b0-e-9rSPtLd47nM1JRNxw&amp;_nc_tpa=Q5bMBQFEvSxZmj86MTGwBATMLKCo8ie711jG3LrRybbJMn9Ek6P9qb_8-xZimJLO_5fsVN7JV_p_oXWj1A&amp;oh=00_Af2VnzzOuhWBedK3frXL59_dK_vk81N67q58r8R_f4kdxA&amp;oe=69F3A977&quot;,&quot;150&quot;:&quot;https:\\\/\\\/scontent-cdg4-1.cdninstagram.com\\\/v\\\/t51.82787-15\\\/519669890_17930004168073862_354440980388795250_n.jpg?stp=dst-jpg_e35_tt6&amp;_nc_cat=108&amp;ccb=7-5&amp;_nc_sid=18de74&amp;efg=eyJlZmdfdGFnIjoiQ0FST1VTRUxfSVRFTS5iZXN0X2ltYWdlX3VybGdlbi5DMyJ9&amp;_nc_ohc=UWzym9KOz78Q7kNvwHFr8Qo&amp;_nc_oc=Ado0kw0udzbP9To5noumspkh6gU4BzAVBN30r3T8I0TuLKCm-jusa0QZvMfJkQQ7lpo&amp;_nc_zt=23&amp;_nc_ht=scontent-cdg4-1.cdninstagram.com&amp;edm=ANo9K5cEAAAA&amp;_nc_gid=b0-e-9rSPtLd47nM1JRNxw&amp;_nc_tpa=Q5bMBQFEvSxZmj86MTGwBATMLKCo8ie711jG3LrRybbJMn9Ek6P9qb_8-xZimJLO_5fsVN7JV_p_oXWj1A&amp;oh=00_Af2VnzzOuhWBedK3frXL59_dK_vk81N67q58r8R_f4kdxA&amp;oe=69F3A977&quot;,&quot;320&quot;:&quot;https:\\\/\\\/scontent-cdg4-1.cdninstagram.com\\\/v\\\/t51.82787-15\\\/519669890_17930004168073862_354440980388795250_n.jpg?stp=dst-jpg_e35_tt6&amp;_nc_cat=108&amp;ccb=7-5&amp;_nc_sid=18de74&amp;efg=eyJlZmdfdGFnIjoiQ0FST1VTRUxfSVRFTS5iZXN0X2ltYWdlX3VybGdlbi5DMyJ9&amp;_nc_ohc=UWzym9KOz78Q7kNvwHFr8Qo&amp;_nc_oc=Ado0kw0udzbP9To5noumspkh6gU4BzAVBN30r3T8I0TuLKCm-jusa0QZvMfJkQQ7lpo&amp;_nc_zt=23&amp;_nc_ht=scontent-cdg4-1.cdninstagram.com&amp;edm=ANo9K5cEAAAA&amp;_nc_gid=b0-e-9rSPtLd47nM1JRNxw&amp;_nc_tpa=Q5bMBQFEvSxZmj86MTGwBATMLKCo8ie711jG3LrRybbJMn9Ek6P9qb_8-xZimJLO_5fsVN7JV_p_oXWj1A&amp;oh=00_Af2VnzzOuhWBedK3frXL59_dK_vk81N67q58r8R_f4kdxA&amp;oe=69F3A977&quot;,&quot;640&quot;:&quot;https:\\\/\\\/scontent-cdg4-1.cdninstagram.com\\\/v\\\/t51.82787-15\\\/519669890_17930004168073862_354440980388795250_n.jpg?stp=dst-jpg_e35_tt6&amp;_nc_cat=108&amp;ccb=7-5&amp;_nc_sid=18de74&amp;efg=eyJlZmdfdGFnIjoiQ0FST1VTRUxfSVRFTS5iZXN0X2ltYWdlX3VybGdlbi5DMyJ9&amp;_nc_ohc=UWzym9KOz78Q7kNvwHFr8Qo&amp;_nc_oc=Ado0kw0udzbP9To5noumspkh6gU4BzAVBN30r3T8I0TuLKCm-jusa0QZvMfJkQQ7lpo&amp;_nc_zt=23&amp;_nc_ht=scontent-cdg4-1.cdninstagram.com&amp;edm=ANo9K5cEAAAA&amp;_nc_gid=b0-e-9rSPtLd47nM1JRNxw&amp;_nc_tpa=Q5bMBQFEvSxZmj86MTGwBATMLKCo8ie711jG3LrRybbJMn9Ek6P9qb_8-xZimJLO_5fsVN7JV_p_oXWj1A&amp;oh=00_Af2VnzzOuhWBedK3frXL59_dK_vk81N67q58r8R_f4kdxA&amp;oe=69F3A977&quot;}\">\n\t\t\t<span class=\"sbi-screenreader\">\u2728 L\u2019ann\u00e9e 2024-2025 s\u2019ach\u00e8ve \u2728\nMerci \u00e0 toutes les <\/span>\n\t\t\t<svg class=\"svg-inline--fa fa-clone fa-w-16 sbi_lightbox_carousel_icon\" aria-hidden=\"true\" aria-label=\"Clone\" data-fa-pro\u0192cessed=\"\" data-prefix=\"far\" data-icon=\"clone\" role=\"img\" xmlns=\"http:\/\/www.w3.org\/2000\/svg\" viewBox=\"0 0 512 512\">\n                    <path fill=\"currentColor\" d=\"M464 0H144c-26.51 0-48 21.49-48 48v48H48c-26.51 0-48 21.49-48 48v320c0 26.51 21.49 48 48 48h320c26.51 0 48-21.49 48-48v-48h48c26.51 0 48-21.49 48-48V48c0-26.51-21.49-48-48-48zM362 464H54a6 6 0 0 1-6-6V150a6 6 0 0 1 6-6h42v224c0 26.51 21.49 48 48 48h224v42a6 6 0 0 1-6 6zm96-96H150a6 6 0 0 1-6-6V54a6 6 0 0 1 6-6h308a6 6 0 0 1 6 6v308a6 6 0 0 1-6 6z\"><\/path>\n                <\/svg>\t\t\t\t\t\t<img decoding=\"async\" src=\"https:\/\/emfv-claix.fr\/wp-content\/plugins\/instagram-feed\/img\/placeholder.png\" alt=\"\u2728 L\u2019ann\u00e9e 2024-2025 s\u2019ach\u00e8ve \u2728\nMerci \u00e0 toutes les personnes qui ont particip\u00e9 \u00e0 faire vivre tous ces \u00e9v\u00e9nements : entre la Quinzaine Musicale, le festival Belles Musiques, les concerts du Seyssymphonique, le Grand Projet \u00ab\u00a0Classic is Back\u00a0\u00bb et le stage d\u2019harmonie, on aura pas ch\u00f4m\u00e9 !\nOn se retrouve en septembre apr\u00e8s une pause bien m\u00e9rit\u00e9e ! \ud83d\udc99\" aria-hidden=\"true\">\n\t\t<\/a>\n\t<\/div>\n<\/div><div class=\"sbi_item sbi_type_image sbi_new sbi_transition\"\n\tid=\"sbi_18081425488812599\" data-date=\"1748888618\">\n\t<div class=\"sbi_photo_wrap\">\n\t\t<a class=\"sbi_photo\" href=\"https:\/\/www.instagram.com\/p\/DKaIjZmNqjG\/\" target=\"_blank\" rel=\"noopener nofollow\"\n\t\t\tdata-full-res=\"https:\/\/scontent-cdg6-1.cdninstagram.com\/v\/t51.75761-15\/503065935_17925096192073862_4797884827687065754_n.jpg?stp=dst-jpg_e35_tt6&#038;_nc_cat=103&#038;ccb=7-5&#038;_nc_sid=18de74&#038;efg=eyJlZmdfdGFnIjoiRkVFRC5iZXN0X2ltYWdlX3VybGdlbi5DMyJ9&#038;_nc_ohc=EnK48LfYcaYQ7kNvwFu1mDt&#038;_nc_oc=AdpTtgj96p_IpKuJVMylg200XLmyro0VIPDS772Zp9zLk1JZ01sYymItxxWOENIPBMg&#038;_nc_zt=23&#038;_nc_ht=scontent-cdg6-1.cdninstagram.com&#038;edm=ANo9K5cEAAAA&#038;_nc_gid=b0-e-9rSPtLd47nM1JRNxw&#038;_nc_tpa=Q5bMBQFMUMF_lucuL9gpoTGQyWOLFWweVxdGCDbEP1aKDPuB9tmO4x-cXwxb68HLc_4KGaK5SxAVqitQdA&#038;oh=00_Af1LvehlH8qk4e6qWPIEaEKAeU-a0a39C4ahOguKBwxUKw&#038;oe=69F39AF7\"\n\t\t\tdata-img-src-set=\"{&quot;d&quot;:&quot;https:\\\/\\\/scontent-cdg6-1.cdninstagram.com\\\/v\\\/t51.75761-15\\\/503065935_17925096192073862_4797884827687065754_n.jpg?stp=dst-jpg_e35_tt6&amp;_nc_cat=103&amp;ccb=7-5&amp;_nc_sid=18de74&amp;efg=eyJlZmdfdGFnIjoiRkVFRC5iZXN0X2ltYWdlX3VybGdlbi5DMyJ9&amp;_nc_ohc=EnK48LfYcaYQ7kNvwFu1mDt&amp;_nc_oc=AdpTtgj96p_IpKuJVMylg200XLmyro0VIPDS772Zp9zLk1JZ01sYymItxxWOENIPBMg&amp;_nc_zt=23&amp;_nc_ht=scontent-cdg6-1.cdninstagram.com&amp;edm=ANo9K5cEAAAA&amp;_nc_gid=b0-e-9rSPtLd47nM1JRNxw&amp;_nc_tpa=Q5bMBQFMUMF_lucuL9gpoTGQyWOLFWweVxdGCDbEP1aKDPuB9tmO4x-cXwxb68HLc_4KGaK5SxAVqitQdA&amp;oh=00_Af1LvehlH8qk4e6qWPIEaEKAeU-a0a39C4ahOguKBwxUKw&amp;oe=69F39AF7&quot;,&quot;150&quot;:&quot;https:\\\/\\\/scontent-cdg6-1.cdninstagram.com\\\/v\\\/t51.75761-15\\\/503065935_17925096192073862_4797884827687065754_n.jpg?stp=dst-jpg_e35_tt6&amp;_nc_cat=103&amp;ccb=7-5&amp;_nc_sid=18de74&amp;efg=eyJlZmdfdGFnIjoiRkVFRC5iZXN0X2ltYWdlX3VybGdlbi5DMyJ9&amp;_nc_ohc=EnK48LfYcaYQ7kNvwFu1mDt&amp;_nc_oc=AdpTtgj96p_IpKuJVMylg200XLmyro0VIPDS772Zp9zLk1JZ01sYymItxxWOENIPBMg&amp;_nc_zt=23&amp;_nc_ht=scontent-cdg6-1.cdninstagram.com&amp;edm=ANo9K5cEAAAA&amp;_nc_gid=b0-e-9rSPtLd47nM1JRNxw&amp;_nc_tpa=Q5bMBQFMUMF_lucuL9gpoTGQyWOLFWweVxdGCDbEP1aKDPuB9tmO4x-cXwxb68HLc_4KGaK5SxAVqitQdA&amp;oh=00_Af1LvehlH8qk4e6qWPIEaEKAeU-a0a39C4ahOguKBwxUKw&amp;oe=69F39AF7&quot;,&quot;320&quot;:&quot;https:\\\/\\\/scontent-cdg6-1.cdninstagram.com\\\/v\\\/t51.75761-15\\\/503065935_17925096192073862_4797884827687065754_n.jpg?stp=dst-jpg_e35_tt6&amp;_nc_cat=103&amp;ccb=7-5&amp;_nc_sid=18de74&amp;efg=eyJlZmdfdGFnIjoiRkVFRC5iZXN0X2ltYWdlX3VybGdlbi5DMyJ9&amp;_nc_ohc=EnK48LfYcaYQ7kNvwFu1mDt&amp;_nc_oc=AdpTtgj96p_IpKuJVMylg200XLmyro0VIPDS772Zp9zLk1JZ01sYymItxxWOENIPBMg&amp;_nc_zt=23&amp;_nc_ht=scontent-cdg6-1.cdninstagram.com&amp;edm=ANo9K5cEAAAA&amp;_nc_gid=b0-e-9rSPtLd47nM1JRNxw&amp;_nc_tpa=Q5bMBQFMUMF_lucuL9gpoTGQyWOLFWweVxdGCDbEP1aKDPuB9tmO4x-cXwxb68HLc_4KGaK5SxAVqitQdA&amp;oh=00_Af1LvehlH8qk4e6qWPIEaEKAeU-a0a39C4ahOguKBwxUKw&amp;oe=69F39AF7&quot;,&quot;640&quot;:&quot;https:\\\/\\\/scontent-cdg6-1.cdninstagram.com\\\/v\\\/t51.75761-15\\\/503065935_17925096192073862_4797884827687065754_n.jpg?stp=dst-jpg_e35_tt6&amp;_nc_cat=103&amp;ccb=7-5&amp;_nc_sid=18de74&amp;efg=eyJlZmdfdGFnIjoiRkVFRC5iZXN0X2ltYWdlX3VybGdlbi5DMyJ9&amp;_nc_ohc=EnK48LfYcaYQ7kNvwFu1mDt&amp;_nc_oc=AdpTtgj96p_IpKuJVMylg200XLmyro0VIPDS772Zp9zLk1JZ01sYymItxxWOENIPBMg&amp;_nc_zt=23&amp;_nc_ht=scontent-cdg6-1.cdninstagram.com&amp;edm=ANo9K5cEAAAA&amp;_nc_gid=b0-e-9rSPtLd47nM1JRNxw&amp;_nc_tpa=Q5bMBQFMUMF_lucuL9gpoTGQyWOLFWweVxdGCDbEP1aKDPuB9tmO4x-cXwxb68HLc_4KGaK5SxAVqitQdA&amp;oh=00_Af1LvehlH8qk4e6qWPIEaEKAeU-a0a39C4ahOguKBwxUKw&amp;oe=69F39AF7&quot;}\">\n\t\t\t<span class=\"sbi-screenreader\">\ud83c\udfb6 Quizz \u00ab\u00a0Classic is Back\u00a0\u00bb PARTIE 2 #10 \ud83c\udfb6\nPour fi<\/span>\n\t\t\t\t\t\t\t\t\t<img decoding=\"async\" src=\"https:\/\/emfv-claix.fr\/wp-content\/plugins\/instagram-feed\/img\/placeholder.png\" alt=\"\ud83c\udfb6 Quizz \u00ab\u00a0Classic is Back\u00a0\u00bb PARTIE 2 #10 \ud83c\udfb6\nPour finir cette s\u00e9rie, on commence par se rem\u00e9morer le c\u00e9l\u00e8bre canon de Pachebel (1680) avant de le red\u00e9couvrir dans plusieurs versions contemporaines, dont \u00ab\u00a0Spicks and Specks\u00a0\u00bb des Bee Gees (1966), \u00ab\u00a0 Rain and Tears\u00a0\u00bb des Aphrodite\u2019s Child (1968), ou encore \u00ab\u00a0Go West\u00a0\u00bb des Village People (1979). Apr\u00e8s 300 ans d\u2019existence, ce monument de la musique de chambre n\u2019a pas pris une ride !\" aria-hidden=\"true\">\n\t\t<\/a>\n\t<\/div>\n<\/div><div class=\"sbi_item sbi_type_image sbi_new sbi_transition\"\n\tid=\"sbi_18069884531497792\" data-date=\"1748797869\">\n\t<div class=\"sbi_photo_wrap\">\n\t\t<a class=\"sbi_photo\" href=\"https:\/\/www.instagram.com\/p\/DKXbduyI1Fo\/\" target=\"_blank\" rel=\"noopener nofollow\"\n\t\t\tdata-full-res=\"https:\/\/scontent-cdg6-1.cdninstagram.com\/v\/t51.75761-15\/502960243_17924974728073862_2297119361692450585_n.jpg?stp=dst-jpg_e35_tt6&#038;_nc_cat=103&#038;ccb=7-5&#038;_nc_sid=18de74&#038;efg=eyJlZmdfdGFnIjoiRkVFRC5iZXN0X2ltYWdlX3VybGdlbi5DMyJ9&#038;_nc_ohc=SgZ677RtMN8Q7kNvwGYE-Ui&#038;_nc_oc=AdqmJPoNSm5usYboYVBSu7qiGzmPKnG7jQVTq54Vr6wAbQ6QoSVkodE4SwxKqTBsC2o&#038;_nc_zt=23&#038;_nc_ht=scontent-cdg6-1.cdninstagram.com&#038;edm=ANo9K5cEAAAA&#038;_nc_gid=b0-e-9rSPtLd47nM1JRNxw&#038;_nc_tpa=Q5bMBQHwlg2mC_EMrRayCbkO2M_Erhig9cVe_UHfltp38873kMbwqdxRKrSyNys-3f-yF0zfLxhIAA_bog&#038;oh=00_Af0K862j0cZyLixEesa6FjglqyeAOWCEeERrdHglk_2hcg&#038;oe=69F3B74B\"\n\t\t\tdata-img-src-set=\"{&quot;d&quot;:&quot;https:\\\/\\\/scontent-cdg6-1.cdninstagram.com\\\/v\\\/t51.75761-15\\\/502960243_17924974728073862_2297119361692450585_n.jpg?stp=dst-jpg_e35_tt6&amp;_nc_cat=103&amp;ccb=7-5&amp;_nc_sid=18de74&amp;efg=eyJlZmdfdGFnIjoiRkVFRC5iZXN0X2ltYWdlX3VybGdlbi5DMyJ9&amp;_nc_ohc=SgZ677RtMN8Q7kNvwGYE-Ui&amp;_nc_oc=AdqmJPoNSm5usYboYVBSu7qiGzmPKnG7jQVTq54Vr6wAbQ6QoSVkodE4SwxKqTBsC2o&amp;_nc_zt=23&amp;_nc_ht=scontent-cdg6-1.cdninstagram.com&amp;edm=ANo9K5cEAAAA&amp;_nc_gid=b0-e-9rSPtLd47nM1JRNxw&amp;_nc_tpa=Q5bMBQHwlg2mC_EMrRayCbkO2M_Erhig9cVe_UHfltp38873kMbwqdxRKrSyNys-3f-yF0zfLxhIAA_bog&amp;oh=00_Af0K862j0cZyLixEesa6FjglqyeAOWCEeERrdHglk_2hcg&amp;oe=69F3B74B&quot;,&quot;150&quot;:&quot;https:\\\/\\\/scontent-cdg6-1.cdninstagram.com\\\/v\\\/t51.75761-15\\\/502960243_17924974728073862_2297119361692450585_n.jpg?stp=dst-jpg_e35_tt6&amp;_nc_cat=103&amp;ccb=7-5&amp;_nc_sid=18de74&amp;efg=eyJlZmdfdGFnIjoiRkVFRC5iZXN0X2ltYWdlX3VybGdlbi5DMyJ9&amp;_nc_ohc=SgZ677RtMN8Q7kNvwGYE-Ui&amp;_nc_oc=AdqmJPoNSm5usYboYVBSu7qiGzmPKnG7jQVTq54Vr6wAbQ6QoSVkodE4SwxKqTBsC2o&amp;_nc_zt=23&amp;_nc_ht=scontent-cdg6-1.cdninstagram.com&amp;edm=ANo9K5cEAAAA&amp;_nc_gid=b0-e-9rSPtLd47nM1JRNxw&amp;_nc_tpa=Q5bMBQHwlg2mC_EMrRayCbkO2M_Erhig9cVe_UHfltp38873kMbwqdxRKrSyNys-3f-yF0zfLxhIAA_bog&amp;oh=00_Af0K862j0cZyLixEesa6FjglqyeAOWCEeERrdHglk_2hcg&amp;oe=69F3B74B&quot;,&quot;320&quot;:&quot;https:\\\/\\\/scontent-cdg6-1.cdninstagram.com\\\/v\\\/t51.75761-15\\\/502960243_17924974728073862_2297119361692450585_n.jpg?stp=dst-jpg_e35_tt6&amp;_nc_cat=103&amp;ccb=7-5&amp;_nc_sid=18de74&amp;efg=eyJlZmdfdGFnIjoiRkVFRC5iZXN0X2ltYWdlX3VybGdlbi5DMyJ9&amp;_nc_ohc=SgZ677RtMN8Q7kNvwGYE-Ui&amp;_nc_oc=AdqmJPoNSm5usYboYVBSu7qiGzmPKnG7jQVTq54Vr6wAbQ6QoSVkodE4SwxKqTBsC2o&amp;_nc_zt=23&amp;_nc_ht=scontent-cdg6-1.cdninstagram.com&amp;edm=ANo9K5cEAAAA&amp;_nc_gid=b0-e-9rSPtLd47nM1JRNxw&amp;_nc_tpa=Q5bMBQHwlg2mC_EMrRayCbkO2M_Erhig9cVe_UHfltp38873kMbwqdxRKrSyNys-3f-yF0zfLxhIAA_bog&amp;oh=00_Af0K862j0cZyLixEesa6FjglqyeAOWCEeERrdHglk_2hcg&amp;oe=69F3B74B&quot;,&quot;640&quot;:&quot;https:\\\/\\\/scontent-cdg6-1.cdninstagram.com\\\/v\\\/t51.75761-15\\\/502960243_17924974728073862_2297119361692450585_n.jpg?stp=dst-jpg_e35_tt6&amp;_nc_cat=103&amp;ccb=7-5&amp;_nc_sid=18de74&amp;efg=eyJlZmdfdGFnIjoiRkVFRC5iZXN0X2ltYWdlX3VybGdlbi5DMyJ9&amp;_nc_ohc=SgZ677RtMN8Q7kNvwGYE-Ui&amp;_nc_oc=AdqmJPoNSm5usYboYVBSu7qiGzmPKnG7jQVTq54Vr6wAbQ6QoSVkodE4SwxKqTBsC2o&amp;_nc_zt=23&amp;_nc_ht=scontent-cdg6-1.cdninstagram.com&amp;edm=ANo9K5cEAAAA&amp;_nc_gid=b0-e-9rSPtLd47nM1JRNxw&amp;_nc_tpa=Q5bMBQHwlg2mC_EMrRayCbkO2M_Erhig9cVe_UHfltp38873kMbwqdxRKrSyNys-3f-yF0zfLxhIAA_bog&amp;oh=00_Af0K862j0cZyLixEesa6FjglqyeAOWCEeERrdHglk_2hcg&amp;oe=69F3B74B&quot;}\">\n\t\t\t<span class=\"sbi-screenreader\">\ud83c\udfb6 Quizz \u00ab\u00a0Classic is Back\u00a0\u00bb PARTIE 2 #9 \ud83c\udfb6\nON vous <\/span>\n\t\t\t\t\t\t\t\t\t<img decoding=\"async\" src=\"https:\/\/emfv-claix.fr\/wp-content\/plugins\/instagram-feed\/img\/placeholder.png\" alt=\"\ud83c\udfb6 Quizz \u00ab\u00a0Classic is Back\u00a0\u00bb PARTIE 2 #9 \ud83c\udfb6\nON vous emm\u00e8ne d\u00e9couvrir les accords de la Folia (ou Folies d\u2019Espagne), danse d\u2019origine portugaise du 15\u00e8me si\u00e8cle qui se r\u00e9pandit en Italie puis en France. La suite d\u2019accords a \u00e9t\u00e9 reprise par de nombreux compositeurs (Lully, Scarlatti, Vivaldi, Liszt...) avant de devenir la base du tube de Britney Spears \u00ab\u00a0Oops!... I Did It Again\u00a0\u00bb en l\u2019an 2000.\" aria-hidden=\"true\">\n\t\t<\/a>\n\t<\/div>\n<\/div><div class=\"sbi_item sbi_type_image sbi_new sbi_transition\"\n\tid=\"sbi_18034730501358087\" data-date=\"1748707906\">\n\t<div class=\"sbi_photo_wrap\">\n\t\t<a class=\"sbi_photo\" href=\"https:\/\/www.instagram.com\/p\/DKUv35-Il4v\/\" target=\"_blank\" rel=\"noopener nofollow\"\n\t\t\tdata-full-res=\"https:\/\/scontent-cdg6-1.cdninstagram.com\/v\/t51.75761-15\/503031035_17924846976073862_1027291532642835031_n.jpg?stp=dst-jpg_e35_tt6&#038;_nc_cat=106&#038;ccb=7-5&#038;_nc_sid=18de74&#038;efg=eyJlZmdfdGFnIjoiRkVFRC5iZXN0X2ltYWdlX3VybGdlbi5DMyJ9&#038;_nc_ohc=YoS1rzRyl2cQ7kNvwFsc1bk&#038;_nc_oc=AdrzfF8Q2e8wAoXhOW5yzrfQKkGixwcj4ghIWhJPyzUZJmgPsjBqsxnudvmkU9xwk1A&#038;_nc_zt=23&#038;_nc_ht=scontent-cdg6-1.cdninstagram.com&#038;edm=ANo9K5cEAAAA&#038;_nc_gid=b0-e-9rSPtLd47nM1JRNxw&#038;_nc_tpa=Q5bMBQFAvZx5rlREvTKHLtjgL6ybDDy1Grmmr3QH0dd4PRRW5t5oVnugXVVFoFxSusTTj7SJfXzG8ErWmw&#038;oh=00_Af3bZGEO_mYQrfnLdGl2tRbzMYzb_Kgg5QvCMBk9nJZBmA&#038;oe=69F39804\"\n\t\t\tdata-img-src-set=\"{&quot;d&quot;:&quot;https:\\\/\\\/scontent-cdg6-1.cdninstagram.com\\\/v\\\/t51.75761-15\\\/503031035_17924846976073862_1027291532642835031_n.jpg?stp=dst-jpg_e35_tt6&amp;_nc_cat=106&amp;ccb=7-5&amp;_nc_sid=18de74&amp;efg=eyJlZmdfdGFnIjoiRkVFRC5iZXN0X2ltYWdlX3VybGdlbi5DMyJ9&amp;_nc_ohc=YoS1rzRyl2cQ7kNvwFsc1bk&amp;_nc_oc=AdrzfF8Q2e8wAoXhOW5yzrfQKkGixwcj4ghIWhJPyzUZJmgPsjBqsxnudvmkU9xwk1A&amp;_nc_zt=23&amp;_nc_ht=scontent-cdg6-1.cdninstagram.com&amp;edm=ANo9K5cEAAAA&amp;_nc_gid=b0-e-9rSPtLd47nM1JRNxw&amp;_nc_tpa=Q5bMBQFAvZx5rlREvTKHLtjgL6ybDDy1Grmmr3QH0dd4PRRW5t5oVnugXVVFoFxSusTTj7SJfXzG8ErWmw&amp;oh=00_Af3bZGEO_mYQrfnLdGl2tRbzMYzb_Kgg5QvCMBk9nJZBmA&amp;oe=69F39804&quot;,&quot;150&quot;:&quot;https:\\\/\\\/scontent-cdg6-1.cdninstagram.com\\\/v\\\/t51.75761-15\\\/503031035_17924846976073862_1027291532642835031_n.jpg?stp=dst-jpg_e35_tt6&amp;_nc_cat=106&amp;ccb=7-5&amp;_nc_sid=18de74&amp;efg=eyJlZmdfdGFnIjoiRkVFRC5iZXN0X2ltYWdlX3VybGdlbi5DMyJ9&amp;_nc_ohc=YoS1rzRyl2cQ7kNvwFsc1bk&amp;_nc_oc=AdrzfF8Q2e8wAoXhOW5yzrfQKkGixwcj4ghIWhJPyzUZJmgPsjBqsxnudvmkU9xwk1A&amp;_nc_zt=23&amp;_nc_ht=scontent-cdg6-1.cdninstagram.com&amp;edm=ANo9K5cEAAAA&amp;_nc_gid=b0-e-9rSPtLd47nM1JRNxw&amp;_nc_tpa=Q5bMBQFAvZx5rlREvTKHLtjgL6ybDDy1Grmmr3QH0dd4PRRW5t5oVnugXVVFoFxSusTTj7SJfXzG8ErWmw&amp;oh=00_Af3bZGEO_mYQrfnLdGl2tRbzMYzb_Kgg5QvCMBk9nJZBmA&amp;oe=69F39804&quot;,&quot;320&quot;:&quot;https:\\\/\\\/scontent-cdg6-1.cdninstagram.com\\\/v\\\/t51.75761-15\\\/503031035_17924846976073862_1027291532642835031_n.jpg?stp=dst-jpg_e35_tt6&amp;_nc_cat=106&amp;ccb=7-5&amp;_nc_sid=18de74&amp;efg=eyJlZmdfdGFnIjoiRkVFRC5iZXN0X2ltYWdlX3VybGdlbi5DMyJ9&amp;_nc_ohc=YoS1rzRyl2cQ7kNvwFsc1bk&amp;_nc_oc=AdrzfF8Q2e8wAoXhOW5yzrfQKkGixwcj4ghIWhJPyzUZJmgPsjBqsxnudvmkU9xwk1A&amp;_nc_zt=23&amp;_nc_ht=scontent-cdg6-1.cdninstagram.com&amp;edm=ANo9K5cEAAAA&amp;_nc_gid=b0-e-9rSPtLd47nM1JRNxw&amp;_nc_tpa=Q5bMBQFAvZx5rlREvTKHLtjgL6ybDDy1Grmmr3QH0dd4PRRW5t5oVnugXVVFoFxSusTTj7SJfXzG8ErWmw&amp;oh=00_Af3bZGEO_mYQrfnLdGl2tRbzMYzb_Kgg5QvCMBk9nJZBmA&amp;oe=69F39804&quot;,&quot;640&quot;:&quot;https:\\\/\\\/scontent-cdg6-1.cdninstagram.com\\\/v\\\/t51.75761-15\\\/503031035_17924846976073862_1027291532642835031_n.jpg?stp=dst-jpg_e35_tt6&amp;_nc_cat=106&amp;ccb=7-5&amp;_nc_sid=18de74&amp;efg=eyJlZmdfdGFnIjoiRkVFRC5iZXN0X2ltYWdlX3VybGdlbi5DMyJ9&amp;_nc_ohc=YoS1rzRyl2cQ7kNvwFsc1bk&amp;_nc_oc=AdrzfF8Q2e8wAoXhOW5yzrfQKkGixwcj4ghIWhJPyzUZJmgPsjBqsxnudvmkU9xwk1A&amp;_nc_zt=23&amp;_nc_ht=scontent-cdg6-1.cdninstagram.com&amp;edm=ANo9K5cEAAAA&amp;_nc_gid=b0-e-9rSPtLd47nM1JRNxw&amp;_nc_tpa=Q5bMBQFAvZx5rlREvTKHLtjgL6ybDDy1Grmmr3QH0dd4PRRW5t5oVnugXVVFoFxSusTTj7SJfXzG8ErWmw&amp;oh=00_Af3bZGEO_mYQrfnLdGl2tRbzMYzb_Kgg5QvCMBk9nJZBmA&amp;oe=69F39804&quot;}\">\n\t\t\t<span class=\"sbi-screenreader\">\ud83c\udfb6 Quizz \u00ab\u00a0Classic is Back\u00a0\u00bb PARTIE 2 #8 \ud83c\udfb6\nRobert G<\/span>\n\t\t\t\t\t\t\t\t\t<img decoding=\"async\" src=\"https:\/\/emfv-claix.fr\/wp-content\/plugins\/instagram-feed\/img\/placeholder.png\" alt=\"\ud83c\udfb6 Quizz \u00ab\u00a0Classic is Back\u00a0\u00bb PARTIE 2 #8 \ud83c\udfb6\nRobert Gall a \u00e9crit \u00ab\u00a0J\u2019entends cette musique\u00a0\u00bb pour sa fille France Gall \u00e0 ses d\u00e9buts. La chanson est mise en musique par Jacques Datin, d\u2019apr\u00e8s la m\u00e9lodie de l\u2019Adagio d\u2019Albinoni. Cette \u0153uvre, bien que baptis\u00e9e du nom d\u2019Albinoni (1671-1751), a en fait \u00e9t\u00e9 compos\u00e9 en 1958 par Remo Giazotto \u00e0 partir de fragments d\u2019une sonate perdue du compositeur baroque.\" aria-hidden=\"true\">\n\t\t<\/a>\n\t<\/div>\n<\/div>\t<\/div>\n\n\t<div id=\"sbi_load\" >\n\n\t\t\t<button class=\"sbi_load_btn\"\n\t\t\ttype=\"button\" >\n\t\t\t<span class=\"sbi_btn_text\" >Charger plus<\/span>\n\t\t\t<span class=\"sbi_loader sbi_hidden\" style=\"background-color: rgb(255, 255, 255);\" aria-hidden=\"true\"><\/span>\n\t\t<\/button>\n\t\n\t\t\t<span class=\"sbi_follow_btn sbi_custom\" >\n\t\t\t<a target=\"_blank\"\n\t\t\t\trel=\"nofollow noopener\"  href=\"https:\/\/www.instagram.com\/espacemusicalfernandveyret\/\" style=\"background: rgb(64,139,209);\">\n\t\t\t\t<svg class=\"svg-inline--fa fa-instagram fa-w-14\" aria-hidden=\"true\" data-fa-processed=\"\" aria-label=\"Instagram\" data-prefix=\"fab\" data-icon=\"instagram\" role=\"img\" viewBox=\"0 0 448 512\">\n                    <path fill=\"currentColor\" d=\"M224.1 141c-63.6 0-114.9 51.3-114.9 114.9s51.3 114.9 114.9 114.9S339 319.5 339 255.9 287.7 141 224.1 141zm0 189.6c-41.1 0-74.7-33.5-74.7-74.7s33.5-74.7 74.7-74.7 74.7 33.5 74.7 74.7-33.6 74.7-74.7 74.7zm146.4-194.3c0 14.9-12 26.8-26.8 26.8-14.9 0-26.8-12-26.8-26.8s12-26.8 26.8-26.8 26.8 12 26.8 26.8zm76.1 27.2c-1.7-35.9-9.9-67.7-36.2-93.9-26.2-26.2-58-34.4-93.9-36.2-37-2.1-147.9-2.1-184.9 0-35.8 1.7-67.6 9.9-93.9 36.1s-34.4 58-36.2 93.9c-2.1 37-2.1 147.9 0 184.9 1.7 35.9 9.9 67.7 36.2 93.9s58 34.4 93.9 36.2c37 2.1 147.9 2.1 184.9 0 35.9-1.7 67.7-9.9 93.9-36.2 26.2-26.2 34.4-58 36.2-93.9 2.1-37 2.1-147.8 0-184.8zM398.8 388c-7.8 19.6-22.9 34.7-42.6 42.6-29.5 11.7-99.5 9-132.1 9s-102.7 2.6-132.1-9c-19.6-7.8-34.7-22.9-42.6-42.6-11.7-29.5-9-99.5-9-132.1s-2.6-102.7 9-132.1c7.8-19.6 22.9-34.7 42.6-42.6 29.5-11.7 99.5-9 132.1-9s102.7-2.6 132.1 9c19.6 7.8 34.7 22.9 42.6 42.6 11.7 29.5 9 99.5 9 132.1s2.7 102.7-9 132.1z\"><\/path>\n                <\/svg>\t\t\t\t<span>Suivre sur Instagram<\/span>\n\t\t\t<\/a>\n\t\t<\/span>\n\t\n<\/div>\n\t\t<span class=\"sbi_resized_image_data\" data-feed-id=\"*1\"\n\t\t  data-resized=\"{&quot;18034730501358087&quot;:{&quot;id&quot;:&quot;503031035_17924846976073862_1027291532642835031_n&quot;,&quot;ratio&quot;:&quot;0.80&quot;,&quot;sizes&quot;:{&quot;full&quot;:640,&quot;low&quot;:320,&quot;thumb&quot;:150},&quot;extension&quot;:&quot;.webp&quot;},&quot;18069884531497792&quot;:{&quot;id&quot;:&quot;502960243_17924974728073862_2297119361692450585_n&quot;,&quot;ratio&quot;:&quot;0.80&quot;,&quot;sizes&quot;:{&quot;full&quot;:640,&quot;low&quot;:320,&quot;thumb&quot;:150},&quot;extension&quot;:&quot;.webp&quot;},&quot;18081425488812599&quot;:{&quot;id&quot;:&quot;503065935_17925096192073862_4797884827687065754_n&quot;,&quot;ratio&quot;:&quot;0.80&quot;,&quot;sizes&quot;:{&quot;full&quot;:640,&quot;low&quot;:320,&quot;thumb&quot;:150},&quot;extension&quot;:&quot;.webp&quot;},&quot;17988329036688664&quot;:{&quot;id&quot;:&quot;519669890_17930004168073862_354440980388795250_n&quot;,&quot;ratio&quot;:&quot;1.50&quot;,&quot;sizes&quot;:{&quot;full&quot;:640,&quot;low&quot;:320,&quot;thumb&quot;:150},&quot;extension&quot;:&quot;.webp&quot;},&quot;17888540559384989&quot;:{&quot;id&quot;:&quot;581223070_17943583842073862_135630194656638961_n&quot;,&quot;ratio&quot;:&quot;1.00&quot;,&quot;sizes&quot;:{&quot;full&quot;:640,&quot;low&quot;:320,&quot;thumb&quot;:150},&quot;extension&quot;:&quot;.webp&quot;},&quot;18028549820750192&quot;:{&quot;id&quot;:&quot;584092216_17944156035073862_7933616209979302001_n&quot;,&quot;ratio&quot;:&quot;0.56&quot;,&quot;sizes&quot;:{&quot;full&quot;:640,&quot;low&quot;:320,&quot;thumb&quot;:150},&quot;extension&quot;:&quot;.webp&quot;},&quot;18084374816047161&quot;:{&quot;id&quot;:&quot;586869579_823294287186190_3029375310090327876_n&quot;,&quot;ratio&quot;:&quot;0.56&quot;,&quot;sizes&quot;:{&quot;full&quot;:640,&quot;low&quot;:320,&quot;thumb&quot;:150},&quot;extension&quot;:&quot;.webp&quot;},&quot;17853883062547888&quot;:{&quot;id&quot;:&quot;601775972_17946983946073862_4879666269862821241_n&quot;,&quot;ratio&quot;:&quot;0.80&quot;,&quot;sizes&quot;:{&quot;full&quot;:640,&quot;low&quot;:320,&quot;thumb&quot;:150},&quot;extension&quot;:&quot;.webp&quot;},&quot;17857810986591375&quot;:{&quot;id&quot;:&quot;612114599_17949170067073862_919499325953955733_n&quot;,&quot;ratio&quot;:&quot;1.50&quot;,&quot;sizes&quot;:{&quot;full&quot;:640,&quot;low&quot;:320,&quot;thumb&quot;:150},&quot;extension&quot;:&quot;.webp&quot;},&quot;18147818572485791&quot;:{&quot;id&quot;:&quot;670482528_17962099788073862_7059034548228758288_n&quot;,&quot;ratio&quot;:&quot;1.00&quot;,&quot;sizes&quot;:{&quot;full&quot;:640,&quot;low&quot;:320,&quot;thumb&quot;:150},&quot;extension&quot;:&quot;.webp&quot;}}\">\n\t<\/span>\n\t<\/div>\n\n<\/div><\/div>\n\n<\/div><\/div><\/div><\/div>\n\n<\/div><\/div>\n\n<style>.wp-block-kadence-spacer.kt-block-spacer-1851_e8103d-52 .kt-block-spacer{height:60px;}.wp-block-kadence-spacer.kt-block-spacer-1851_e8103d-52 .kt-divider{border-top-width:1px;height:1px;border-top-color:#eee;width:80%;border-top-style:solid;}<\/style>\n<div class=\"wp-block-kadence-spacer aligncenter kt-block-spacer-1851_e8103d-52\"><div class=\"kt-block-spacer kt-block-spacer-halign-center\"><hr class=\"kt-divider\"\/><\/div><\/div>\n\n\n\n<h6 class=\"wp-block-heading\">Tous les Articles de l&rsquo;EMFV et les Archives<\/h6>\n\n\n\n<div class=\"wp-block-cover wp-duotone-unset-1\"><span aria-hidden=\"true\" class=\"wp-block-cover__background has-background-dim\"><\/span><img loading=\"lazy\" decoding=\"async\" width=\"960\" height=\"540\" class=\"wp-block-cover__image-background wp-image-2533\" alt=\"\" src=\"https:\/\/emfv-claix.fr\/wp-content\/uploads\/2024\/02\/Nelle-heure.jpg\" data-object-fit=\"cover\" srcset=\"https:\/\/emfv-claix.fr\/wp-content\/uploads\/2024\/02\/Nelle-heure.jpg 960w, https:\/\/emfv-claix.fr\/wp-content\/uploads\/2024\/02\/Nelle-heure-300x169.jpg 300w, https:\/\/emfv-claix.fr\/wp-content\/uploads\/2024\/02\/Nelle-heure-768x432.jpg 768w\" sizes=\"auto, (max-width: 960px) 100vw, 960px\" \/><div class=\"wp-block-cover__inner-container is-layout-flow wp-block-cover-is-layout-flow\"><style>.wp-block-kadence-advancedheading.kt-adv-heading1851_5f0996-7e, .wp-block-kadence-advancedheading.kt-adv-heading1851_5f0996-7e[data-kb-block=\"kb-adv-heading1851_5f0996-7e\"]{text-align:left;font-style:normal;}.wp-block-kadence-advancedheading.kt-adv-heading1851_5f0996-7e mark.kt-highlight, .wp-block-kadence-advancedheading.kt-adv-heading1851_5f0996-7e[data-kb-block=\"kb-adv-heading1851_5f0996-7e\"] mark.kt-highlight{font-style:normal;color:#f76a0c;-webkit-box-decoration-break:clone;box-decoration-break:clone;padding-top:0px;padding-right:0px;padding-bottom:0px;padding-left:0px;}<\/style>\n<h6 class=\"kt-adv-heading1851_5f0996-7e wp-block-kadence-advancedheading\" data-kb-block=\"kb-adv-heading1851_5f0996-7e\"><a href=\"https:\/\/emfv-claix.fr\/index.php\/toutes-les-actualites\/\">Cliquez ici<\/a><\/h6>\n<\/div><\/div>\n\n\n<style>.wp-block-kadence-spacer.kt-block-spacer-1851_892a13-35 .kt-block-spacer{height:60px;}.wp-block-kadence-spacer.kt-block-spacer-1851_892a13-35 .kt-divider{border-top-width:1px;height:1px;border-top-color:#eee;width:80%;border-top-style:solid;}<\/style>\n<div class=\"wp-block-kadence-spacer aligncenter kt-block-spacer-1851_892a13-35\"><div class=\"kt-block-spacer kt-block-spacer-halign-center\"><hr class=\"kt-divider\"\/><\/div><\/div>\n\n\n\n<h1 class=\"wp-block-heading\">Histoire de l&rsquo;EMFV<\/h1>\n\n\n<style>.kb-posts-id-1851_f87824-24 .loop-entry{background:transparent;box-shadow:none;}.kb-posts-id-1851_f87824-24 .loop-entry > .entry-content-wrap{padding:0px;}.kb-posts-id-1851_f87824-24 .loop-entry .post-thumbnail{margin-bottom:1em;}.kb-posts-id-1851_f87824-24 .kb-post-list-item{display:grid;}<\/style><ul class=\"wp-block-kadence-posts kb-posts kadence-posts-list kb-posts-id-1851_f87824-24 content-wrap grid-cols kb-posts-style-unboxed grid-sm-col-2 grid-lg-col-3 item-image-style-above\"><li class=\"kb-post-list-item\">\n\t<article class=\"entry content-bg loop-entry post-2055 post type-post status-publish format-standard has-post-thumbnail hentry category-histoire-de-lemfv\">\n\t\t\t\t<a aria-hidden=\"true\" tabindex=\"-1\" role=\"presentation\" class=\"post-thumbnail kadence-thumbnail-ratio-9-16\" href=\"https:\/\/emfv-claix.fr\/index.php\/2023\/12\/28\/a-propos-de-fernand-veyret\/\" aria-label=\"A propos de Fernand Veyret&#8230;\">\n\t\t\t<div class=\"post-thumbnail-inner\">\n\t\t\t\t<img loading=\"lazy\" decoding=\"async\" width=\"768\" height=\"433\" src=\"https:\/\/emfv-claix.fr\/wp-content\/uploads\/2023\/12\/La-scaled-e1703778046120-768x433.jpg\" class=\"attachment-medium_large size-medium_large wp-post-image\" alt=\"A propos de Fernand Veyret&#8230;\" srcset=\"https:\/\/emfv-claix.fr\/wp-content\/uploads\/2023\/12\/La-scaled-e1703778046120-768x433.jpg 768w, https:\/\/emfv-claix.fr\/wp-content\/uploads\/2023\/12\/La-scaled-e1703778046120-300x169.jpg 300w, https:\/\/emfv-claix.fr\/wp-content\/uploads\/2023\/12\/La-scaled-e1703778046120-1024x578.jpg 1024w, https:\/\/emfv-claix.fr\/wp-content\/uploads\/2023\/12\/La-scaled-e1703778046120-1536x866.jpg 1536w, https:\/\/emfv-claix.fr\/wp-content\/uploads\/2023\/12\/La-scaled-e1703778046120.jpg 1693w\" sizes=\"auto, (max-width: 768px) 100vw, 768px\" \/>\t\t\t<\/div>\n\t\t<\/a><!-- .post-thumbnail -->\n\t\t\t\t<div class=\"entry-content-wrap\">\n\t\t\t<header class=\"entry-header\">\n\t\t<div class=\"entry-taxonomies\">\n\t\t<span class=\"category-links term-links category-style-normal\">\n\t\t\t<a href=\"https:\/\/emfv-claix.fr\/index.php\/category\/histoire-de-lemfv\/\" class=\"category-link-histoire-de-lemfv\" rel=\"tag\">Histoire de l&#039;EMFV<\/a>\t\t<\/span>\n\t<\/div><!-- .entry-taxonomies -->\n\t<h2 class=\"entry-title\"><a href=\"https:\/\/emfv-claix.fr\/index.php\/2023\/12\/28\/a-propos-de-fernand-veyret\/\" rel=\"bookmark\">A propos de Fernand Veyret&#8230;<\/a><\/h2>\t<div class=\"entry-meta entry-meta-divider-dot\">\n\t\t\t\t<span class=\"posted-on\">\n\t\t\t\t<time class=\"entry-date published\" datetime=\"2023-12-28T16:38:37+01:00\">28 d\u00e9cembre 2023<\/time><time class=\"updated\" datetime=\"2023-12-28T17:07:52+01:00\">28 d\u00e9cembre 2023<\/time>\t\t\t<\/span>\n\t\t\t\t<\/div><!-- .entry-meta -->\n\t<\/header><!-- .entry-header -->\n\t<div class=\"entry-summary\">\n\t\t<p>Il a \u00e9t\u00e9 le dernier pr\u00e9sident et ex\u00e9cutant ayant connu les glorieux fondateurs du 19\u00e8me&nbsp;si\u00e8cle. Ce fils de mar\u00e9chal-ferrand n\u00e9 le 6 mars 1900, suivant les traces de son p\u00e8re, entra dans les rangs de la Fanfare en 1915 \u00e0 l\u2019\u00e2ge de 15 ans et joua du bugle pendant 70 ans toujours avec la m\u00eame&#8230;<\/p>\n\t<\/div><!-- .entry-summary -->\n\t<footer class=\"entry-footer\">\n\t\t\t<div class=\"entry-actions\">\n\t\t\t<p class=\"more-link-wrap\">\n\t\t\t\t<a href=\"https:\/\/emfv-claix.fr\/index.php\/2023\/12\/28\/a-propos-de-fernand-veyret\/\" class=\"post-more-link\">\n\t\t\t\t\t(&#8230;)<span class=\"screen-reader-text\"> A propos de Fernand Veyret&#8230;<\/span><span class=\"kadence-svg-iconset svg-baseline\"><svg aria-hidden=\"true\" class=\"kadence-svg-icon kadence-arrow-right-alt-svg\" fill=\"currentColor\" version=\"1.1\" xmlns=\"http:\/\/www.w3.org\/2000\/svg\" width=\"27\" height=\"28\" viewBox=\"0 0 27 28\"><title>Continuer<\/title><path d=\"M27 13.953c0 0.141-0.063 0.281-0.156 0.375l-6 5.531c-0.156 0.141-0.359 0.172-0.547 0.094-0.172-0.078-0.297-0.25-0.297-0.453v-3.5h-19.5c-0.281 0-0.5-0.219-0.5-0.5v-3c0-0.281 0.219-0.5 0.5-0.5h19.5v-3.5c0-0.203 0.109-0.375 0.297-0.453s0.391-0.047 0.547 0.078l6 5.469c0.094 0.094 0.156 0.219 0.156 0.359v0z\"><\/path>\n\t\t\t<\/svg><\/span>\t\t\t\t<\/a>\n\t\t\t<\/p>\n\t\t<\/div><!-- .entry-actions -->\n\t\t<\/footer><!-- .entry-footer -->\t\t<\/div>\n\t<\/article>\n<\/li>\n<li class=\"kb-post-list-item\">\n\t<article class=\"entry content-bg loop-entry post-2052 post type-post status-publish format-standard has-post-thumbnail hentry category-histoire-de-lemfv\">\n\t\t\t\t<a aria-hidden=\"true\" tabindex=\"-1\" role=\"presentation\" class=\"post-thumbnail kadence-thumbnail-ratio-9-16\" href=\"https:\/\/emfv-claix.fr\/index.php\/2023\/12\/28\/encore-un-peu-plus-dhistoire-la-fanfare-des-vignerons-de-claix\/\" aria-label=\"Encore un peu plus d&rsquo;histoire&#8230; la Fanfare des Vignerons de Claix\">\n\t\t\t<div class=\"post-thumbnail-inner\">\n\t\t\t\t<img loading=\"lazy\" decoding=\"async\" width=\"768\" height=\"567\" src=\"https:\/\/emfv-claix.fr\/wp-content\/uploads\/2023\/12\/L-768x567.jpg\" class=\"attachment-medium_large size-medium_large wp-post-image\" alt=\"Encore un peu plus d&rsquo;histoire&#8230; la Fanfare des Vignerons de Claix\" srcset=\"https:\/\/emfv-claix.fr\/wp-content\/uploads\/2023\/12\/L-768x567.jpg 768w, https:\/\/emfv-claix.fr\/wp-content\/uploads\/2023\/12\/L-300x222.jpg 300w, https:\/\/emfv-claix.fr\/wp-content\/uploads\/2023\/12\/L-1024x756.jpg 1024w, https:\/\/emfv-claix.fr\/wp-content\/uploads\/2023\/12\/L-1536x1134.jpg 1536w, https:\/\/emfv-claix.fr\/wp-content\/uploads\/2023\/12\/L-2048x1512.jpg 2048w\" sizes=\"auto, (max-width: 768px) 100vw, 768px\" \/>\t\t\t<\/div>\n\t\t<\/a><!-- .post-thumbnail -->\n\t\t\t\t<div class=\"entry-content-wrap\">\n\t\t\t<header class=\"entry-header\">\n\t\t<div class=\"entry-taxonomies\">\n\t\t<span class=\"category-links term-links category-style-normal\">\n\t\t\t<a href=\"https:\/\/emfv-claix.fr\/index.php\/category\/histoire-de-lemfv\/\" class=\"category-link-histoire-de-lemfv\" rel=\"tag\">Histoire de l&#039;EMFV<\/a>\t\t<\/span>\n\t<\/div><!-- .entry-taxonomies -->\n\t<h2 class=\"entry-title\"><a href=\"https:\/\/emfv-claix.fr\/index.php\/2023\/12\/28\/encore-un-peu-plus-dhistoire-la-fanfare-des-vignerons-de-claix\/\" rel=\"bookmark\">Encore un peu plus d&rsquo;histoire&#8230; la Fanfare des Vignerons de Claix<\/a><\/h2>\t<div class=\"entry-meta entry-meta-divider-dot\">\n\t\t\t\t<span class=\"posted-on\">\n\t\t\t\t<time class=\"entry-date published\" datetime=\"2023-12-28T16:25:07+01:00\">28 d\u00e9cembre 2023<\/time><time class=\"updated\" datetime=\"2023-12-28T17:08:44+01:00\">28 d\u00e9cembre 2023<\/time>\t\t\t<\/span>\n\t\t\t\t<\/div><!-- .entry-meta -->\n\t<\/header><!-- .entry-header -->\n\t<div class=\"entry-summary\">\n\t\t<p>C\u2019est en 1869, sous Napoleon III, que la \u00ab&nbsp;Fanfare des Vignerons de Claix&nbsp;\u00bb compos\u00e9e d\u2019une quinzaine de musiciens&nbsp; fit r\u00e9sonner ses premi\u00e8res notes sous la direction de Joseph Perpignan son premier chef. Dans cette petite bourgade de la r\u00e9gion Grenobloise qu\u2019\u00e9tait Claix \u00e0 l\u2019\u00e9poque (environ 1300 habitants), la majorit\u00e9 des habitants \u00e9taient agriculteurs et surtout&#8230;<\/p>\n\t<\/div><!-- .entry-summary -->\n\t<footer class=\"entry-footer\">\n\t\t\t<div class=\"entry-actions\">\n\t\t\t<p class=\"more-link-wrap\">\n\t\t\t\t<a href=\"https:\/\/emfv-claix.fr\/index.php\/2023\/12\/28\/encore-un-peu-plus-dhistoire-la-fanfare-des-vignerons-de-claix\/\" class=\"post-more-link\">\n\t\t\t\t\t(&#8230;)<span class=\"screen-reader-text\"> Encore un peu plus d&rsquo;histoire&#8230; la Fanfare des Vignerons de Claix<\/span><span class=\"kadence-svg-iconset svg-baseline\"><svg aria-hidden=\"true\" class=\"kadence-svg-icon kadence-arrow-right-alt-svg\" fill=\"currentColor\" version=\"1.1\" xmlns=\"http:\/\/www.w3.org\/2000\/svg\" width=\"27\" height=\"28\" viewBox=\"0 0 27 28\"><title>Continuer<\/title><path d=\"M27 13.953c0 0.141-0.063 0.281-0.156 0.375l-6 5.531c-0.156 0.141-0.359 0.172-0.547 0.094-0.172-0.078-0.297-0.25-0.297-0.453v-3.5h-19.5c-0.281 0-0.5-0.219-0.5-0.5v-3c0-0.281 0.219-0.5 0.5-0.5h19.5v-3.5c0-0.203 0.109-0.375 0.297-0.453s0.391-0.047 0.547 0.078l6 5.469c0.094 0.094 0.156 0.219 0.156 0.359v0z\"><\/path>\n\t\t\t<\/svg><\/span>\t\t\t\t<\/a>\n\t\t\t<\/p>\n\t\t<\/div><!-- .entry-actions -->\n\t\t<\/footer><!-- .entry-footer -->\t\t<\/div>\n\t<\/article>\n<\/li>\n<li class=\"kb-post-list-item\">\n\t<article class=\"entry content-bg loop-entry post-2045 post type-post status-publish format-standard has-post-thumbnail hentry category-histoire-de-lemfv\">\n\t\t\t\t<a aria-hidden=\"true\" tabindex=\"-1\" role=\"presentation\" class=\"post-thumbnail kadence-thumbnail-ratio-9-16\" href=\"https:\/\/emfv-claix.fr\/index.php\/2023\/12\/28\/histoire-de-lemfv\/\" aria-label=\"Histoire de l&rsquo;EMFV\">\n\t\t\t<div class=\"post-thumbnail-inner\">\n\t\t\t\t<img loading=\"lazy\" decoding=\"async\" width=\"768\" height=\"283\" src=\"https:\/\/emfv-claix.fr\/wp-content\/uploads\/2023\/12\/DSC_0035b-768x283.jpg\" class=\"attachment-medium_large size-medium_large wp-post-image\" alt=\"Histoire de l&rsquo;EMFV\" srcset=\"https:\/\/emfv-claix.fr\/wp-content\/uploads\/2023\/12\/DSC_0035b-768x283.jpg 768w, https:\/\/emfv-claix.fr\/wp-content\/uploads\/2023\/12\/DSC_0035b-300x111.jpg 300w, https:\/\/emfv-claix.fr\/wp-content\/uploads\/2023\/12\/DSC_0035b-1024x378.jpg 1024w, https:\/\/emfv-claix.fr\/wp-content\/uploads\/2023\/12\/DSC_0035b-1536x567.jpg 1536w, https:\/\/emfv-claix.fr\/wp-content\/uploads\/2023\/12\/DSC_0035b-2048x756.jpg 2048w\" sizes=\"auto, (max-width: 768px) 100vw, 768px\" \/>\t\t\t<\/div>\n\t\t<\/a><!-- .post-thumbnail -->\n\t\t\t\t<div class=\"entry-content-wrap\">\n\t\t\t<header class=\"entry-header\">\n\t\t<div class=\"entry-taxonomies\">\n\t\t<span class=\"category-links term-links category-style-normal\">\n\t\t\t<a href=\"https:\/\/emfv-claix.fr\/index.php\/category\/histoire-de-lemfv\/\" class=\"category-link-histoire-de-lemfv\" rel=\"tag\">Histoire de l&#039;EMFV<\/a>\t\t<\/span>\n\t<\/div><!-- .entry-taxonomies -->\n\t<h2 class=\"entry-title\"><a href=\"https:\/\/emfv-claix.fr\/index.php\/2023\/12\/28\/histoire-de-lemfv\/\" rel=\"bookmark\">Histoire de l&rsquo;EMFV<\/a><\/h2>\t<div class=\"entry-meta entry-meta-divider-dot\">\n\t\t\t\t<span class=\"posted-on\">\n\t\t\t\t<time class=\"entry-date published\" datetime=\"2023-12-28T16:04:02+01:00\">28 d\u00e9cembre 2023<\/time><time class=\"updated\" datetime=\"2024-01-09T20:14:09+01:00\">9 janvier 2024<\/time>\t\t\t<\/span>\n\t\t\t\t<\/div><!-- .entry-meta -->\n\t<\/header><!-- .entry-header -->\n\t<div class=\"entry-summary\">\n\t\t<p>C\u2019est en 1993\u00a0que l\u2019Espace Musical Fernand Veyret a vu le jour sous sa forme actuelle d\u2019\u00e9cole de musique. Association de type loi 1901, l\u2019E.M.F.V. fonctionne \u00e0 partir d\u2019un&nbsp;budget constitu\u00e9 pour les deux tiers des cotisations de ses adh\u00e9rents, et pour un tiers des subventions. Sa vocation premi\u00e8re est d\u2019apporter aux adh\u00e9rents, dans un esprit d\u2019\u00e9changes&#8230;<\/p>\n\t<\/div><!-- .entry-summary -->\n\t<footer class=\"entry-footer\">\n\t\t\t<div class=\"entry-actions\">\n\t\t\t<p class=\"more-link-wrap\">\n\t\t\t\t<a href=\"https:\/\/emfv-claix.fr\/index.php\/2023\/12\/28\/histoire-de-lemfv\/\" class=\"post-more-link\">\n\t\t\t\t\t(&#8230;)<span class=\"screen-reader-text\"> Histoire de l&rsquo;EMFV<\/span><span class=\"kadence-svg-iconset svg-baseline\"><svg aria-hidden=\"true\" class=\"kadence-svg-icon kadence-arrow-right-alt-svg\" fill=\"currentColor\" version=\"1.1\" xmlns=\"http:\/\/www.w3.org\/2000\/svg\" width=\"27\" height=\"28\" viewBox=\"0 0 27 28\"><title>Continuer<\/title><path d=\"M27 13.953c0 0.141-0.063 0.281-0.156 0.375l-6 5.531c-0.156 0.141-0.359 0.172-0.547 0.094-0.172-0.078-0.297-0.25-0.297-0.453v-3.5h-19.5c-0.281 0-0.5-0.219-0.5-0.5v-3c0-0.281 0.219-0.5 0.5-0.5h19.5v-3.5c0-0.203 0.109-0.375 0.297-0.453s0.391-0.047 0.547 0.078l6 5.469c0.094 0.094 0.156 0.219 0.156 0.359v0z\"><\/path>\n\t\t\t<\/svg><\/span>\t\t\t\t<\/a>\n\t\t\t<\/p>\n\t\t<\/div><!-- .entry-actions -->\n\t\t<\/footer><!-- .entry-footer -->\t\t<\/div>\n\t<\/article>\n<\/li>\n<\/ul>","protected":false},"excerpt":{"rendered":"<p>Articles sur la vie de l&rsquo;\u00e9cole R\u00e9seaux Sociaux : Suivez nous sur Facebook et sur Instagram ! Tous les Articles de l&rsquo;EMFV et les Archives Histoire de l&rsquo;EMFV<\/p>\n","protected":false},"author":1,"featured_media":0,"parent":0,"menu_order":0,"comment_status":"closed","ping_status":"closed","template":"","meta":{"_monsterinsights_skip_tracking":false,"_monsterinsights_sitenote_active":false,"_monsterinsights_sitenote_note":"","_monsterinsights_sitenote_category":0,"_kadence_starter_templates_imported_post":false,"_kad_post_transparent":"","_kad_post_title":"","_kad_post_layout":"","_kad_post_sidebar_id":"","_kad_post_content_style":"","_kad_post_vertical_padding":"","_kad_post_feature":"","_kad_post_feature_position":"","_kad_post_header":false,"_kad_post_footer":false,"footnotes":""},"class_list":["post-1851","page","type-page","status-publish","hentry"],"_links":{"self":[{"href":"https:\/\/emfv-claix.fr\/index.php\/wp-json\/wp\/v2\/pages\/1851","targetHints":{"allow":["GET"]}}],"collection":[{"href":"https:\/\/emfv-claix.fr\/index.php\/wp-json\/wp\/v2\/pages"}],"about":[{"href":"https:\/\/emfv-claix.fr\/index.php\/wp-json\/wp\/v2\/types\/page"}],"author":[{"embeddable":true,"href":"https:\/\/emfv-claix.fr\/index.php\/wp-json\/wp\/v2\/users\/1"}],"replies":[{"embeddable":true,"href":"https:\/\/emfv-claix.fr\/index.php\/wp-json\/wp\/v2\/comments?post=1851"}],"version-history":[{"count":23,"href":"https:\/\/emfv-claix.fr\/index.php\/wp-json\/wp\/v2\/pages\/1851\/revisions"}],"predecessor-version":[{"id":2893,"href":"https:\/\/emfv-claix.fr\/index.php\/wp-json\/wp\/v2\/pages\/1851\/revisions\/2893"}],"wp:attachment":[{"href":"https:\/\/emfv-claix.fr\/index.php\/wp-json\/wp\/v2\/media?parent=1851"}],"curies":[{"name":"wp","href":"https:\/\/api.w.org\/{rel}","templated":true}]}}